{"id":3158,"date":"2018-01-11T15:25:16","date_gmt":"2018-01-11T14:25:16","guid":{"rendered":"https:\/\/vbw.entwicklung-mediengewerk.de\/cofniecie\/"},"modified":"2025-02-27T20:06:33","modified_gmt":"2025-02-27T19:06:33","slug":"cofniecie","status":"publish","type":"page","link":"https:\/\/www.klarenthal-vbw.de\/pl\/cofniecie\/","title":{"rendered":"Cofni\u0119cie"},"content":{"rendered":"\n<h2 class=\"wp-block-heading\">Zasady anulowania (przyk\u0142ad!)<\/h2>\n\n<h3 class=\"wp-block-heading\">Prawo do anulowania<\/h3>\n\n<p>U\u017cytkownik mo\u017ce odst\u0105pi\u0107 od umowy w formie pisemnej (np. listownie, faksem, poczt\u0105 elektroniczn\u0105) w ci\u0105gu 2 tygodni bez podania przyczyny. Okres odst\u0105pienia rozpoczyna si\u0119 najwcze\u015bniej po otrzymaniu tych instrukcji. Terminowe wys\u0142anie o\u015bwiadczenia o odst\u0105pieniu od umowy jest wystarczaj\u0105ce do zachowania terminu odst\u0105pienia od umowy. Rezygnacj\u0119 nale\u017cy przes\u0142a\u0107 do biura Demohausen, M\u00fchlendorfer Weg 20, 84844 Demohausen.   <\/p>\n\n<h3 class=\"wp-block-heading\">Konsekwencje anulowania<\/h3>\n\n<p>W przypadku skutecznego odst\u0105pienia od umowy us\u0142ugi otrzymane przez obie strony musz\u0105 zosta\u0107 zwr\u00f3cone, a wszelkie uzyskane korzy\u015bci, np. odsetki, zwr\u00f3cone. Je\u015bli nie jeste\u015b w stanie zwr\u00f3ci\u0107 otrzymanej us\u0142ugi, np. materia\u0142\u00f3w dydaktycznych, w ca\u0142o\u015bci lub w cz\u0119\u015bci lub tylko w pogorszonym stanie, mo\u017cesz by\u0107 zobowi\u0105zany do zrekompensowania nam ich warto\u015bci. Nie dotyczy to sytuacji, gdy pogorszenie stanu przedmiotu wynika wy\u0142\u0105cznie z jego kontroli &#8211; co by\u0142oby mo\u017cliwe na przyk\u0142ad w sklepie. Ponadto mo\u017cesz unikn\u0105\u0107 obowi\u0105zku zap\u0142aty odszkodowania, nie u\u017cywaj\u0105c przedmiotu tak, jakby\u015b by\u0142 jego w\u0142a\u015bcicielem i powstrzymuj\u0105c si\u0119 od robienia czegokolwiek, co mog\u0142oby obni\u017cy\u0107 jego warto\u015b\u0107. Przedmioty, kt\u00f3re mo\u017cna wys\u0142a\u0107 paczk\u0105, musz\u0105 zosta\u0107 zwr\u00f3cone. Przedmioty, kt\u00f3rych nie mo\u017cna wys\u0142a\u0107 paczk\u0105 pocztow\u0105, zostan\u0105 odebrane od u\u017cytkownika.     <\/p>\n","protected":false},"excerpt":{"rendered":"<p>Zasady anulowania (przyk\u0142ad!) Prawo do anulowania U\u017cytkownik mo\u017ce odst\u0105pi\u0107 od umowy w formie pisemnej (np. listownie, faksem, poczt\u0105 elektroniczn\u0105) w ci\u0105gu 2 tygodni bez podania przyczyny. Okres odst\u0105pienia rozpoczyna si\u0119 najwcze\u015bniej po otrzymaniu tych instrukcji. Terminowe wys\u0142anie o\u015bwiadczenia o odst\u0105pieniu od umowy jest wystarczaj\u0105ce do zachowania terminu odst\u0105pienia od umowy. Rezygnacj\u0119 nale\u017cy przes\u0142a\u0107 do biura [&hellip;]<\/p>\n","protected":false},"author":2,"featured_media":0,"parent":0,"menu_order":0,"comment_status":"closed","ping_status":"closed","template":"","meta":{"_acf_changed":false,"footnotes":""},"categories":[],"tags":[],"folder":[12],"class_list":["post-3158","page","type-page","status-publish","hentry"],"acf":[],"yoast_head":"<!-- This site is optimized with the Yoast SEO plugin v27.5 - https:\/\/yoast.com\/product\/yoast-seo-wordpress\/ -->\n<title>Cofni\u0119cie - Volksbildungswerk Klarenthal e.V.<\/title>\n<meta name=\"description\" content=\"Dowiedz si\u0119 wi\u0119cej o jasnych krokach i warunkach bezproblemowego anulowania na naszej stronie anulowania.\" \/>\n<meta name=\"robots\" content=\"index, follow, max-snippet:-1, max-image-preview:large, max-video-preview:-1\" \/>\n<link rel=\"canonical\" href=\"https:\/\/www.klarenthal-vbw.de\/pl\/cofniecie\/\" \/>\n<meta property=\"og:locale\" content=\"pl_PL\" \/>\n<meta property=\"og:type\" content=\"article\" \/>\n<meta property=\"og:title\" content=\"Cofni\u0119cie - Volksbildungswerk Klarenthal e.V.\" \/>\n<meta property=\"og:description\" content=\"Dowiedz si\u0119 wi\u0119cej o jasnych krokach i warunkach bezproblemowego anulowania na naszej stronie anulowania.\" \/>\n<meta property=\"og:url\" content=\"https:\/\/www.klarenthal-vbw.de\/pl\/cofniecie\/\" \/>\n<meta property=\"og:site_name\" content=\"Volksbildungswerk Klarenthal e.V.\" \/>\n<meta property=\"article:modified_time\" content=\"2025-02-27T19:06:33+00:00\" \/>\n<meta name=\"twitter:card\" content=\"summary_large_image\" \/>\n<meta name=\"twitter:label1\" content=\"Szacowany czas czytania\" \/>\n\t<meta name=\"twitter:data1\" content=\"1 minuta\" \/>\n<script type=\"application\/ld+json\" class=\"yoast-schema-graph\">{\"@context\":\"https:\\\/\\\/schema.org\",\"@graph\":[{\"@type\":\"WebPage\",\"@id\":\"https:\\\/\\\/www.klarenthal-vbw.de\\\/pl\\\/cofniecie\\\/\",\"url\":\"https:\\\/\\\/www.klarenthal-vbw.de\\\/pl\\\/cofniecie\\\/\",\"name\":\"Cofni\u0119cie - Volksbildungswerk Klarenthal e.V.\",\"isPartOf\":{\"@id\":\"https:\\\/\\\/www.klarenthal-vbw.de\\\/pl\\\/#website\"},\"datePublished\":\"2018-01-11T14:25:16+00:00\",\"dateModified\":\"2025-02-27T19:06:33+00:00\",\"description\":\"Dowiedz si\u0119 wi\u0119cej o jasnych krokach i warunkach bezproblemowego anulowania na naszej stronie anulowania.\",\"breadcrumb\":{\"@id\":\"https:\\\/\\\/www.klarenthal-vbw.de\\\/pl\\\/cofniecie\\\/#breadcrumb\"},\"inLanguage\":\"pl-PL\",\"potentialAction\":[{\"@type\":\"ReadAction\",\"target\":[\"https:\\\/\\\/www.klarenthal-vbw.de\\\/pl\\\/cofniecie\\\/\"]}]},{\"@type\":\"BreadcrumbList\",\"@id\":\"https:\\\/\\\/www.klarenthal-vbw.de\\\/pl\\\/cofniecie\\\/#breadcrumb\",\"itemListElement\":[{\"@type\":\"ListItem\",\"position\":1,\"name\":\"Startseite\",\"item\":\"https:\\\/\\\/www.klarenthal-vbw.de\\\/pl\\\/\"},{\"@type\":\"ListItem\",\"position\":2,\"name\":\"Cofni\u0119cie\"}]},{\"@type\":\"WebSite\",\"@id\":\"https:\\\/\\\/www.klarenthal-vbw.de\\\/pl\\\/#website\",\"url\":\"https:\\\/\\\/www.klarenthal-vbw.de\\\/pl\\\/\",\"name\":\"Volksbildungswerk Klarenthal e.V.\",\"description\":\"Chancen. Bildung. Perspektiven\",\"publisher\":{\"@id\":\"https:\\\/\\\/www.klarenthal-vbw.de\\\/pl\\\/#organization\"},\"potentialAction\":[{\"@type\":\"SearchAction\",\"target\":{\"@type\":\"EntryPoint\",\"urlTemplate\":\"https:\\\/\\\/www.klarenthal-vbw.de\\\/pl\\\/?s={search_term_string}\"},\"query-input\":{\"@type\":\"PropertyValueSpecification\",\"valueRequired\":true,\"valueName\":\"search_term_string\"}}],\"inLanguage\":\"pl-PL\"},{\"@type\":\"Organization\",\"@id\":\"https:\\\/\\\/www.klarenthal-vbw.de\\\/pl\\\/#organization\",\"name\":\"Volksbildungswerk Klarenthal e.V.\",\"url\":\"https:\\\/\\\/www.klarenthal-vbw.de\\\/pl\\\/\",\"logo\":{\"@type\":\"ImageObject\",\"inLanguage\":\"pl-PL\",\"@id\":\"https:\\\/\\\/www.klarenthal-vbw.de\\\/pl\\\/#\\\/schema\\\/logo\\\/image\\\/\",\"url\":\"https:\\\/\\\/www.klarenthal-vbw.de\\\/wp-content\\\/uploads\\\/2025\\\/02\\\/logo.svg\",\"contentUrl\":\"https:\\\/\\\/www.klarenthal-vbw.de\\\/wp-content\\\/uploads\\\/2025\\\/02\\\/logo.svg\",\"caption\":\"Volksbildungswerk Klarenthal e.V.\"},\"image\":{\"@id\":\"https:\\\/\\\/www.klarenthal-vbw.de\\\/pl\\\/#\\\/schema\\\/logo\\\/image\\\/\"}}]}<\/script>\n<!-- \/ Yoast SEO plugin. -->","yoast_head_json":{"title":"Cofni\u0119cie - Volksbildungswerk Klarenthal e.V.","description":"Dowiedz si\u0119 wi\u0119cej o jasnych krokach i warunkach bezproblemowego anulowania na naszej stronie anulowania.","robots":{"index":"index","follow":"follow","max-snippet":"max-snippet:-1","max-image-preview":"max-image-preview:large","max-video-preview":"max-video-preview:-1"},"canonical":"https:\/\/www.klarenthal-vbw.de\/pl\/cofniecie\/","og_locale":"pl_PL","og_type":"article","og_title":"Cofni\u0119cie - Volksbildungswerk Klarenthal e.V.","og_description":"Dowiedz si\u0119 wi\u0119cej o jasnych krokach i warunkach bezproblemowego anulowania na naszej stronie anulowania.","og_url":"https:\/\/www.klarenthal-vbw.de\/pl\/cofniecie\/","og_site_name":"Volksbildungswerk Klarenthal e.V.","article_modified_time":"2025-02-27T19:06:33+00:00","twitter_card":"summary_large_image","twitter_misc":{"Szacowany czas czytania":"1 minuta"},"schema":{"@context":"https:\/\/schema.org","@graph":[{"@type":"WebPage","@id":"https:\/\/www.klarenthal-vbw.de\/pl\/cofniecie\/","url":"https:\/\/www.klarenthal-vbw.de\/pl\/cofniecie\/","name":"Cofni\u0119cie - Volksbildungswerk Klarenthal e.V.","isPartOf":{"@id":"https:\/\/www.klarenthal-vbw.de\/pl\/#website"},"datePublished":"2018-01-11T14:25:16+00:00","dateModified":"2025-02-27T19:06:33+00:00","description":"Dowiedz si\u0119 wi\u0119cej o jasnych krokach i warunkach bezproblemowego anulowania na naszej stronie anulowania.","breadcrumb":{"@id":"https:\/\/www.klarenthal-vbw.de\/pl\/cofniecie\/#breadcrumb"},"inLanguage":"pl-PL","potentialAction":[{"@type":"ReadAction","target":["https:\/\/www.klarenthal-vbw.de\/pl\/cofniecie\/"]}]},{"@type":"BreadcrumbList","@id":"https:\/\/www.klarenthal-vbw.de\/pl\/cofniecie\/#breadcrumb","itemListElement":[{"@type":"ListItem","position":1,"name":"Startseite","item":"https:\/\/www.klarenthal-vbw.de\/pl\/"},{"@type":"ListItem","position":2,"name":"Cofni\u0119cie"}]},{"@type":"WebSite","@id":"https:\/\/www.klarenthal-vbw.de\/pl\/#website","url":"https:\/\/www.klarenthal-vbw.de\/pl\/","name":"Volksbildungswerk Klarenthal e.V.","description":"Chancen. Bildung. Perspektiven","publisher":{"@id":"https:\/\/www.klarenthal-vbw.de\/pl\/#organization"},"potentialAction":[{"@type":"SearchAction","target":{"@type":"EntryPoint","urlTemplate":"https:\/\/www.klarenthal-vbw.de\/pl\/?s={search_term_string}"},"query-input":{"@type":"PropertyValueSpecification","valueRequired":true,"valueName":"search_term_string"}}],"inLanguage":"pl-PL"},{"@type":"Organization","@id":"https:\/\/www.klarenthal-vbw.de\/pl\/#organization","name":"Volksbildungswerk Klarenthal e.V.","url":"https:\/\/www.klarenthal-vbw.de\/pl\/","logo":{"@type":"ImageObject","inLanguage":"pl-PL","@id":"https:\/\/www.klarenthal-vbw.de\/pl\/#\/schema\/logo\/image\/","url":"https:\/\/www.klarenthal-vbw.de\/wp-content\/uploads\/2025\/02\/logo.svg","contentUrl":"https:\/\/www.klarenthal-vbw.de\/wp-content\/uploads\/2025\/02\/logo.svg","caption":"Volksbildungswerk Klarenthal e.V."},"image":{"@id":"https:\/\/www.klarenthal-vbw.de\/pl\/#\/schema\/logo\/image\/"}}]}},"_links":{"self":[{"href":"https:\/\/www.klarenthal-vbw.de\/pl\/wp-json\/wp\/v2\/pages\/3158","targetHints":{"allow":["GET"]}}],"collection":[{"href":"https:\/\/www.klarenthal-vbw.de\/pl\/wp-json\/wp\/v2\/pages"}],"about":[{"href":"https:\/\/www.klarenthal-vbw.de\/pl\/wp-json\/wp\/v2\/types\/page"}],"author":[{"embeddable":true,"href":"https:\/\/www.klarenthal-vbw.de\/pl\/wp-json\/wp\/v2\/users\/2"}],"replies":[{"embeddable":true,"href":"https:\/\/www.klarenthal-vbw.de\/pl\/wp-json\/wp\/v2\/comments?post=3158"}],"version-history":[{"count":0,"href":"https:\/\/www.klarenthal-vbw.de\/pl\/wp-json\/wp\/v2\/pages\/3158\/revisions"}],"wp:attachment":[{"href":"https:\/\/www.klarenthal-vbw.de\/pl\/wp-json\/wp\/v2\/media?parent=3158"}],"wp:term":[{"taxonomy":"category","embeddable":true,"href":"https:\/\/www.klarenthal-vbw.de\/pl\/wp-json\/wp\/v2\/categories?post=3158"},{"taxonomy":"post_tag","embeddable":true,"href":"https:\/\/www.klarenthal-vbw.de\/pl\/wp-json\/wp\/v2\/tags?post=3158"},{"taxonomy":"folder","embeddable":true,"href":"https:\/\/www.klarenthal-vbw.de\/pl\/wp-json\/wp\/v2\/folder?post=3158"}],"curies":[{"name":"wp","href":"https:\/\/api.w.org\/{rel}","templated":true}]}}