{"id":8144,"date":"2025-04-15T20:33:49","date_gmt":"2025-04-15T18:33:49","guid":{"rendered":"https:\/\/vbw.entwicklung-mediengewerk.de\/oswiadczenie-o-dostepnosci\/"},"modified":"2025-07-31T15:48:00","modified_gmt":"2025-07-31T13:48:00","slug":"oswiadczenie-o-dostepnosci","status":"publish","type":"page","link":"https:\/\/www.klarenthal-vbw.de\/pl\/oswiadczenie-o-dostepnosci\/","title":{"rendered":"O\u015bwiadczenie o dost\u0119pno\u015bci"},"content":{"rendered":"\n<h2 class=\"wp-block-heading\">O\u015bwiadczenie dotycz\u0105ce us\u0142ug<\/h2>\n\n<p>W ramach naszego o\u015bwiadczenia o dost\u0119pno\u015bci chcieliby\u015bmy przedstawi\u0107 Pa\u0144stwu przegl\u0105d stanu zgodno\u015bci opisanych poni\u017cej us\u0142ug z wymogami dost\u0119pno\u015bci wed\u0142ug przepis\u00f3w prawnych (w szczeg\u00f3lno\u015bci z Ustaw\u0105 o wzmocnieniu dost\u0119pno\u015bci \u2013 BFSG).<\/p>\n\n<h3 class=\"wp-block-heading\">Dane us\u0142ugodawcy<\/h3>\n\n<p>Volksbildungswerk Klarenthal e.V.<br\/>Geschwister-Scholl-Stra\u00dfe 10<br\/>65197 Wiesbaden<br\/>Hesja<\/p>\n\n<h3 class=\"wp-block-heading\">Og\u00f3lny opis us\u0142ugi<\/h3>\n\n<p>Volksbildungswerk oferuje od 1970 roku szerok\u0105 ofert\u0119 edukacyjn\u0105 i kulturaln\u0105 w dzielnicy Klarenthal (a cz\u0119\u015bciowo tak\u017ce w Dotzheim). Nasza oferta obejmuje og\u00f3lne kszta\u0142cenie ustawiczne, uczenie si\u0119 przez ca\u0142e \u017cycie i nieformalne, a tak\u017ce lokaln\u0105 prac\u0119 spo\u0142eczno-kulturaln\u0105 dostosowan\u0105 do potrzeb lokalnej spo\u0142eczno\u015bci. Opr\u00f3cz tradycyjnych kurs\u00f3w i wyjazd\u00f3w edukacyjnych wspieramy r\u00f3wnie\u017c inicjatywy w plac\u00f3wkach takich jak domy seniora, lokalne centra spo\u0142eczne, szko\u0142y i kawiarnie czytelnicze. Koncentrujemy si\u0119 na tematach takich jak integracja, partycypacja, wolontariat oraz wyzwania spo\u0142eczne jak ub\u00f3stwo i zmiany demograficzne. Nasze oferty skierowane s\u0105 do wszystkich ludzi i aktywnie przyczyniaj\u0105 si\u0119 do pozytywnego rozwoju dzielnicy w Wiesbaden.    <\/p>\n\n<h3 class=\"wp-block-heading\">Wyja\u015bnienia dotycz\u0105ce realizacji us\u0142ugi<\/h3>\n\n<p>Za po\u015brednictwem naszej plac\u00f3wki w Klarenthal i we wsp\u00f3\u0142pracy z lokalnymi partnerami organizujemy rocznie oko\u0142o 320 wydarze\u0144 \u2013 w tym kursy, wyjazdy edukacyjne, koncerty, wystawy i inne wydarzenia edukacyjne. Realizacja odbywa si\u0119 na miejscu w r\u00f3\u017cnych lokalizacjach w dzielnicy oraz we wsp\u00f3\u0142pracy ze szko\u0142ami, domami seniora i innymi plac\u00f3wkami spo\u0142ecznymi. Zainteresowani mog\u0105 zapisa\u0107 si\u0119 na nasze oferty za po\u015brednictwem naszej strony internetowej i bezpo\u015brednio na miejscu, a tak\u017ce uzyska\u0107 kompleksowe doradztwo. Dodatkowo moderujemy wydarzenia sieciowe, takie jak konferencje dzielnicowe i aktywnie anga\u017cujemy si\u0119 we wsp\u00f3\u0142prac\u0119 (np. z sektorem mieszkaniowym i organizacj\u0105 parasolow\u0105 Kulturtage Klarenthal), aby wspiera\u0107 wymian\u0119 i tworzenie sieci w dzielnicy. Finansowanie naszych us\u0142ug odbywa si\u0119 poprzez publiczne i prywatne dotacje, darowizny, op\u0142aty i sk\u0142adki cz\u0142onkowskie.    <\/p>\n\n<h3 class=\"wp-block-heading\">Stan zgodno\u015bci z wymogami<\/h3>\n\n<p>Wy\u017cej wymieniona us\u0142uga jest cz\u0119\u015bciowo zgodna z Ustaw\u0105 o wzmocnieniu dost\u0119pno\u015bci (BFSG).<\/p>\n\n<p>Nast\u0119puj\u0105ce cz\u0119\u015bci\/tre\u015bci\/funkcje us\u0142ugi nie s\u0105 dost\u0119pne:<\/p>\n\n<p>W odniesieniu do naszych ofert wyjazdowych i opieku\u0144czych nie mo\u017cemy zagwarantowa\u0107 pe\u0142nej dost\u0119pno\u015bci. Mimo to zawsze b\u0119dziemy stara\u0107 si\u0119 oferowa\u0107 inkluzywne propozycje. <\/p>\n\n<h3 class=\"wp-block-heading\">Sporz\u0105dzenie o\u015bwiadczenia o dost\u0119pno\u015bci<\/h3>\n\n<p>Data sporz\u0105dzenia o\u015bwiadczenia o dost\u0119pno\u015bci: 15.04.2025<br\/>Data ostatniej weryfikacji wy\u017cej wymienionych us\u0142ug pod k\u0105tem wymog\u00f3w dost\u0119pno\u015bci: 15.04.25<\/p>\n\n<h3 class=\"wp-block-heading\">Ocena stanu dost\u0119pno\u015bci<\/h3>\n\n<p>Ocena stanu dost\u0119pno\u015bci opiera si\u0119 na naszej samoocenie.<\/p>\n\n<h3 class=\"wp-block-heading\">Mo\u017cliwo\u015b\u0107 przekazania opinii i dane kontaktowe<\/h3>\n\n<p>Adres:<br\/>Volksbildungswerk Klarenthal e.V.<br\/>Geschwister-Scholl-Stra\u00dfe 10<br\/>65197 Wiesbaden<\/p>\n\n<p>E-mail: <a href=\"mailto:info@klarenthal.org\">info@klarenthal.org<\/a><\/p>\n\n<p>Telefon: <a href=\"tel:+4961172437920\">0611-72437920<\/a><\/p>\n","protected":false},"excerpt":{"rendered":"<p>O\u015bwiadczenie dotycz\u0105ce us\u0142ug W ramach naszego o\u015bwiadczenia o dost\u0119pno\u015bci chcieliby\u015bmy przedstawi\u0107 Pa\u0144stwu przegl\u0105d stanu zgodno\u015bci opisanych poni\u017cej us\u0142ug z wymogami dost\u0119pno\u015bci wed\u0142ug przepis\u00f3w prawnych (w szczeg\u00f3lno\u015bci z Ustaw\u0105 o wzmocnieniu dost\u0119pno\u015bci \u2013 BFSG). Dane us\u0142ugodawcy Volksbildungswerk Klarenthal e.V.Geschwister-Scholl-Stra\u00dfe 1065197 WiesbadenHesja Og\u00f3lny opis us\u0142ugi Volksbildungswerk oferuje od 1970 roku szerok\u0105 ofert\u0119 edukacyjn\u0105 i kulturaln\u0105 w dzielnicy [&hellip;]<\/p>\n","protected":false},"author":8,"featured_media":0,"parent":0,"menu_order":0,"comment_status":"closed","ping_status":"closed","template":"","meta":{"_acf_changed":false,"footnotes":""},"categories":[],"tags":[],"folder":[12],"class_list":["post-8144","page","type-page","status-publish","hentry"],"acf":[],"yoast_head":"<!-- This site is optimized with the Yoast SEO plugin v27.5 - https:\/\/yoast.com\/product\/yoast-seo-wordpress\/ -->\n<title>O\u015bwiadczenie o dost\u0119pno\u015bci - Volksbildungswerk Klarenthal e.V.<\/title>\n<meta name=\"robots\" content=\"index, follow, max-snippet:-1, max-image-preview:large, max-video-preview:-1\" \/>\n<link rel=\"canonical\" href=\"https:\/\/www.klarenthal-vbw.de\/pl\/oswiadczenie-o-dostepnosci\/\" \/>\n<meta property=\"og:locale\" content=\"pl_PL\" \/>\n<meta property=\"og:type\" content=\"article\" \/>\n<meta property=\"og:title\" content=\"O\u015bwiadczenie o dost\u0119pno\u015bci - Volksbildungswerk Klarenthal e.V.\" \/>\n<meta property=\"og:description\" content=\"O\u015bwiadczenie dotycz\u0105ce us\u0142ug W ramach naszego o\u015bwiadczenia o dost\u0119pno\u015bci chcieliby\u015bmy przedstawi\u0107 Pa\u0144stwu przegl\u0105d stanu zgodno\u015bci opisanych poni\u017cej us\u0142ug z wymogami dost\u0119pno\u015bci wed\u0142ug przepis\u00f3w prawnych (w szczeg\u00f3lno\u015bci z Ustaw\u0105 o wzmocnieniu dost\u0119pno\u015bci \u2013 BFSG). Dane us\u0142ugodawcy Volksbildungswerk Klarenthal e.V.Geschwister-Scholl-Stra\u00dfe 1065197 WiesbadenHesja Og\u00f3lny opis us\u0142ugi Volksbildungswerk oferuje od 1970 roku szerok\u0105 ofert\u0119 edukacyjn\u0105 i kulturaln\u0105 w dzielnicy [&hellip;]\" \/>\n<meta property=\"og:url\" content=\"https:\/\/www.klarenthal-vbw.de\/pl\/oswiadczenie-o-dostepnosci\/\" \/>\n<meta property=\"og:site_name\" content=\"Volksbildungswerk Klarenthal e.V.\" \/>\n<meta property=\"article:modified_time\" content=\"2025-07-31T13:48:00+00:00\" \/>\n<meta name=\"twitter:card\" content=\"summary_large_image\" \/>\n<meta name=\"twitter:label1\" content=\"Szacowany czas czytania\" \/>\n\t<meta name=\"twitter:data1\" content=\"2 minuty\" \/>\n<script type=\"application\/ld+json\" class=\"yoast-schema-graph\">{\"@context\":\"https:\\\/\\\/schema.org\",\"@graph\":[{\"@type\":\"WebPage\",\"@id\":\"https:\\\/\\\/www.klarenthal-vbw.de\\\/pl\\\/oswiadczenie-o-dostepnosci\\\/\",\"url\":\"https:\\\/\\\/www.klarenthal-vbw.de\\\/pl\\\/oswiadczenie-o-dostepnosci\\\/\",\"name\":\"O\u015bwiadczenie o dost\u0119pno\u015bci - Volksbildungswerk Klarenthal e.V.\",\"isPartOf\":{\"@id\":\"https:\\\/\\\/www.klarenthal-vbw.de\\\/pl\\\/#website\"},\"datePublished\":\"2025-04-15T18:33:49+00:00\",\"dateModified\":\"2025-07-31T13:48:00+00:00\",\"breadcrumb\":{\"@id\":\"https:\\\/\\\/www.klarenthal-vbw.de\\\/pl\\\/oswiadczenie-o-dostepnosci\\\/#breadcrumb\"},\"inLanguage\":\"pl-PL\",\"potentialAction\":[{\"@type\":\"ReadAction\",\"target\":[\"https:\\\/\\\/www.klarenthal-vbw.de\\\/pl\\\/oswiadczenie-o-dostepnosci\\\/\"]}]},{\"@type\":\"BreadcrumbList\",\"@id\":\"https:\\\/\\\/www.klarenthal-vbw.de\\\/pl\\\/oswiadczenie-o-dostepnosci\\\/#breadcrumb\",\"itemListElement\":[{\"@type\":\"ListItem\",\"position\":1,\"name\":\"Startseite\",\"item\":\"https:\\\/\\\/www.klarenthal-vbw.de\\\/pl\\\/\"},{\"@type\":\"ListItem\",\"position\":2,\"name\":\"O\u015bwiadczenie o dost\u0119pno\u015bci\"}]},{\"@type\":\"WebSite\",\"@id\":\"https:\\\/\\\/www.klarenthal-vbw.de\\\/pl\\\/#website\",\"url\":\"https:\\\/\\\/www.klarenthal-vbw.de\\\/pl\\\/\",\"name\":\"Volksbildungswerk Klarenthal e.V.\",\"description\":\"Chancen. Bildung. Perspektiven\",\"publisher\":{\"@id\":\"https:\\\/\\\/www.klarenthal-vbw.de\\\/pl\\\/#organization\"},\"potentialAction\":[{\"@type\":\"SearchAction\",\"target\":{\"@type\":\"EntryPoint\",\"urlTemplate\":\"https:\\\/\\\/www.klarenthal-vbw.de\\\/pl\\\/?s={search_term_string}\"},\"query-input\":{\"@type\":\"PropertyValueSpecification\",\"valueRequired\":true,\"valueName\":\"search_term_string\"}}],\"inLanguage\":\"pl-PL\"},{\"@type\":\"Organization\",\"@id\":\"https:\\\/\\\/www.klarenthal-vbw.de\\\/pl\\\/#organization\",\"name\":\"Volksbildungswerk Klarenthal e.V.\",\"url\":\"https:\\\/\\\/www.klarenthal-vbw.de\\\/pl\\\/\",\"logo\":{\"@type\":\"ImageObject\",\"inLanguage\":\"pl-PL\",\"@id\":\"https:\\\/\\\/www.klarenthal-vbw.de\\\/pl\\\/#\\\/schema\\\/logo\\\/image\\\/\",\"url\":\"https:\\\/\\\/www.klarenthal-vbw.de\\\/wp-content\\\/uploads\\\/2025\\\/02\\\/logo.svg\",\"contentUrl\":\"https:\\\/\\\/www.klarenthal-vbw.de\\\/wp-content\\\/uploads\\\/2025\\\/02\\\/logo.svg\",\"caption\":\"Volksbildungswerk Klarenthal e.V.\"},\"image\":{\"@id\":\"https:\\\/\\\/www.klarenthal-vbw.de\\\/pl\\\/#\\\/schema\\\/logo\\\/image\\\/\"}}]}<\/script>\n<!-- \/ Yoast SEO plugin. -->","yoast_head_json":{"title":"O\u015bwiadczenie o dost\u0119pno\u015bci - Volksbildungswerk Klarenthal e.V.","robots":{"index":"index","follow":"follow","max-snippet":"max-snippet:-1","max-image-preview":"max-image-preview:large","max-video-preview":"max-video-preview:-1"},"canonical":"https:\/\/www.klarenthal-vbw.de\/pl\/oswiadczenie-o-dostepnosci\/","og_locale":"pl_PL","og_type":"article","og_title":"O\u015bwiadczenie o dost\u0119pno\u015bci - Volksbildungswerk Klarenthal e.V.","og_description":"O\u015bwiadczenie dotycz\u0105ce us\u0142ug W ramach naszego o\u015bwiadczenia o dost\u0119pno\u015bci chcieliby\u015bmy przedstawi\u0107 Pa\u0144stwu przegl\u0105d stanu zgodno\u015bci opisanych poni\u017cej us\u0142ug z wymogami dost\u0119pno\u015bci wed\u0142ug przepis\u00f3w prawnych (w szczeg\u00f3lno\u015bci z Ustaw\u0105 o wzmocnieniu dost\u0119pno\u015bci \u2013 BFSG). Dane us\u0142ugodawcy Volksbildungswerk Klarenthal e.V.Geschwister-Scholl-Stra\u00dfe 1065197 WiesbadenHesja Og\u00f3lny opis us\u0142ugi Volksbildungswerk oferuje od 1970 roku szerok\u0105 ofert\u0119 edukacyjn\u0105 i kulturaln\u0105 w dzielnicy [&hellip;]","og_url":"https:\/\/www.klarenthal-vbw.de\/pl\/oswiadczenie-o-dostepnosci\/","og_site_name":"Volksbildungswerk Klarenthal e.V.","article_modified_time":"2025-07-31T13:48:00+00:00","twitter_card":"summary_large_image","twitter_misc":{"Szacowany czas czytania":"2 minuty"},"schema":{"@context":"https:\/\/schema.org","@graph":[{"@type":"WebPage","@id":"https:\/\/www.klarenthal-vbw.de\/pl\/oswiadczenie-o-dostepnosci\/","url":"https:\/\/www.klarenthal-vbw.de\/pl\/oswiadczenie-o-dostepnosci\/","name":"O\u015bwiadczenie o dost\u0119pno\u015bci - Volksbildungswerk Klarenthal e.V.","isPartOf":{"@id":"https:\/\/www.klarenthal-vbw.de\/pl\/#website"},"datePublished":"2025-04-15T18:33:49+00:00","dateModified":"2025-07-31T13:48:00+00:00","breadcrumb":{"@id":"https:\/\/www.klarenthal-vbw.de\/pl\/oswiadczenie-o-dostepnosci\/#breadcrumb"},"inLanguage":"pl-PL","potentialAction":[{"@type":"ReadAction","target":["https:\/\/www.klarenthal-vbw.de\/pl\/oswiadczenie-o-dostepnosci\/"]}]},{"@type":"BreadcrumbList","@id":"https:\/\/www.klarenthal-vbw.de\/pl\/oswiadczenie-o-dostepnosci\/#breadcrumb","itemListElement":[{"@type":"ListItem","position":1,"name":"Startseite","item":"https:\/\/www.klarenthal-vbw.de\/pl\/"},{"@type":"ListItem","position":2,"name":"O\u015bwiadczenie o dost\u0119pno\u015bci"}]},{"@type":"WebSite","@id":"https:\/\/www.klarenthal-vbw.de\/pl\/#website","url":"https:\/\/www.klarenthal-vbw.de\/pl\/","name":"Volksbildungswerk Klarenthal e.V.","description":"Chancen. Bildung. Perspektiven","publisher":{"@id":"https:\/\/www.klarenthal-vbw.de\/pl\/#organization"},"potentialAction":[{"@type":"SearchAction","target":{"@type":"EntryPoint","urlTemplate":"https:\/\/www.klarenthal-vbw.de\/pl\/?s={search_term_string}"},"query-input":{"@type":"PropertyValueSpecification","valueRequired":true,"valueName":"search_term_string"}}],"inLanguage":"pl-PL"},{"@type":"Organization","@id":"https:\/\/www.klarenthal-vbw.de\/pl\/#organization","name":"Volksbildungswerk Klarenthal e.V.","url":"https:\/\/www.klarenthal-vbw.de\/pl\/","logo":{"@type":"ImageObject","inLanguage":"pl-PL","@id":"https:\/\/www.klarenthal-vbw.de\/pl\/#\/schema\/logo\/image\/","url":"https:\/\/www.klarenthal-vbw.de\/wp-content\/uploads\/2025\/02\/logo.svg","contentUrl":"https:\/\/www.klarenthal-vbw.de\/wp-content\/uploads\/2025\/02\/logo.svg","caption":"Volksbildungswerk Klarenthal e.V."},"image":{"@id":"https:\/\/www.klarenthal-vbw.de\/pl\/#\/schema\/logo\/image\/"}}]}},"_links":{"self":[{"href":"https:\/\/www.klarenthal-vbw.de\/pl\/wp-json\/wp\/v2\/pages\/8144","targetHints":{"allow":["GET"]}}],"collection":[{"href":"https:\/\/www.klarenthal-vbw.de\/pl\/wp-json\/wp\/v2\/pages"}],"about":[{"href":"https:\/\/www.klarenthal-vbw.de\/pl\/wp-json\/wp\/v2\/types\/page"}],"author":[{"embeddable":true,"href":"https:\/\/www.klarenthal-vbw.de\/pl\/wp-json\/wp\/v2\/users\/8"}],"replies":[{"embeddable":true,"href":"https:\/\/www.klarenthal-vbw.de\/pl\/wp-json\/wp\/v2\/comments?post=8144"}],"version-history":[{"count":2,"href":"https:\/\/www.klarenthal-vbw.de\/pl\/wp-json\/wp\/v2\/pages\/8144\/revisions"}],"predecessor-version":[{"id":8321,"href":"https:\/\/www.klarenthal-vbw.de\/pl\/wp-json\/wp\/v2\/pages\/8144\/revisions\/8321"}],"wp:attachment":[{"href":"https:\/\/www.klarenthal-vbw.de\/pl\/wp-json\/wp\/v2\/media?parent=8144"}],"wp:term":[{"taxonomy":"category","embeddable":true,"href":"https:\/\/www.klarenthal-vbw.de\/pl\/wp-json\/wp\/v2\/categories?post=8144"},{"taxonomy":"post_tag","embeddable":true,"href":"https:\/\/www.klarenthal-vbw.de\/pl\/wp-json\/wp\/v2\/tags?post=8144"},{"taxonomy":"folder","embeddable":true,"href":"https:\/\/www.klarenthal-vbw.de\/pl\/wp-json\/wp\/v2\/folder?post=8144"}],"curies":[{"name":"wp","href":"https:\/\/api.w.org\/{rel}","templated":true}]}}