{"id":3416,"date":"2018-01-30T15:06:02","date_gmt":"2018-01-30T14:06:02","guid":{"rendered":"https:\/\/vbw.entwicklung-mediengewerk.de\/saha-ofisine-genel-bakis\/"},"modified":"2025-03-11T01:23:40","modified_gmt":"2025-03-11T00:23:40","slug":"saha-ofisine-genel-bakis","status":"publish","type":"page","link":"https:\/\/www.klarenthal-vbw.de\/tr\/dernek\/bizi-nerede-bulabilirsiniz\/saha-ofisine-genel-bakis\/","title":{"rendered":"Saha ofisine genel bak\u0131\u015f"},"content":{"rendered":"<!-- H171A--><h2 class=\"kw-title\">Unsere Au&szlig;enstellen<\/h2><div class=\"row\">\r\n\r\n<!-- H171E --><!-- B171A-->\r\n\r\n<div class=\"au&szlig;enstelle\">\r\n  \r\n  <div class=\"row\">\r\n     <div>\r\n      \r\n        <svg style=\"height:1.2rem;\" xmlns=\"http:\/\/www.w3.org\/2000\/svg\" id=\"Ebene_1\" viewbox=\"0 0 24 24\"><path d=\"M12,12.417c-3.366,0-6.105-2.739-6.105-6.105S8.634.207,12,.207s6.104,2.738,6.104,6.104-2.738,6.105-6.104,6.105ZM12,1.207c-2.815,0-5.105,2.29-5.105,5.104s2.29,5.105,5.105,5.105,5.104-2.29,5.104-5.105S14.814,1.207,12,1.207Z\"><\/path><path d=\"M22.088,23.673c-.243,0-.457-.179-.494-.428-.531-3.617-3.689-6.345-7.346-6.345h-4.497c-3.658,0-6.814,2.727-7.345,6.345-.04.273-.289.454-.567.423-.273-.04-.462-.295-.422-.567.602-4.106,4.184-7.2,8.333-7.2h4.498c4.149,0,7.731,3.094,8.336,7.2.04.272-.149.526-.423.567-.024.003-.049.005-.073.005Z\"><\/path><\/svg>\r\n      \r\n      <div class=\"kw-mainColor\">\r\n        <a href=\"https:\/\/www.klarenthal-vbw.de\/tr\/dernek\/bizi-nerede-bulabilirsiniz\/saha-ofisine-genel-bakis\/kw\/bereich\/aussenstellen\/aussenst\/5\" class=\"kw-mainColor\">\r\n          Altes Rathaus Dotzheim:\r\n        <\/a>\r\n      <\/div>\r\n       <span>R&ouml;mergasse 13, <\/span><span>65199 Wiesbaden<\/span>\r\n    <\/div>\r\n  <\/div> \r\n  <hr>\r\n<\/div>\r\n\r\n<!--\r\n\r\n<div class=\"row kw-table-row alt1\">\r\n <div class=\"col-sm-4\"><a href=\"https:\/\/www.klarenthal-vbw.de\/tr\/dernek\/bizi-nerede-bulabilirsiniz\/saha-ofisine-genel-bakis\/kw\/bereich\/aussenstellen\/aussenst\/5\" class=\"block\">Altes Rathaus Dotzheim<\/a><\/div>\r\n  <div class=\"col-sm-8 kw-table-data\">\r\n    <a href=\"https:\/\/www.klarenthal-vbw.de\/tr\/dernek\/bizi-nerede-bulabilirsiniz\/saha-ofisine-genel-bakis\/kw\/bereich\/aussenstellen\/aussenst\/5\" class=\"block\">R&ouml;mergasse 13, 65199 Wiesbaden<\/a>\r\n  <\/div>\r\n<\/div> -->\r\n\r\n<!-- B171E --><!-- B171A-->\r\n\r\n<div class=\"au&szlig;enstelle\">\r\n  \r\n  <div class=\"row\">\r\n     <div>\r\n      \r\n        <svg style=\"height:1.2rem;\" xmlns=\"http:\/\/www.w3.org\/2000\/svg\" id=\"Ebene_1\" viewbox=\"0 0 24 24\"><path d=\"M12,12.417c-3.366,0-6.105-2.739-6.105-6.105S8.634.207,12,.207s6.104,2.738,6.104,6.104-2.738,6.105-6.104,6.105ZM12,1.207c-2.815,0-5.105,2.29-5.105,5.104s2.29,5.105,5.105,5.105,5.104-2.29,5.104-5.105S14.814,1.207,12,1.207Z\"><\/path><path d=\"M22.088,23.673c-.243,0-.457-.179-.494-.428-.531-3.617-3.689-6.345-7.346-6.345h-4.497c-3.658,0-6.814,2.727-7.345,6.345-.04.273-.289.454-.567.423-.273-.04-.462-.295-.422-.567.602-4.106,4.184-7.2,8.333-7.2h4.498c4.149,0,7.731,3.094,8.336,7.2.04.272-.149.526-.423.567-.024.003-.049.005-.073.005Z\"><\/path><\/svg>\r\n      \r\n      <div class=\"kw-mainColor\">\r\n        <a href=\"https:\/\/www.klarenthal-vbw.de\/tr\/dernek\/bizi-nerede-bulabilirsiniz\/saha-ofisine-genel-bakis\/kw\/bereich\/aussenstellen\/aussenst\/11\" class=\"kw-mainColor\">\r\n          ARCO Freudenberg:\r\n        <\/a>\r\n      <\/div>\r\n       <span>Butterblumenweg 5, <\/span><span>Wiesbaden-Freudenberg<\/span>\r\n    <\/div>\r\n  <\/div> \r\n  <hr>\r\n<\/div>\r\n\r\n\r\n  <\/div><hr class=\"kw-kue-spacer hidden-xs\"><div class=\"row\">\r\n<!--\r\n\r\n<div class=\"row kw-table-row alt2\">\r\n <div class=\"col-sm-4\"><a href=\"https:\/\/www.klarenthal-vbw.de\/tr\/dernek\/bizi-nerede-bulabilirsiniz\/saha-ofisine-genel-bakis\/kw\/bereich\/aussenstellen\/aussenst\/11\" class=\"block\">ARCO Freudenberg<\/a><\/div>\r\n  <div class=\"col-sm-8 kw-table-data\">\r\n    <a href=\"https:\/\/www.klarenthal-vbw.de\/tr\/dernek\/bizi-nerede-bulabilirsiniz\/saha-ofisine-genel-bakis\/kw\/bereich\/aussenstellen\/aussenst\/11\" class=\"block\">Butterblumenweg 5, Wiesbaden-Freudenberg<\/a>\r\n  <\/div>\r\n<\/div> -->\r\n\r\n<!-- B171E --><!-- B171A-->\r\n\r\n<div class=\"au&szlig;enstelle\">\r\n  \r\n  <div class=\"row\">\r\n     <div>\r\n      \r\n        <svg style=\"height:1.2rem;\" xmlns=\"http:\/\/www.w3.org\/2000\/svg\" id=\"Ebene_1\" viewbox=\"0 0 24 24\"><path d=\"M12,12.417c-3.366,0-6.105-2.739-6.105-6.105S8.634.207,12,.207s6.104,2.738,6.104,6.104-2.738,6.105-6.104,6.105ZM12,1.207c-2.815,0-5.105,2.29-5.105,5.104s2.29,5.105,5.105,5.105,5.104-2.29,5.104-5.105S14.814,1.207,12,1.207Z\"><\/path><path d=\"M22.088,23.673c-.243,0-.457-.179-.494-.428-.531-3.617-3.689-6.345-7.346-6.345h-4.497c-3.658,0-6.814,2.727-7.345,6.345-.04.273-.289.454-.567.423-.273-.04-.462-.295-.422-.567.602-4.106,4.184-7.2,8.333-7.2h4.498c4.149,0,7.731,3.094,8.336,7.2.04.272-.149.526-.423.567-.024.003-.049.005-.073.005Z\"><\/path><\/svg>\r\n      \r\n      <div class=\"kw-mainColor\">\r\n        <a href=\"https:\/\/www.klarenthal-vbw.de\/tr\/dernek\/bizi-nerede-bulabilirsiniz\/saha-ofisine-genel-bakis\/kw\/bereich\/aussenstellen\/aussenst\/19\" class=\"kw-mainColor\">\r\n          Carl-von-Ossietzky-Schule:\r\n        <\/a>\r\n      <\/div>\r\n       <span>Ernst-von-Harnack-Str. 1, <\/span><span>65197 Wiesbaden<\/span>\r\n    <\/div>\r\n  <\/div> \r\n  <hr>\r\n<\/div>\r\n\r\n<!--\r\n\r\n<div class=\"row kw-table-row alt1\">\r\n <div class=\"col-sm-4\"><a href=\"https:\/\/www.klarenthal-vbw.de\/tr\/dernek\/bizi-nerede-bulabilirsiniz\/saha-ofisine-genel-bakis\/kw\/bereich\/aussenstellen\/aussenst\/19\" class=\"block\">Carl-von-Ossietzky-Schule<\/a><\/div>\r\n  <div class=\"col-sm-8 kw-table-data\">\r\n    <a href=\"https:\/\/www.klarenthal-vbw.de\/tr\/dernek\/bizi-nerede-bulabilirsiniz\/saha-ofisine-genel-bakis\/kw\/bereich\/aussenstellen\/aussenst\/19\" class=\"block\">Ernst-von-Harnack-Str. 1, 65197 Wiesbaden<\/a>\r\n  <\/div>\r\n<\/div> -->\r\n\r\n<!-- B171E --><!-- B171A-->\r\n\r\n<div class=\"au&szlig;enstelle\">\r\n  \r\n  <div class=\"row\">\r\n     <div>\r\n      \r\n        <svg style=\"height:1.2rem;\" xmlns=\"http:\/\/www.w3.org\/2000\/svg\" id=\"Ebene_1\" viewbox=\"0 0 24 24\"><path d=\"M12,12.417c-3.366,0-6.105-2.739-6.105-6.105S8.634.207,12,.207s6.104,2.738,6.104,6.104-2.738,6.105-6.104,6.105ZM12,1.207c-2.815,0-5.105,2.29-5.105,5.104s2.29,5.105,5.105,5.105,5.104-2.29,5.104-5.105S14.814,1.207,12,1.207Z\"><\/path><path d=\"M22.088,23.673c-.243,0-.457-.179-.494-.428-.531-3.617-3.689-6.345-7.346-6.345h-4.497c-3.658,0-6.814,2.727-7.345,6.345-.04.273-.289.454-.567.423-.273-.04-.462-.295-.422-.567.602-4.106,4.184-7.2,8.333-7.2h4.498c4.149,0,7.731,3.094,8.336,7.2.04.272-.149.526-.423.567-.024.003-.049.005-.073.005Z\"><\/path><\/svg>\r\n      \r\n      <div class=\"kw-mainColor\">\r\n        <a href=\"https:\/\/www.klarenthal-vbw.de\/tr\/dernek\/bizi-nerede-bulabilirsiniz\/saha-ofisine-genel-bakis\/kw\/bereich\/aussenstellen\/aussenst\/12\" class=\"kw-mainColor\">\r\n          Ev. Gemeindezentrum:\r\n        <\/a>\r\n      <\/div>\r\n       <span>Graf-von-Galen-Str. 32, <\/span><span>65197 Wiesbaden<\/span>\r\n    <\/div>\r\n  <\/div> \r\n  <hr>\r\n<\/div>\r\n\r\n\r\n  <\/div><hr class=\"kw-kue-spacer hidden-xs\"><div class=\"row\">\r\n<!--\r\n\r\n<div class=\"row kw-table-row alt2\">\r\n <div class=\"col-sm-4\"><a href=\"https:\/\/www.klarenthal-vbw.de\/tr\/dernek\/bizi-nerede-bulabilirsiniz\/saha-ofisine-genel-bakis\/kw\/bereich\/aussenstellen\/aussenst\/12\" class=\"block\">Ev. Gemeindezentrum<\/a><\/div>\r\n  <div class=\"col-sm-8 kw-table-data\">\r\n    <a href=\"https:\/\/www.klarenthal-vbw.de\/tr\/dernek\/bizi-nerede-bulabilirsiniz\/saha-ofisine-genel-bakis\/kw\/bereich\/aussenstellen\/aussenst\/12\" class=\"block\">Graf-von-Galen-Str. 32, 65197 Wiesbaden<\/a>\r\n  <\/div>\r\n<\/div> -->\r\n\r\n<!-- B171E --><!-- B171A-->\r\n\r\n<div class=\"au&szlig;enstelle\">\r\n  \r\n  <div class=\"row\">\r\n     <div>\r\n      \r\n        <svg style=\"height:1.2rem;\" xmlns=\"http:\/\/www.w3.org\/2000\/svg\" id=\"Ebene_1\" viewbox=\"0 0 24 24\"><path d=\"M12,12.417c-3.366,0-6.105-2.739-6.105-6.105S8.634.207,12,.207s6.104,2.738,6.104,6.104-2.738,6.105-6.104,6.105ZM12,1.207c-2.815,0-5.105,2.29-5.105,5.104s2.29,5.105,5.105,5.105,5.104-2.29,5.104-5.105S14.814,1.207,12,1.207Z\"><\/path><path d=\"M22.088,23.673c-.243,0-.457-.179-.494-.428-.531-3.617-3.689-6.345-7.346-6.345h-4.497c-3.658,0-6.814,2.727-7.345,6.345-.04.273-.289.454-.567.423-.273-.04-.462-.295-.422-.567.602-4.106,4.184-7.2,8.333-7.2h4.498c4.149,0,7.731,3.094,8.336,7.2.04.272-.149.526-.423.567-.024.003-.049.005-.073.005Z\"><\/path><\/svg>\r\n      \r\n      <div class=\"kw-mainColor\">\r\n        <a href=\"https:\/\/www.klarenthal-vbw.de\/tr\/dernek\/bizi-nerede-bulabilirsiniz\/saha-ofisine-genel-bakis\/kw\/bereich\/aussenstellen\/aussenst\/13\" class=\"kw-mainColor\">\r\n          Fasanerie:\r\n        <\/a>\r\n      <\/div>\r\n       <span>Wilfried-Ries-Str., <\/span><span>Wiesbaden<\/span>\r\n    <\/div>\r\n  <\/div> \r\n  <hr>\r\n<\/div>\r\n\r\n<!--\r\n\r\n<div class=\"row kw-table-row alt1\">\r\n <div class=\"col-sm-4\"><a href=\"https:\/\/www.klarenthal-vbw.de\/tr\/dernek\/bizi-nerede-bulabilirsiniz\/saha-ofisine-genel-bakis\/kw\/bereich\/aussenstellen\/aussenst\/13\" class=\"block\">Fasanerie<\/a><\/div>\r\n  <div class=\"col-sm-8 kw-table-data\">\r\n    <a href=\"https:\/\/www.klarenthal-vbw.de\/tr\/dernek\/bizi-nerede-bulabilirsiniz\/saha-ofisine-genel-bakis\/kw\/bereich\/aussenstellen\/aussenst\/13\" class=\"block\">Wilfried-Ries-Str., Wiesbaden<\/a>\r\n  <\/div>\r\n<\/div> -->\r\n\r\n<!-- B171E --><!-- B171A-->\r\n\r\n<div class=\"au&szlig;enstelle\">\r\n  \r\n  <div class=\"row\">\r\n     <div>\r\n      \r\n        <svg style=\"height:1.2rem;\" xmlns=\"http:\/\/www.w3.org\/2000\/svg\" id=\"Ebene_1\" viewbox=\"0 0 24 24\"><path d=\"M12,12.417c-3.366,0-6.105-2.739-6.105-6.105S8.634.207,12,.207s6.104,2.738,6.104,6.104-2.738,6.105-6.104,6.105ZM12,1.207c-2.815,0-5.105,2.29-5.105,5.104s2.29,5.105,5.105,5.105,5.104-2.29,5.104-5.105S14.814,1.207,12,1.207Z\"><\/path><path d=\"M22.088,23.673c-.243,0-.457-.179-.494-.428-.531-3.617-3.689-6.345-7.346-6.345h-4.497c-3.658,0-6.814,2.727-7.345,6.345-.04.273-.289.454-.567.423-.273-.04-.462-.295-.422-.567.602-4.106,4.184-7.2,8.333-7.2h4.498c4.149,0,7.731,3.094,8.336,7.2.04.272-.149.526-.423.567-.024.003-.049.005-.073.005Z\"><\/path><\/svg>\r\n      \r\n      <div class=\"kw-mainColor\">\r\n        <a href=\"https:\/\/www.klarenthal-vbw.de\/tr\/dernek\/bizi-nerede-bulabilirsiniz\/saha-ofisine-genel-bakis\/kw\/bereich\/aussenstellen\/aussenst\/15\" class=\"kw-mainColor\">\r\n          Gesamtschule:\r\n        <\/a>\r\n      <\/div>\r\n       <span>Geschwister-Scholl-Str. 10, <\/span><span>65197 Wiesbaden<\/span>\r\n    <\/div>\r\n  <\/div> \r\n  <hr>\r\n<\/div>\r\n\r\n\r\n  <\/div><hr class=\"kw-kue-spacer hidden-xs\"><div class=\"row\">\r\n<!--\r\n\r\n<div class=\"row kw-table-row alt2\">\r\n <div class=\"col-sm-4\"><a href=\"https:\/\/www.klarenthal-vbw.de\/tr\/dernek\/bizi-nerede-bulabilirsiniz\/saha-ofisine-genel-bakis\/kw\/bereich\/aussenstellen\/aussenst\/15\" class=\"block\">Gesamtschule<\/a><\/div>\r\n  <div class=\"col-sm-8 kw-table-data\">\r\n    <a href=\"https:\/\/www.klarenthal-vbw.de\/tr\/dernek\/bizi-nerede-bulabilirsiniz\/saha-ofisine-genel-bakis\/kw\/bereich\/aussenstellen\/aussenst\/15\" class=\"block\">Geschwister-Scholl-Str. 10, 65197 Wiesbaden<\/a>\r\n  <\/div>\r\n<\/div> -->\r\n\r\n<!-- B171E --><!-- B171A-->\r\n\r\n<div class=\"au&szlig;enstelle\">\r\n  \r\n  <div class=\"row\">\r\n     <div>\r\n      \r\n        <svg style=\"height:1.2rem;\" xmlns=\"http:\/\/www.w3.org\/2000\/svg\" id=\"Ebene_1\" viewbox=\"0 0 24 24\"><path d=\"M12,12.417c-3.366,0-6.105-2.739-6.105-6.105S8.634.207,12,.207s6.104,2.738,6.104,6.104-2.738,6.105-6.104,6.105ZM12,1.207c-2.815,0-5.105,2.29-5.105,5.104s2.29,5.105,5.105,5.105,5.104-2.29,5.104-5.105S14.814,1.207,12,1.207Z\"><\/path><path d=\"M22.088,23.673c-.243,0-.457-.179-.494-.428-.531-3.617-3.689-6.345-7.346-6.345h-4.497c-3.658,0-6.814,2.727-7.345,6.345-.04.273-.289.454-.567.423-.273-.04-.462-.295-.422-.567.602-4.106,4.184-7.2,8.333-7.2h4.498c4.149,0,7.731,3.094,8.336,7.2.04.272-.149.526-.423.567-.024.003-.049.005-.073.005Z\"><\/path><\/svg>\r\n      \r\n      <div class=\"kw-mainColor\">\r\n        <a href=\"https:\/\/www.klarenthal-vbw.de\/tr\/dernek\/bizi-nerede-bulabilirsiniz\/saha-ofisine-genel-bakis\/kw\/bereich\/aussenstellen\/aussenst\/7\" class=\"kw-mainColor\">\r\n          GMZ Klarenthal:\r\n        <\/a>\r\n      <\/div>\r\n       <span>Goerdelerstr. 49, <\/span><span>65197 Wiesbaden<\/span>\r\n    <\/div>\r\n  <\/div> \r\n  <hr>\r\n<\/div>\r\n\r\n<!--\r\n\r\n<div class=\"row kw-table-row alt1\">\r\n <div class=\"col-sm-4\"><a href=\"https:\/\/www.klarenthal-vbw.de\/tr\/dernek\/bizi-nerede-bulabilirsiniz\/saha-ofisine-genel-bakis\/kw\/bereich\/aussenstellen\/aussenst\/7\" class=\"block\">GMZ Klarenthal<\/a><\/div>\r\n  <div class=\"col-sm-8 kw-table-data\">\r\n    <a href=\"https:\/\/www.klarenthal-vbw.de\/tr\/dernek\/bizi-nerede-bulabilirsiniz\/saha-ofisine-genel-bakis\/kw\/bereich\/aussenstellen\/aussenst\/7\" class=\"block\">Goerdelerstr. 49, 65197 Wiesbaden<\/a>\r\n  <\/div>\r\n<\/div> -->\r\n\r\n<!-- B171E --><!-- B171A-->\r\n\r\n<div class=\"au&szlig;enstelle\">\r\n  \r\n  <div class=\"row\">\r\n     <div>\r\n      \r\n        <svg style=\"height:1.2rem;\" xmlns=\"http:\/\/www.w3.org\/2000\/svg\" id=\"Ebene_1\" viewbox=\"0 0 24 24\"><path d=\"M12,12.417c-3.366,0-6.105-2.739-6.105-6.105S8.634.207,12,.207s6.104,2.738,6.104,6.104-2.738,6.105-6.104,6.105ZM12,1.207c-2.815,0-5.105,2.29-5.105,5.104s2.29,5.105,5.105,5.105,5.104-2.29,5.104-5.105S14.814,1.207,12,1.207Z\"><\/path><path d=\"M22.088,23.673c-.243,0-.457-.179-.494-.428-.531-3.617-3.689-6.345-7.346-6.345h-4.497c-3.658,0-6.814,2.727-7.345,6.345-.04.273-.289.454-.567.423-.273-.04-.462-.295-.422-.567.602-4.106,4.184-7.2,8.333-7.2h4.498c4.149,0,7.731,3.094,8.336,7.2.04.272-.149.526-.423.567-.024.003-.049.005-.073.005Z\"><\/path><\/svg>\r\n      \r\n      <div class=\"kw-mainColor\">\r\n        <a href=\"https:\/\/www.klarenthal-vbw.de\/tr\/dernek\/bizi-nerede-bulabilirsiniz\/saha-ofisine-genel-bakis\/kw\/bereich\/aussenstellen\/aussenst\/14\" class=\"kw-mainColor\">\r\n          Grundschule:\r\n        <\/a>\r\n      <\/div>\r\n       <span>Geschwister-Scholl-Str. 2, <\/span><span>65197 Wiesbaden<\/span>\r\n    <\/div>\r\n  <\/div> \r\n  <hr>\r\n<\/div>\r\n\r\n\r\n  <\/div><hr class=\"kw-kue-spacer hidden-xs\"><div class=\"row\">\r\n<!--\r\n\r\n<div class=\"row kw-table-row alt2\">\r\n <div class=\"col-sm-4\"><a href=\"https:\/\/www.klarenthal-vbw.de\/tr\/dernek\/bizi-nerede-bulabilirsiniz\/saha-ofisine-genel-bakis\/kw\/bereich\/aussenstellen\/aussenst\/14\" class=\"block\">Grundschule<\/a><\/div>\r\n  <div class=\"col-sm-8 kw-table-data\">\r\n    <a href=\"https:\/\/www.klarenthal-vbw.de\/tr\/dernek\/bizi-nerede-bulabilirsiniz\/saha-ofisine-genel-bakis\/kw\/bereich\/aussenstellen\/aussenst\/14\" class=\"block\">Geschwister-Scholl-Str. 2, 65197 Wiesbaden<\/a>\r\n  <\/div>\r\n<\/div> -->\r\n\r\n<!-- B171E --><!-- B171A-->\r\n\r\n<div class=\"au&szlig;enstelle\">\r\n  \r\n  <div class=\"row\">\r\n     <div>\r\n      \r\n        <svg style=\"height:1.2rem;\" xmlns=\"http:\/\/www.w3.org\/2000\/svg\" id=\"Ebene_1\" viewbox=\"0 0 24 24\"><path d=\"M12,12.417c-3.366,0-6.105-2.739-6.105-6.105S8.634.207,12,.207s6.104,2.738,6.104,6.104-2.738,6.105-6.104,6.105ZM12,1.207c-2.815,0-5.105,2.29-5.105,5.104s2.29,5.105,5.105,5.105,5.104-2.29,5.104-5.105S14.814,1.207,12,1.207Z\"><\/path><path d=\"M22.088,23.673c-.243,0-.457-.179-.494-.428-.531-3.617-3.689-6.345-7.346-6.345h-4.497c-3.658,0-6.814,2.727-7.345,6.345-.04.273-.289.454-.567.423-.273-.04-.462-.295-.422-.567.602-4.106,4.184-7.2,8.333-7.2h4.498c4.149,0,7.731,3.094,8.336,7.2.04.272-.149.526-.423.567-.024.003-.049.005-.073.005Z\"><\/path><\/svg>\r\n      \r\n      <div class=\"kw-mainColor\">\r\n        <a href=\"https:\/\/www.klarenthal-vbw.de\/tr\/dernek\/bizi-nerede-bulabilirsiniz\/saha-ofisine-genel-bakis\/kw\/bereich\/aussenstellen\/aussenst\/16\" class=\"kw-mainColor\">\r\n          Hermann-Brill-Str. 4:\r\n        <\/a>\r\n      <\/div>\r\n       <span>Hermann-Brill-Str. 4, <\/span><span>65197 Wiesbaden<\/span>\r\n    <\/div>\r\n  <\/div> \r\n  <hr>\r\n<\/div>\r\n\r\n<!--\r\n\r\n<div class=\"row kw-table-row alt1\">\r\n <div class=\"col-sm-4\"><a href=\"https:\/\/www.klarenthal-vbw.de\/tr\/dernek\/bizi-nerede-bulabilirsiniz\/saha-ofisine-genel-bakis\/kw\/bereich\/aussenstellen\/aussenst\/16\" class=\"block\">Hermann-Brill-Str. 4<\/a><\/div>\r\n  <div class=\"col-sm-8 kw-table-data\">\r\n    <a href=\"https:\/\/www.klarenthal-vbw.de\/tr\/dernek\/bizi-nerede-bulabilirsiniz\/saha-ofisine-genel-bakis\/kw\/bereich\/aussenstellen\/aussenst\/16\" class=\"block\">Hermann-Brill-Str. 4, 65197 Wiesbaden<\/a>\r\n  <\/div>\r\n<\/div> -->\r\n\r\n<!-- B171E --><!-- B171A-->\r\n\r\n<div class=\"au&szlig;enstelle\">\r\n  \r\n  <div class=\"row\">\r\n     <div>\r\n      \r\n        <svg style=\"height:1.2rem;\" xmlns=\"http:\/\/www.w3.org\/2000\/svg\" id=\"Ebene_1\" viewbox=\"0 0 24 24\"><path d=\"M12,12.417c-3.366,0-6.105-2.739-6.105-6.105S8.634.207,12,.207s6.104,2.738,6.104,6.104-2.738,6.105-6.104,6.105ZM12,1.207c-2.815,0-5.105,2.29-5.105,5.104s2.29,5.105,5.105,5.105,5.104-2.29,5.104-5.105S14.814,1.207,12,1.207Z\"><\/path><path d=\"M22.088,23.673c-.243,0-.457-.179-.494-.428-.531-3.617-3.689-6.345-7.346-6.345h-4.497c-3.658,0-6.814,2.727-7.345,6.345-.04.273-.289.454-.567.423-.273-.04-.462-.295-.422-.567.602-4.106,4.184-7.2,8.333-7.2h4.498c4.149,0,7.731,3.094,8.336,7.2.04.272-.149.526-.423.567-.024.003-.049.005-.073.005Z\"><\/path><\/svg>\r\n      \r\n      <div class=\"kw-mainColor\">\r\n        <a href=\"https:\/\/www.klarenthal-vbw.de\/tr\/dernek\/bizi-nerede-bulabilirsiniz\/saha-ofisine-genel-bakis\/kw\/bereich\/aussenstellen\/aussenst\/17\" class=\"kw-mainColor\">\r\n          Kath. Kirchengemeinde St. Klara:\r\n        <\/a>\r\n      <\/div>\r\n       <span>Graf-von-Galen-Str. 3, <\/span><span>65197 Wiesbaden<\/span>\r\n    <\/div>\r\n  <\/div> \r\n  <hr>\r\n<\/div>\r\n\r\n\r\n  <\/div><hr class=\"kw-kue-spacer hidden-xs\"><div class=\"row\">\r\n<!--\r\n\r\n<div class=\"row kw-table-row alt2\">\r\n <div class=\"col-sm-4\"><a href=\"https:\/\/www.klarenthal-vbw.de\/tr\/dernek\/bizi-nerede-bulabilirsiniz\/saha-ofisine-genel-bakis\/kw\/bereich\/aussenstellen\/aussenst\/17\" class=\"block\">Kath. Kirchengemeinde St. Klara<\/a><\/div>\r\n  <div class=\"col-sm-8 kw-table-data\">\r\n    <a href=\"https:\/\/www.klarenthal-vbw.de\/tr\/dernek\/bizi-nerede-bulabilirsiniz\/saha-ofisine-genel-bakis\/kw\/bereich\/aussenstellen\/aussenst\/17\" class=\"block\">Graf-von-Galen-Str. 3, 65197 Wiesbaden<\/a>\r\n  <\/div>\r\n<\/div> -->\r\n\r\n<!-- B171E --><!-- B171A-->\r\n\r\n<div class=\"au&szlig;enstelle\">\r\n  \r\n  <div class=\"row\">\r\n     <div>\r\n      \r\n        <svg style=\"height:1.2rem;\" xmlns=\"http:\/\/www.w3.org\/2000\/svg\" id=\"Ebene_1\" viewbox=\"0 0 24 24\"><path d=\"M12,12.417c-3.366,0-6.105-2.739-6.105-6.105S8.634.207,12,.207s6.104,2.738,6.104,6.104-2.738,6.105-6.104,6.105ZM12,1.207c-2.815,0-5.105,2.29-5.105,5.104s2.29,5.105,5.105,5.105,5.104-2.29,5.104-5.105S14.814,1.207,12,1.207Z\"><\/path><path d=\"M22.088,23.673c-.243,0-.457-.179-.494-.428-.531-3.617-3.689-6.345-7.346-6.345h-4.497c-3.658,0-6.814,2.727-7.345,6.345-.04.273-.289.454-.567.423-.273-.04-.462-.295-.422-.567.602-4.106,4.184-7.2,8.333-7.2h4.498c4.149,0,7.731,3.094,8.336,7.2.04.272-.149.526-.423.567-.024.003-.049.005-.073.005Z\"><\/path><\/svg>\r\n      \r\n      <div class=\"kw-mainColor\">\r\n        <a href=\"https:\/\/www.klarenthal-vbw.de\/tr\/dernek\/bizi-nerede-bulabilirsiniz\/saha-ofisine-genel-bakis\/kw\/bereich\/aussenstellen\/aussenst\/10\" class=\"kw-mainColor\">\r\n          Kinderschutzbund:\r\n        <\/a>\r\n      <\/div>\r\n       <span>Graf-von-Galen-Str. 8, <\/span><span>65197 Wiesbaden<\/span>\r\n    <\/div>\r\n  <\/div> \r\n  <hr>\r\n<\/div>\r\n\r\n<!--\r\n\r\n<div class=\"row kw-table-row alt1\">\r\n <div class=\"col-sm-4\"><a href=\"https:\/\/www.klarenthal-vbw.de\/tr\/dernek\/bizi-nerede-bulabilirsiniz\/saha-ofisine-genel-bakis\/kw\/bereich\/aussenstellen\/aussenst\/10\" class=\"block\">Kinderschutzbund<\/a><\/div>\r\n  <div class=\"col-sm-8 kw-table-data\">\r\n    <a href=\"https:\/\/www.klarenthal-vbw.de\/tr\/dernek\/bizi-nerede-bulabilirsiniz\/saha-ofisine-genel-bakis\/kw\/bereich\/aussenstellen\/aussenst\/10\" class=\"block\">Graf-von-Galen-Str. 8, 65197 Wiesbaden<\/a>\r\n  <\/div>\r\n<\/div> -->\r\n\r\n<!-- B171E --><!-- B171A-->\r\n\r\n<div class=\"au&szlig;enstelle\">\r\n  \r\n  <div class=\"row\">\r\n     <div>\r\n      \r\n        <svg style=\"height:1.2rem;\" xmlns=\"http:\/\/www.w3.org\/2000\/svg\" id=\"Ebene_1\" viewbox=\"0 0 24 24\"><path d=\"M12,12.417c-3.366,0-6.105-2.739-6.105-6.105S8.634.207,12,.207s6.104,2.738,6.104,6.104-2.738,6.105-6.104,6.105ZM12,1.207c-2.815,0-5.105,2.29-5.105,5.104s2.29,5.105,5.105,5.105,5.104-2.29,5.104-5.105S14.814,1.207,12,1.207Z\"><\/path><path d=\"M22.088,23.673c-.243,0-.457-.179-.494-.428-.531-3.617-3.689-6.345-7.346-6.345h-4.497c-3.658,0-6.814,2.727-7.345,6.345-.04.273-.289.454-.567.423-.273-.04-.462-.295-.422-.567.602-4.106,4.184-7.2,8.333-7.2h4.498c4.149,0,7.731,3.094,8.336,7.2.04.272-.149.526-.423.567-.024.003-.049.005-.073.005Z\"><\/path><\/svg>\r\n      \r\n      <div class=\"kw-mainColor\">\r\n        <a href=\"https:\/\/www.klarenthal-vbw.de\/tr\/dernek\/bizi-nerede-bulabilirsiniz\/saha-ofisine-genel-bakis\/kw\/bereich\/aussenstellen\/aussenst\/18\" class=\"kw-mainColor\">\r\n          Kohlhecker B&uuml;rgervereinigung:\r\n        <\/a>\r\n      <\/div>\r\n       <span>Kohlheckstr. 28, <\/span><span>65199 Wiesbaden<\/span>\r\n    <\/div>\r\n  <\/div> \r\n  <hr>\r\n<\/div>\r\n\r\n\r\n  <\/div><hr class=\"kw-kue-spacer hidden-xs\"><div class=\"row\">\r\n<!--\r\n\r\n<div class=\"row kw-table-row alt2\">\r\n <div class=\"col-sm-4\"><a href=\"https:\/\/www.klarenthal-vbw.de\/tr\/dernek\/bizi-nerede-bulabilirsiniz\/saha-ofisine-genel-bakis\/kw\/bereich\/aussenstellen\/aussenst\/18\" class=\"block\">Kohlhecker B&uuml;rgervereinigung<\/a><\/div>\r\n  <div class=\"col-sm-8 kw-table-data\">\r\n    <a href=\"https:\/\/www.klarenthal-vbw.de\/tr\/dernek\/bizi-nerede-bulabilirsiniz\/saha-ofisine-genel-bakis\/kw\/bereich\/aussenstellen\/aussenst\/18\" class=\"block\">Kohlheckstr. 28, 65199 Wiesbaden<\/a>\r\n  <\/div>\r\n<\/div> -->\r\n\r\n<!-- B171E --><!-- B171A-->\r\n\r\n<div class=\"au&szlig;enstelle\">\r\n  \r\n  <div class=\"row\">\r\n     <div>\r\n      \r\n        <svg style=\"height:1.2rem;\" xmlns=\"http:\/\/www.w3.org\/2000\/svg\" id=\"Ebene_1\" viewbox=\"0 0 24 24\"><path d=\"M12,12.417c-3.366,0-6.105-2.739-6.105-6.105S8.634.207,12,.207s6.104,2.738,6.104,6.104-2.738,6.105-6.104,6.105ZM12,1.207c-2.815,0-5.105,2.29-5.105,5.104s2.29,5.105,5.105,5.105,5.104-2.29,5.104-5.105S14.814,1.207,12,1.207Z\"><\/path><path d=\"M22.088,23.673c-.243,0-.457-.179-.494-.428-.531-3.617-3.689-6.345-7.346-6.345h-4.497c-3.658,0-6.814,2.727-7.345,6.345-.04.273-.289.454-.567.423-.273-.04-.462-.295-.422-.567.602-4.106,4.184-7.2,8.333-7.2h4.498c4.149,0,7.731,3.094,8.336,7.2.04.272-.149.526-.423.567-.024.003-.049.005-.073.005Z\"><\/path><\/svg>\r\n      \r\n      <div class=\"kw-mainColor\">\r\n        <a href=\"https:\/\/www.klarenthal-vbw.de\/tr\/dernek\/bizi-nerede-bulabilirsiniz\/saha-ofisine-genel-bakis\/kw\/bereich\/aussenstellen\/aussenst\/6\" class=\"kw-mainColor\">\r\n          Salon \"Liesel\":\r\n        <\/a>\r\n      <\/div>\r\n       <span>Goerdelerstr. 47, <\/span><span>65197 Wiesbaden<\/span>\r\n    <\/div>\r\n  <\/div> \r\n  <hr>\r\n<\/div>\r\n\r\n<!--\r\n\r\n<div class=\"row kw-table-row alt1\">\r\n <div class=\"col-sm-4\"><a href=\"https:\/\/www.klarenthal-vbw.de\/tr\/dernek\/bizi-nerede-bulabilirsiniz\/saha-ofisine-genel-bakis\/kw\/bereich\/aussenstellen\/aussenst\/6\" class=\"block\">Salon &quot;Liesel&quot;<\/a><\/div>\r\n  <div class=\"col-sm-8 kw-table-data\">\r\n    <a href=\"https:\/\/www.klarenthal-vbw.de\/tr\/dernek\/bizi-nerede-bulabilirsiniz\/saha-ofisine-genel-bakis\/kw\/bereich\/aussenstellen\/aussenst\/6\" class=\"block\">Goerdelerstr. 47, 65197 Wiesbaden<\/a>\r\n  <\/div>\r\n<\/div> -->\r\n\r\n<!-- B171E --><!-- B171A-->\r\n\r\n<div class=\"au&szlig;enstelle\">\r\n  \r\n  <div class=\"row\">\r\n     <div>\r\n      \r\n        <svg style=\"height:1.2rem;\" xmlns=\"http:\/\/www.w3.org\/2000\/svg\" id=\"Ebene_1\" viewbox=\"0 0 24 24\"><path d=\"M12,12.417c-3.366,0-6.105-2.739-6.105-6.105S8.634.207,12,.207s6.104,2.738,6.104,6.104-2.738,6.105-6.104,6.105ZM12,1.207c-2.815,0-5.105,2.29-5.105,5.104s2.29,5.105,5.105,5.105,5.104-2.29,5.104-5.105S14.814,1.207,12,1.207Z\"><\/path><path d=\"M22.088,23.673c-.243,0-.457-.179-.494-.428-.531-3.617-3.689-6.345-7.346-6.345h-4.497c-3.658,0-6.814,2.727-7.345,6.345-.04.273-.289.454-.567.423-.273-.04-.462-.295-.422-.567.602-4.106,4.184-7.2,8.333-7.2h4.498c4.149,0,7.731,3.094,8.336,7.2.04.272-.149.526-.423.567-.024.003-.049.005-.073.005Z\"><\/path><\/svg>\r\n      \r\n      <div class=\"kw-mainColor\">\r\n        <a href=\"https:\/\/www.klarenthal-vbw.de\/tr\/dernek\/bizi-nerede-bulabilirsiniz\/saha-ofisine-genel-bakis\/kw\/bereich\/aussenstellen\/aussenst\/9\" class=\"kw-mainColor\">\r\n          Stadtteilbibliothek:\r\n        <\/a>\r\n      <\/div>\r\n       <span>Geschwister-Scholl-Str. 10, <\/span><span>65197 Wiesbaden<\/span>\r\n    <\/div>\r\n  <\/div> \r\n  <hr>\r\n<\/div>\r\n\r\n\r\n  <\/div><hr class=\"kw-kue-spacer hidden-xs\"><div class=\"row\">\r\n<!--\r\n\r\n<div class=\"row kw-table-row alt2\">\r\n <div class=\"col-sm-4\"><a href=\"https:\/\/www.klarenthal-vbw.de\/tr\/dernek\/bizi-nerede-bulabilirsiniz\/saha-ofisine-genel-bakis\/kw\/bereich\/aussenstellen\/aussenst\/9\" class=\"block\">Stadtteilbibliothek<\/a><\/div>\r\n  <div class=\"col-sm-8 kw-table-data\">\r\n    <a href=\"https:\/\/www.klarenthal-vbw.de\/tr\/dernek\/bizi-nerede-bulabilirsiniz\/saha-ofisine-genel-bakis\/kw\/bereich\/aussenstellen\/aussenst\/9\" class=\"block\">Geschwister-Scholl-Str. 10, 65197 Wiesbaden<\/a>\r\n  <\/div>\r\n<\/div> -->\r\n\r\n<!-- B171E --><!-- B171A-->\r\n\r\n<div class=\"au&szlig;enstelle\">\r\n  \r\n  <div class=\"row\">\r\n     <div>\r\n      \r\n        <svg style=\"height:1.2rem;\" xmlns=\"http:\/\/www.w3.org\/2000\/svg\" id=\"Ebene_1\" viewbox=\"0 0 24 24\"><path d=\"M12,12.417c-3.366,0-6.105-2.739-6.105-6.105S8.634.207,12,.207s6.104,2.738,6.104,6.104-2.738,6.105-6.104,6.105ZM12,1.207c-2.815,0-5.105,2.29-5.105,5.104s2.29,5.105,5.105,5.105,5.104-2.29,5.104-5.105S14.814,1.207,12,1.207Z\"><\/path><path d=\"M22.088,23.673c-.243,0-.457-.179-.494-.428-.531-3.617-3.689-6.345-7.346-6.345h-4.497c-3.658,0-6.814,2.727-7.345,6.345-.04.273-.289.454-.567.423-.273-.04-.462-.295-.422-.567.602-4.106,4.184-7.2,8.333-7.2h4.498c4.149,0,7.731,3.094,8.336,7.2.04.272-.149.526-.423.567-.024.003-.049.005-.073.005Z\"><\/path><\/svg>\r\n      \r\n      <div class=\"kw-mainColor\">\r\n        <a href=\"https:\/\/www.klarenthal-vbw.de\/tr\/dernek\/bizi-nerede-bulabilirsiniz\/saha-ofisine-genel-bakis\/kw\/bereich\/aussenstellen\/aussenst\/8\" class=\"kw-mainColor\">\r\n          Stadtteilcafe:\r\n        <\/a>\r\n      <\/div>\r\n       <span>Graf-von-Galen-Str. 34 , <\/span><span>65197 Wiesbaden<\/span>\r\n    <\/div>\r\n  <\/div> \r\n  <hr>\r\n<\/div>\r\n\r\n<!--\r\n\r\n<div class=\"row kw-table-row alt1\">\r\n <div class=\"col-sm-4\"><a href=\"https:\/\/www.klarenthal-vbw.de\/tr\/dernek\/bizi-nerede-bulabilirsiniz\/saha-ofisine-genel-bakis\/kw\/bereich\/aussenstellen\/aussenst\/8\" class=\"block\">Stadtteilcafe<\/a><\/div>\r\n  <div class=\"col-sm-8 kw-table-data\">\r\n    <a href=\"https:\/\/www.klarenthal-vbw.de\/tr\/dernek\/bizi-nerede-bulabilirsiniz\/saha-ofisine-genel-bakis\/kw\/bereich\/aussenstellen\/aussenst\/8\" class=\"block\">Graf-von-Galen-Str. 34 , 65197 Wiesbaden<\/a>\r\n  <\/div>\r\n<\/div> -->\r\n\r\n<!-- B171E --><!-- B171A-->\r\n\r\n<div class=\"au&szlig;enstelle\">\r\n  \r\n  <div class=\"row\">\r\n     <div>\r\n      \r\n        <svg style=\"height:1.2rem;\" xmlns=\"http:\/\/www.w3.org\/2000\/svg\" id=\"Ebene_1\" viewbox=\"0 0 24 24\"><path d=\"M12,12.417c-3.366,0-6.105-2.739-6.105-6.105S8.634.207,12,.207s6.104,2.738,6.104,6.104-2.738,6.105-6.104,6.105ZM12,1.207c-2.815,0-5.105,2.29-5.105,5.104s2.29,5.105,5.105,5.105,5.104-2.29,5.104-5.105S14.814,1.207,12,1.207Z\"><\/path><path d=\"M22.088,23.673c-.243,0-.457-.179-.494-.428-.531-3.617-3.689-6.345-7.346-6.345h-4.497c-3.658,0-6.814,2.727-7.345,6.345-.04.273-.289.454-.567.423-.273-.04-.462-.295-.422-.567.602-4.106,4.184-7.2,8.333-7.2h4.498c4.149,0,7.731,3.094,8.336,7.2.04.272-.149.526-.423.567-.024.003-.049.005-.073.005Z\"><\/path><\/svg>\r\n      \r\n      <div class=\"kw-mainColor\">\r\n        <a href=\"https:\/\/www.klarenthal-vbw.de\/tr\/dernek\/bizi-nerede-bulabilirsiniz\/saha-ofisine-genel-bakis\/kw\/bereich\/aussenstellen\/aussenst\/4\" class=\"kw-mainColor\">\r\n          Volksbildungswerk Klarenthal e.V. :\r\n        <\/a>\r\n      <\/div>\r\n       <span>Eingang Klosterweg, <\/span><span>65197 Wiesbaden <\/span>\r\n    <\/div>\r\n  <\/div> \r\n  <hr>\r\n<\/div>\r\n\r\n\r\n  <\/div><hr class=\"kw-kue-spacer hidden-xs\"><div class=\"row\">\r\n<!--\r\n\r\n<div class=\"row kw-table-row alt2\">\r\n <div class=\"col-sm-4\"><a href=\"https:\/\/www.klarenthal-vbw.de\/tr\/dernek\/bizi-nerede-bulabilirsiniz\/saha-ofisine-genel-bakis\/kw\/bereich\/aussenstellen\/aussenst\/4\" class=\"block\">Volksbildungswerk Klarenthal e.V. <\/a><\/div>\r\n  <div class=\"col-sm-8 kw-table-data\">\r\n    <a href=\"https:\/\/www.klarenthal-vbw.de\/tr\/dernek\/bizi-nerede-bulabilirsiniz\/saha-ofisine-genel-bakis\/kw\/bereich\/aussenstellen\/aussenst\/4\" class=\"block\">Eingang Klosterweg, 65197 Wiesbaden <\/a>\r\n  <\/div>\r\n<\/div> -->\r\n\r\n<!-- B171E --><!-- F171A-->\r\n\r\n<\/div><!-- F171E -->\n\n","protected":false},"excerpt":{"rendered":"","protected":false},"author":2,"featured_media":0,"parent":3502,"menu_order":0,"comment_status":"closed","ping_status":"closed","template":"","meta":{"_acf_changed":false,"footnotes":""},"categories":[],"tags":[],"folder":[13],"class_list":["post-3416","page","type-page","status-publish","hentry"],"acf":[],"yoast_head":"<!-- This site is optimized with the Yoast SEO plugin v27.5 - https:\/\/yoast.com\/product\/yoast-seo-wordpress\/ -->\n<title>Saha ofisine genel bak\u0131\u015f - Volksbildungswerk Klarenthal e.V.<\/title>\n<meta name=\"description\" content=\"\u015eubelerimize genel bak\u0131\u015f\u0131 ke\u015ffedin: konumlar, hizmetler ve uzmanl\u0131k. Bize ihtiya\u00e7 duydu\u011funuz her yerde yan\u0131n\u0131zday\u0131z.\" \/>\n<meta name=\"robots\" content=\"index, follow, max-snippet:-1, max-image-preview:large, max-video-preview:-1\" \/>\n<link rel=\"canonical\" href=\"https:\/\/www.klarenthal-vbw.de\/tr\/dernek\/bizi-nerede-bulabilirsiniz\/saha-ofisine-genel-bakis\/\" \/>\n<meta property=\"og:locale\" content=\"tr_TR\" \/>\n<meta property=\"og:type\" content=\"article\" \/>\n<meta property=\"og:title\" content=\"Saha ofisine genel bak\u0131\u015f - Volksbildungswerk Klarenthal e.V.\" \/>\n<meta property=\"og:description\" content=\"\u015eubelerimize genel bak\u0131\u015f\u0131 ke\u015ffedin: konumlar, hizmetler ve uzmanl\u0131k. Bize ihtiya\u00e7 duydu\u011funuz her yerde yan\u0131n\u0131zday\u0131z.\" \/>\n<meta property=\"og:url\" content=\"https:\/\/www.klarenthal-vbw.de\/tr\/dernek\/bizi-nerede-bulabilirsiniz\/saha-ofisine-genel-bakis\/\" \/>\n<meta property=\"og:site_name\" content=\"Volksbildungswerk Klarenthal e.V.\" \/>\n<meta property=\"article:modified_time\" content=\"2025-03-11T00:23:40+00:00\" \/>\n<meta name=\"twitter:card\" content=\"summary_large_image\" \/>\n<script type=\"application\/ld+json\" class=\"yoast-schema-graph\">{\"@context\":\"https:\\\/\\\/schema.org\",\"@graph\":[{\"@type\":\"WebPage\",\"@id\":\"https:\\\/\\\/www.klarenthal-vbw.de\\\/tr\\\/dernek\\\/bizi-nerede-bulabilirsiniz\\\/saha-ofisine-genel-bakis\\\/\",\"url\":\"https:\\\/\\\/www.klarenthal-vbw.de\\\/tr\\\/dernek\\\/bizi-nerede-bulabilirsiniz\\\/saha-ofisine-genel-bakis\\\/\",\"name\":\"Saha ofisine genel bak\u0131\u015f - Volksbildungswerk Klarenthal e.V.\",\"isPartOf\":{\"@id\":\"https:\\\/\\\/www.klarenthal-vbw.de\\\/tr\\\/#website\"},\"datePublished\":\"2018-01-30T14:06:02+00:00\",\"dateModified\":\"2025-03-11T00:23:40+00:00\",\"description\":\"\u015eubelerimize genel bak\u0131\u015f\u0131 ke\u015ffedin: konumlar, hizmetler ve uzmanl\u0131k. Bize ihtiya\u00e7 duydu\u011funuz her yerde yan\u0131n\u0131zday\u0131z.\",\"breadcrumb\":{\"@id\":\"https:\\\/\\\/www.klarenthal-vbw.de\\\/tr\\\/dernek\\\/bizi-nerede-bulabilirsiniz\\\/saha-ofisine-genel-bakis\\\/#breadcrumb\"},\"inLanguage\":\"tr\",\"potentialAction\":[{\"@type\":\"ReadAction\",\"target\":[\"https:\\\/\\\/www.klarenthal-vbw.de\\\/tr\\\/dernek\\\/bizi-nerede-bulabilirsiniz\\\/saha-ofisine-genel-bakis\\\/\"]}]},{\"@type\":\"BreadcrumbList\",\"@id\":\"https:\\\/\\\/www.klarenthal-vbw.de\\\/tr\\\/dernek\\\/bizi-nerede-bulabilirsiniz\\\/saha-ofisine-genel-bakis\\\/#breadcrumb\",\"itemListElement\":[{\"@type\":\"ListItem\",\"position\":1,\"name\":\"Startseite\",\"item\":\"https:\\\/\\\/www.klarenthal-vbw.de\\\/tr\\\/\"},{\"@type\":\"ListItem\",\"position\":2,\"name\":\"Dernek\",\"item\":\"https:\\\/\\\/www.klarenthal-vbw.de\\\/tr\\\/dernek\\\/\"},{\"@type\":\"ListItem\",\"position\":3,\"name\":\"Bizi nerede bulabilirsiniz\",\"item\":\"https:\\\/\\\/www.klarenthal-vbw.de\\\/tr\\\/dernek\\\/bizi-nerede-bulabilirsiniz\\\/\"},{\"@type\":\"ListItem\",\"position\":4,\"name\":\"Saha ofisine genel bak\u0131\u015f\"}]},{\"@type\":\"WebSite\",\"@id\":\"https:\\\/\\\/www.klarenthal-vbw.de\\\/tr\\\/#website\",\"url\":\"https:\\\/\\\/www.klarenthal-vbw.de\\\/tr\\\/\",\"name\":\"Volksbildungswerk Klarenthal e.V.\",\"description\":\"Chancen. Bildung. Perspektiven\",\"publisher\":{\"@id\":\"https:\\\/\\\/www.klarenthal-vbw.de\\\/tr\\\/#organization\"},\"potentialAction\":[{\"@type\":\"SearchAction\",\"target\":{\"@type\":\"EntryPoint\",\"urlTemplate\":\"https:\\\/\\\/www.klarenthal-vbw.de\\\/tr\\\/?s={search_term_string}\"},\"query-input\":{\"@type\":\"PropertyValueSpecification\",\"valueRequired\":true,\"valueName\":\"search_term_string\"}}],\"inLanguage\":\"tr\"},{\"@type\":\"Organization\",\"@id\":\"https:\\\/\\\/www.klarenthal-vbw.de\\\/tr\\\/#organization\",\"name\":\"Volksbildungswerk Klarenthal e.V.\",\"url\":\"https:\\\/\\\/www.klarenthal-vbw.de\\\/tr\\\/\",\"logo\":{\"@type\":\"ImageObject\",\"inLanguage\":\"tr\",\"@id\":\"https:\\\/\\\/www.klarenthal-vbw.de\\\/tr\\\/#\\\/schema\\\/logo\\\/image\\\/\",\"url\":\"https:\\\/\\\/www.klarenthal-vbw.de\\\/wp-content\\\/uploads\\\/2025\\\/02\\\/logo.svg\",\"contentUrl\":\"https:\\\/\\\/www.klarenthal-vbw.de\\\/wp-content\\\/uploads\\\/2025\\\/02\\\/logo.svg\",\"caption\":\"Volksbildungswerk Klarenthal e.V.\"},\"image\":{\"@id\":\"https:\\\/\\\/www.klarenthal-vbw.de\\\/tr\\\/#\\\/schema\\\/logo\\\/image\\\/\"}}]}<\/script>\n<!-- \/ Yoast SEO plugin. -->","yoast_head_json":{"title":"Saha ofisine genel bak\u0131\u015f - Volksbildungswerk Klarenthal e.V.","description":"\u015eubelerimize genel bak\u0131\u015f\u0131 ke\u015ffedin: konumlar, hizmetler ve uzmanl\u0131k. Bize ihtiya\u00e7 duydu\u011funuz her yerde yan\u0131n\u0131zday\u0131z.","robots":{"index":"index","follow":"follow","max-snippet":"max-snippet:-1","max-image-preview":"max-image-preview:large","max-video-preview":"max-video-preview:-1"},"canonical":"https:\/\/www.klarenthal-vbw.de\/tr\/dernek\/bizi-nerede-bulabilirsiniz\/saha-ofisine-genel-bakis\/","og_locale":"tr_TR","og_type":"article","og_title":"Saha ofisine genel bak\u0131\u015f - Volksbildungswerk Klarenthal e.V.","og_description":"\u015eubelerimize genel bak\u0131\u015f\u0131 ke\u015ffedin: konumlar, hizmetler ve uzmanl\u0131k. Bize ihtiya\u00e7 duydu\u011funuz her yerde yan\u0131n\u0131zday\u0131z.","og_url":"https:\/\/www.klarenthal-vbw.de\/tr\/dernek\/bizi-nerede-bulabilirsiniz\/saha-ofisine-genel-bakis\/","og_site_name":"Volksbildungswerk Klarenthal e.V.","article_modified_time":"2025-03-11T00:23:40+00:00","twitter_card":"summary_large_image","schema":{"@context":"https:\/\/schema.org","@graph":[{"@type":"WebPage","@id":"https:\/\/www.klarenthal-vbw.de\/tr\/dernek\/bizi-nerede-bulabilirsiniz\/saha-ofisine-genel-bakis\/","url":"https:\/\/www.klarenthal-vbw.de\/tr\/dernek\/bizi-nerede-bulabilirsiniz\/saha-ofisine-genel-bakis\/","name":"Saha ofisine genel bak\u0131\u015f - Volksbildungswerk Klarenthal e.V.","isPartOf":{"@id":"https:\/\/www.klarenthal-vbw.de\/tr\/#website"},"datePublished":"2018-01-30T14:06:02+00:00","dateModified":"2025-03-11T00:23:40+00:00","description":"\u015eubelerimize genel bak\u0131\u015f\u0131 ke\u015ffedin: konumlar, hizmetler ve uzmanl\u0131k. Bize ihtiya\u00e7 duydu\u011funuz her yerde yan\u0131n\u0131zday\u0131z.","breadcrumb":{"@id":"https:\/\/www.klarenthal-vbw.de\/tr\/dernek\/bizi-nerede-bulabilirsiniz\/saha-ofisine-genel-bakis\/#breadcrumb"},"inLanguage":"tr","potentialAction":[{"@type":"ReadAction","target":["https:\/\/www.klarenthal-vbw.de\/tr\/dernek\/bizi-nerede-bulabilirsiniz\/saha-ofisine-genel-bakis\/"]}]},{"@type":"BreadcrumbList","@id":"https:\/\/www.klarenthal-vbw.de\/tr\/dernek\/bizi-nerede-bulabilirsiniz\/saha-ofisine-genel-bakis\/#breadcrumb","itemListElement":[{"@type":"ListItem","position":1,"name":"Startseite","item":"https:\/\/www.klarenthal-vbw.de\/tr\/"},{"@type":"ListItem","position":2,"name":"Dernek","item":"https:\/\/www.klarenthal-vbw.de\/tr\/dernek\/"},{"@type":"ListItem","position":3,"name":"Bizi nerede bulabilirsiniz","item":"https:\/\/www.klarenthal-vbw.de\/tr\/dernek\/bizi-nerede-bulabilirsiniz\/"},{"@type":"ListItem","position":4,"name":"Saha ofisine genel bak\u0131\u015f"}]},{"@type":"WebSite","@id":"https:\/\/www.klarenthal-vbw.de\/tr\/#website","url":"https:\/\/www.klarenthal-vbw.de\/tr\/","name":"Volksbildungswerk Klarenthal e.V.","description":"Chancen. Bildung. Perspektiven","publisher":{"@id":"https:\/\/www.klarenthal-vbw.de\/tr\/#organization"},"potentialAction":[{"@type":"SearchAction","target":{"@type":"EntryPoint","urlTemplate":"https:\/\/www.klarenthal-vbw.de\/tr\/?s={search_term_string}"},"query-input":{"@type":"PropertyValueSpecification","valueRequired":true,"valueName":"search_term_string"}}],"inLanguage":"tr"},{"@type":"Organization","@id":"https:\/\/www.klarenthal-vbw.de\/tr\/#organization","name":"Volksbildungswerk Klarenthal e.V.","url":"https:\/\/www.klarenthal-vbw.de\/tr\/","logo":{"@type":"ImageObject","inLanguage":"tr","@id":"https:\/\/www.klarenthal-vbw.de\/tr\/#\/schema\/logo\/image\/","url":"https:\/\/www.klarenthal-vbw.de\/wp-content\/uploads\/2025\/02\/logo.svg","contentUrl":"https:\/\/www.klarenthal-vbw.de\/wp-content\/uploads\/2025\/02\/logo.svg","caption":"Volksbildungswerk Klarenthal e.V."},"image":{"@id":"https:\/\/www.klarenthal-vbw.de\/tr\/#\/schema\/logo\/image\/"}}]}},"_links":{"self":[{"href":"https:\/\/www.klarenthal-vbw.de\/tr\/wp-json\/wp\/v2\/pages\/3416","targetHints":{"allow":["GET"]}}],"collection":[{"href":"https:\/\/www.klarenthal-vbw.de\/tr\/wp-json\/wp\/v2\/pages"}],"about":[{"href":"https:\/\/www.klarenthal-vbw.de\/tr\/wp-json\/wp\/v2\/types\/page"}],"author":[{"embeddable":true,"href":"https:\/\/www.klarenthal-vbw.de\/tr\/wp-json\/wp\/v2\/users\/2"}],"replies":[{"embeddable":true,"href":"https:\/\/www.klarenthal-vbw.de\/tr\/wp-json\/wp\/v2\/comments?post=3416"}],"version-history":[{"count":0,"href":"https:\/\/www.klarenthal-vbw.de\/tr\/wp-json\/wp\/v2\/pages\/3416\/revisions"}],"up":[{"embeddable":true,"href":"https:\/\/www.klarenthal-vbw.de\/tr\/wp-json\/wp\/v2\/pages\/3502"}],"wp:attachment":[{"href":"https:\/\/www.klarenthal-vbw.de\/tr\/wp-json\/wp\/v2\/media?parent=3416"}],"wp:term":[{"taxonomy":"category","embeddable":true,"href":"https:\/\/www.klarenthal-vbw.de\/tr\/wp-json\/wp\/v2\/categories?post=3416"},{"taxonomy":"post_tag","embeddable":true,"href":"https:\/\/www.klarenthal-vbw.de\/tr\/wp-json\/wp\/v2\/tags?post=3416"},{"taxonomy":"folder","embeddable":true,"href":"https:\/\/www.klarenthal-vbw.de\/tr\/wp-json\/wp\/v2\/folder?post=3416"}],"curies":[{"name":"wp","href":"https:\/\/api.w.org\/{rel}","templated":true}]}}