{"id":4711,"date":"2025-02-27T22:01:15","date_gmt":"2025-02-27T21:01:15","guid":{"rendered":"https:\/\/vbw.entwicklung-mediengewerk.de\/mahalle-calismalari\/"},"modified":"2025-09-17T09:33:17","modified_gmt":"2025-09-17T07:33:17","slug":"mahalle-calismalari","status":"publish","type":"page","link":"https:\/\/www.klarenthal-vbw.de\/tr\/sosyal-mahalle-calismalari\/mahalle-calismalari\/","title":{"rendered":"Mahalle \u00e7al\u0131\u015fmalar\u0131"},"content":{"rendered":"\t\t<div data-elementor-type=\"wp-page\" data-elementor-id=\"4711\" class=\"elementor elementor-4711 elementor-3654\" data-elementor-post-type=\"page\">\n\t\t\t\t<div class=\"elementor-element elementor-element-48e243d8 e-flex e-con-boxed e-con e-parent\" data-id=\"48e243d8\" data-element_type=\"container\">\n\t\t\t\t\t<div class=\"e-con-inner\">\n\t\t\t\t<div class=\"elementor-element elementor-element-8015fa9 animated-slow elementor-widget__width-initial elementor-view-default elementor-invisible elementor-widget elementor-widget-icon\" data-id=\"8015fa9\" data-element_type=\"widget\" data-settings=\"{&quot;_animation&quot;:&quot;fadeIn&quot;}\" data-widget_type=\"icon.default\">\n\t\t\t\t<div class=\"elementor-widget-container\">\n\t\t\t\t\t\t\t<div class=\"elementor-icon-wrapper\">\n\t\t\t<div class=\"elementor-icon\">\n\t\t\t<svg xmlns=\"http:\/\/www.w3.org\/2000\/svg\" id=\"Ebene_1\" viewBox=\"0 0 24 24\"><path d=\"M22.993,23.55h-7.493c-.027,0-.05-.022-.05-.05V1.022c0-.303.246-.55.55-.55h6.993c.304,0,.55.247.55.55v21.978c0,.304-.246.55-.55.55ZM15.55,23.45h7.443c.248,0,.45-.202.45-.45V1.022c0-.248-.202-.45-.45-.45h-6.993c-.248,0-.45.202-.45.45v22.428Z\"><\/path><path d=\"M15.496,23.55h-7.991c-.028,0-.05-.022-.05-.05v-10.989c0-.028.022-.05.05-.05h7.991c.027,0,.05.022.05.05s-.022.05-.05.05h-7.941v10.889h7.941c.027,0,.05.022.05.05s-.022.05-.05.05Z\"><\/path><path d=\"M15.5,12.561h-7.995c-.02,0-.039-.012-.046-.031-.007-.019-.003-.04.011-.054l3.642-3.643c.214-.215.563-.215.777,0l3.646,3.643c.015.014.019.036.011.054s-.025.031-.046.031ZM7.625,12.461h7.753l-3.56-3.558h0c-.176-.175-.461-.175-.637,0l-3.557,3.558Z\"><\/path><path d=\"M7.505,23.55H2.01c-.303,0-.55-.246-.55-.55v-4.5c0-.027.022-.05.05-.05h5.995c.028,0,.05.022.05.05s-.022.05-.05.05H1.56v4.45c0,.248.202.45.45.45h5.495c.028,0,.05.022.05.05s-.022.05-.05.05Z\"><\/path><path d=\"M7.505,18.557H1.445c-.108,0-.213-.032-.304-.092-.122-.081-.206-.205-.234-.35-.029-.144,0-.29.081-.412l1.332-2c.103-.153.273-.245.458-.245h4.728c.028,0,.05.022.05.05s-.022.05-.05.05H2.777c-.151,0-.291.075-.375.2l-1.332,2c-.066.101-.09.22-.066.338.024.118.092.219.192.285.074.05.16.076.249.076h6.06c.028,0,.05.022.05.05s-.022.05-.05.05Z\"><\/path><path d=\"M17.494,3.57c-.027,0-.05-.022-.05-.05v-.999c0-.028.022-.05.05-.05s.05.022.05.05v.999c0,.028-.022.05-.05.05Z\"><\/path><path d=\"M19.492,3.57c-.027,0-.05-.022-.05-.05v-.999c0-.028.022-.05.05-.05s.05.022.05.05v.999c0,.028-.022.05-.05.05Z\"><\/path><path d=\"M21.49,3.57c-.027,0-.05-.022-.05-.05v-.999c0-.028.022-.05.05-.05s.05.022.05.05v.999c0,.028-.022.05-.05.05Z\"><\/path><path d=\"M17.494,7.566c-.027,0-.05-.022-.05-.05v-.999c0-.028.022-.05.05-.05s.05.022.05.05v.999c0,.028-.022.05-.05.05Z\"><\/path><path d=\"M19.492,7.566c-.027,0-.05-.022-.05-.05v-.999c0-.028.022-.05.05-.05s.05.022.05.05v.999c0,.028-.022.05-.05.05Z\"><\/path><path d=\"M21.49,7.566c-.027,0-.05-.022-.05-.05v-.999c0-.028.022-.05.05-.05s.05.022.05.05v.999c0,.028-.022.05-.05.05Z\"><\/path><path d=\"M17.494,11.562c-.027,0-.05-.022-.05-.05v-.999c0-.028.022-.05.05-.05s.05.022.05.05v.999c0,.028-.022.05-.05.05Z\"><\/path><path d=\"M19.492,11.562c-.027,0-.05-.022-.05-.05v-.999c0-.028.022-.05.05-.05s.05.022.05.05v.999c0,.028-.022.05-.05.05Z\"><\/path><path d=\"M21.49,11.562c-.027,0-.05-.022-.05-.05v-.999c0-.028.022-.05.05-.05s.05.022.05.05v.999c0,.028-.022.05-.05.05Z\"><\/path><path d=\"M17.494,15.558c-.027,0-.05-.022-.05-.05v-.999c0-.027.022-.05.05-.05s.05.022.05.05v.999c0,.027-.022.05-.05.05Z\"><\/path><path d=\"M19.492,15.558c-.027,0-.05-.022-.05-.05v-.999c0-.027.022-.05.05-.05s.05.022.05.05v.999c0,.027-.022.05-.05.05Z\"><\/path><path d=\"M21.49,15.558c-.027,0-.05-.022-.05-.05v-.999c0-.027.022-.05.05-.05s.05.022.05.05v.999c0,.027-.022.05-.05.05Z\"><\/path><path d=\"M9.565,17.034c-.028,0-.05-.022-.05-.05v-.999c0-.027.022-.05.05-.05s.05.022.05.05v.999c0,.027-.022.05-.05.05Z\"><\/path><path d=\"M11.563,17.034c-.028,0-.05-.022-.05-.05v-.999c0-.027.022-.05.05-.05s.05.022.05.05v.999c0,.027-.022.05-.05.05Z\"><\/path><path d=\"M13.561,17.034c-.027,0-.05-.022-.05-.05v-.999c0-.027.022-.05.05-.05s.05.022.05.05v.999c0,.027-.022.05-.05.05Z\"><\/path><path d=\"M9.565,21.03c-.028,0-.05-.022-.05-.05v-.999c0-.027.022-.05.05-.05s.05.022.05.05v.999c0,.027-.022.05-.05.05Z\"><\/path><path d=\"M11.563,21.03c-.028,0-.05-.022-.05-.05v-.999c0-.027.022-.05.05-.05s.05.022.05.05v.999c0,.027-.022.05-.05.05Z\"><\/path><path d=\"M13.561,21.03c-.027,0-.05-.022-.05-.05v-.999c0-.027.022-.05.05-.05s.05.022.05.05v.999c0,.027-.022.05-.05.05Z\"><\/path><path d=\"M17.494,19.554c-.027,0-.05-.022-.05-.05v-.999c0-.027.022-.05.05-.05s.05.022.05.05v.999c0,.027-.022.05-.05.05Z\"><\/path><path d=\"M19.492,19.554c-.027,0-.05-.022-.05-.05v-.999c0-.027.022-.05.05-.05s.05.022.05.05v.999c0,.027-.022.05-.05.05Z\"><\/path><path d=\"M21.49,19.554c-.027,0-.05-.022-.05-.05v-.999c0-.027.022-.05.05-.05s.05.022.05.05v.999c0,.027-.022.05-.05.05Z\"><\/path><path d=\"M2.144,6.569c-.918,0-1.671-.743-1.682-1.664,0-.115.012-.231.036-.347.092-.435.348-.807.72-1.049.356-.231.777-.317,1.196-.242.17-1.612,1.506-2.817,3.132-2.817h.013c1.165,0,2.239.675,2.746,1.722.016,0,.032,0,.048,0h0c.586,0,1.137.228,1.552.643.415.415.644.966.644,1.553-.019,1.117-.869,2.062-1.977,2.2H2.231c-.027.001-.058.003-.087.002ZM2.121,3.341c-.298,0-.591.086-.847.252-.35.228-.59.577-.677.985-.023.109-.035.218-.034.326.01.866.718,1.564,1.583,1.564.028,0,.057,0,.084-.002h6.335c1.057-.133,1.868-1.036,1.886-2.101,0-.559-.219-1.085-.615-1.481-.396-.396-.921-.614-1.481-.614h0c-.026,0-.052,0-.078.001h-.002c-.02,0-.037-.011-.045-.028-.484-1.029-1.532-1.695-2.669-1.695h-.013c-1.592,0-2.897,1.194-3.038,2.782-.001.014-.009.027-.02.036s-.025.013-.04.009c-.109-.023-.219-.035-.328-.035Z\"><\/path><\/svg>\t\t\t<\/div>\n\t\t<\/div>\n\t\t\t\t\t\t<\/div>\n\t\t\t\t<\/div>\n\t\t\t\t<div class=\"elementor-element elementor-element-e5144aa elementor-widget__width-inherit elementor-widget elementor-widget-text-editor\" data-id=\"e5144aa\" data-element_type=\"widget\" data-widget_type=\"text-editor.default\">\n\t\t\t\t<div class=\"elementor-widget-container\">\n\t\t\t\t\t\t\t\t\t<h2 class=\"wp-block-heading\">Mahalle \u00e7al\u0131\u015fmalar\u0131 &#8211; Klarenthal i\u00e7in g\u00fc\u00e7l\u00fc bir a\u011f<\/h2><p>Klarenthal&#8217;deki mahalle \u00e7al\u0131\u015fmalar\u0131m\u0131z toplumu g\u00fc\u00e7lendirmekte ve b\u00f6lgeyi ya\u015famak i\u00e7in daha iyi bir yer haline getirmektedir. Amac\u0131m\u0131z sayg\u0131, \u00e7e\u015fitlilik ve kat\u0131l\u0131mla karakterize edilen canl\u0131 bir toplum yaratmakt\u0131r. Kendini i\u015fine adam\u0131\u015f vatanda\u015flar, yerel kurumlar ve uzun soluklu ortaklar\u0131m\u0131zla birlikte Klarenthal&#8217;i s\u00fcrd\u00fcr\u00fclebilir bir \u015fekilde geli\u015ftiren projeler uyguluyoruz.  <\/p><p> <\/p><h3 class=\"wp-block-heading\"> <\/h3>\t\t\t\t\t\t\t\t<\/div>\n\t\t\t\t<\/div>\n\t\t\t\t<div class=\"elementor-element elementor-element-13cc72cc elementor-widget elementor-widget-text-editor\" data-id=\"13cc72cc\" data-element_type=\"widget\" data-widget_type=\"text-editor.default\">\n\t\t\t\t<div class=\"elementor-widget-container\">\n\t\t\t\t\t\t\t\t\t<h3 class=\"wp-block-heading\">Daha fazla kar\u015f\u0131la\u015fma ve destek i\u00e7in<\/h3><p>Odak noktam\u0131z kar\u015f\u0131la\u015fmalar ve destek: insanlar\u0131n fikir al\u0131\u015fveri\u015finde bulunabilecekleri, fikir geli\u015ftirebilecekleri ve ya\u015fam ortamlar\u0131n\u0131 aktif olarak \u015fekillendirebilecekleri alanlar yarat\u0131yoruz. Aileler, ya\u015fl\u0131lar ve g\u00f6\u00e7men k\u00f6kenli insanlar tavsiye, hizmet ve destek i\u00e7in bize gelebilirler &#8211; bireysel, karma\u015f\u0131k olmayan ve yak\u0131n. <\/p><h3 class=\"wp-block-heading\">\u0130\u015f birlikleri<\/h3><p><strong>GWH Wohnungsgesellschaft mbH<\/strong>, <strong>Nassauische Heimst\u00e4tte Wohnstadt<\/strong> ve <strong>GWW Wiesbadener Wohnbaugesellschaft mbH<\/strong> dahil olmak \u00fczere okullar, dernekler, sosyal kurumlar veya konut end\u00fcstrisi ile olsun, g\u00fcc\u00fcm\u00fcz i\u015fbirli\u011fidir &#8211; ortaklar\u0131m\u0131zla birlikte mahallenin zorluklar\u0131 i\u00e7in yenilik\u00e7i \u00e7\u00f6z\u00fcmler geli\u015ftiriyoruz. S\u00fcrd\u00fcr\u00fclebilirlik, e\u011fitim ve sosyal entegrasyon \u00e7al\u0131\u015fmalar\u0131m\u0131z\u0131n temel ta\u015flar\u0131d\u0131r. <\/p><h3 class=\"wp-block-heading\">Mahalle konferans\u0131<\/h3><p>2025 y\u0131l\u0131nda b\u00f6lge konferans\u0131, b\u00f6lgede a\u011f olu\u015fturma fikrine ba\u011fl\u0131 kalmaya devam edecektir. Klarenthal&#8217;deki sosyal ve k\u00fclt\u00fcrel \u00e7al\u0131\u015fmalar birlikte daha da geli\u015ftirilecektir. Eyalet ba\u015fkenti Wiesbaden&#8217;in \u00e7al\u0131\u015fmalar\u0131ndan kaynaklanan pek \u00e7ok zorluk, b\u00f6lge konferans\u0131nda ele al\u0131nm\u0131\u015ft\u0131r.  <\/p><p>G\u00fcncel olaylar toplumsal birliktelik i\u00e7in yeni sorular ortaya \u00e7\u0131karmaktad\u0131r. Etkili eylemlerde bulunmak i\u00e7in her zaman \u00f6rg\u00fctlere ihtiya\u00e7 vard\u0131r. Mahalle konferans\u0131 son y\u0131llarda faaliyet yelpazesini geni\u015fletmi\u015ftir. G\u00f6n\u00fcll\u00fc \u00e7al\u0131\u015fmay\u0131 g\u00fc\u00e7lendirmek i\u00e7in sergiler veya etkinlikler gibi ortak projeler \u00f6nermektedir. Volksbildungswerk&#8217;in arka plandaki mahalle y\u00f6netimi ile \u015fimdiye kadar baz\u0131 sonu\u00e7lar da hayata ge\u00e7irildi. Mahalle konferans\u0131na ek olarak, Klarenthal&#8217;de iyi i\u015fleyen KiEZ destek a\u011f\u0131 veya demokrasinin te\u015fviki i\u00e7in yuvarlak masa gibi ba\u015fka a\u011f olu\u015fturma bi\u00e7imleri de vard\u0131r. Kat\u0131l\u0131mc\u0131lar bunlar hakk\u0131nda da bilgilendirilmektedir.      <\/p><h3>Klarenthal demokrasiyi ya\u015f\u0131yor<\/h3><p>&#8220;Klarenthal Demokrasiyi Ya\u015f\u0131yor&#8221; demokratik kat\u0131l\u0131m\u0131, yerel kalk\u0131nmay\u0131 ve sahada sosyal sorumlulu\u011fu te\u015fvik eden bir <strong>giri\u015fimdir<\/strong>. H\u0131ristiyan kiliseleri, t\u00fcm demokratik partilerin temsilcileri, Volksbildungswerk Klarenthal, KiEZ Klarenthal, Klarenthal il\u00e7e merkezi ve Klarenthal sivil toplumunun di\u011fer akt\u00f6rlerinden olu\u015fan bir derne\u011fiz. Amac\u0131m\u0131z, demokrasi i\u00e7in aktif, yarat\u0131c\u0131, yerel ve somut bir \u00f6rnek olu\u015fturmak, kat\u0131l\u0131m\u0131 te\u015fvik etmek ve mahallede diyalo\u011fu g\u00fc\u00e7lendirmektir.  <\/p><p>Birlikte <strong>demokrasi<\/strong> konusunda <strong>bilgilendirme etkinlikleri<\/strong>, projeler ve kampanyalar planl\u0131yoruz. A\u011f kurmak, e\u011fitmek, diyalo\u011fu te\u015fvik etmek, bilgilendirmek ve ba\u011flant\u0131 kurmak istiyoruz. Bunun bir par\u00e7as\u0131 olarak <strong>&#8220;Klarenthal&#8217;de Demokrasi Haftas\u0131 &#8220;<\/strong> n\u0131 ba\u015flatt\u0131k.  <\/p>\t\t\t\t\t\t\t\t<\/div>\n\t\t\t\t<\/div>\n\t\t\t\t<div class=\"elementor-element elementor-element-b6312b8 elementor-widget elementor-widget-button\" data-id=\"b6312b8\" data-element_type=\"widget\" data-widget_type=\"button.default\">\n\t\t\t\t<div class=\"elementor-widget-container\">\n\t\t\t\t\t\t\t\t\t<div class=\"elementor-button-wrapper\">\n\t\t\t\t\t<a class=\"elementor-button elementor-button-link elementor-size-sm\" href=\"https:\/\/www.klarenthal-vbw.de\/wp-content\/uploads\/2025\/09\/Demokratie-IN-Klarenthal_programm.pdf\">\n\t\t\t\t\t\t<span class=\"elementor-button-content-wrapper\">\n\t\t\t\t\t\t\t\t\t<span class=\"elementor-button-text\">Bro\u015f\u00fcr\u00fc indirin<\/span>\n\t\t\t\t\t<\/span>\n\t\t\t\t\t<\/a>\n\t\t\t\t<\/div>\n\t\t\t\t\t\t\t\t<\/div>\n\t\t\t\t<\/div>\n\t\t\t\t<div class=\"elementor-element elementor-element-17e7960 elementor-position-left elementor-widget__width-inherit elementor-view-default elementor-mobile-position-top elementor-widget elementor-widget-icon-box\" data-id=\"17e7960\" data-element_type=\"widget\" data-widget_type=\"icon-box.default\">\n\t\t\t\t<div class=\"elementor-widget-container\">\n\t\t\t\t\t\t\t<div class=\"elementor-icon-box-wrapper\">\n\n\t\t\t\t\t\t<div class=\"elementor-icon-box-icon\">\n\t\t\t\t<span  class=\"elementor-icon\">\n\t\t\t\t<svg xmlns=\"http:\/\/www.w3.org\/2000\/svg\" id=\"Ebene_1\" viewBox=\"0 0 24 24\"><path d=\"M12,.158C5.46.158.158,5.46.158,12s5.302,11.842,11.842,11.842,11.842-5.302,11.842-11.842S18.54.158,12,.158ZM11.471,3.192c.633,0,1.148.515,1.148,1.148s-.515,1.148-1.148,1.148-1.148-.515-1.148-1.148.515-1.148,1.148-1.148ZM15.695,20.808h-2.297c-.613,0-1.19-.239-1.624-.673s-.673-1.011-.673-1.624v-9.953h-2.297c-.423,0-.766-.342-.766-.766s.342-.766.766-.766h2.297c.409,0,.793.159,1.083.449.285.285.449.68.449,1.083v9.953c0,.205.08.396.224.541.143.142.34.224.541.224h2.297c.423,0,.766.342.766.766s-.342.766-.766.766Z\"><\/path><\/svg>\t\t\t\t<\/span>\n\t\t\t<\/div>\n\t\t\t\n\t\t\t\t\t\t<div class=\"elementor-icon-box-content\">\n\n\t\t\t\t\t\t\t\t\t<h4 class=\"elementor-icon-box-title\">\n\t\t\t\t\t\t<span  >\n\t\t\t\t\t\t\tTarihler\t\t\t\t\t\t<\/span>\n\t\t\t\t\t<\/h4>\n\t\t\t\t\n\t\t\t\t\t\t\t\t\t<p class=\"elementor-icon-box-description\">\n\t\t\t\t\t\t<p>Sonraki randevular\u0131m\u0131z:\n<\/p><ul>\n<li>Per, 27.03.25, 10.30 - 12.00<\/li>\n<li>Per, 15.05.25, 10.30 - 12.00<\/li><\/ul>\n\n<sub>*de\u011fi\u015fen kurs yerleri, 2 tarih<\/sub>\t\t\t\t\t<\/p>\n\t\t\t\t\n\t\t\t<\/div>\n\t\t\t\n\t\t<\/div>\n\t\t\t\t\t\t<\/div>\n\t\t\t\t<\/div>\n\t\t\t\t\t<\/div>\n\t\t\t\t<\/div>\n\t\t\t\t<\/div>\n\t\t","protected":false},"excerpt":{"rendered":"<p>Mahalle \u00e7al\u0131\u015fmalar\u0131 &#8211; Klarenthal i\u00e7in g\u00fc\u00e7l\u00fc bir a\u011f Klarenthal&#8217;deki mahalle \u00e7al\u0131\u015fmalar\u0131m\u0131z toplumu g\u00fc\u00e7lendirmekte ve b\u00f6lgeyi ya\u015famak i\u00e7in daha iyi bir yer haline getirmektedir. Amac\u0131m\u0131z sayg\u0131, \u00e7e\u015fitlilik ve kat\u0131l\u0131mla karakterize edilen canl\u0131 bir toplum yaratmakt\u0131r. Kendini i\u015fine adam\u0131\u015f vatanda\u015flar, yerel kurumlar ve uzun soluklu ortaklar\u0131m\u0131zla birlikte Klarenthal&#8217;i s\u00fcrd\u00fcr\u00fclebilir bir \u015fekilde geli\u015ftiren projeler uyguluyoruz. Daha fazla kar\u015f\u0131la\u015fma [&hellip;]<\/p>\n","protected":false},"author":8,"featured_media":0,"parent":4733,"menu_order":0,"comment_status":"closed","ping_status":"closed","template":"","meta":{"_acf_changed":false,"footnotes":""},"categories":[],"tags":[192,239],"folder":[15],"class_list":["post-4711","page","type-page","status-publish","hentry","tag-mahalle-calismasi","tag-mahalle-calismalarinin-yoenetimi"],"acf":[],"yoast_head":"<!-- This site is optimized with the Yoast SEO plugin v27.5 - https:\/\/yoast.com\/product\/yoast-seo-wordpress\/ -->\n<title>Mahalle \u00e7al\u0131\u015fmalar\u0131 - Volksbildungswerk Klarenthal e.V.<\/title>\n<meta name=\"description\" content=\"Klarenthal B\u00f6lge \u00c7al\u0131\u015fmas\u0131: Volksbildungswerk Klarenthal, b\u00f6lgede toplumsal ve sosyal deste\u011fi te\u015fvik etmektedir.\" \/>\n<meta name=\"robots\" content=\"index, follow, max-snippet:-1, max-image-preview:large, max-video-preview:-1\" \/>\n<link rel=\"canonical\" href=\"https:\/\/www.klarenthal-vbw.de\/tr\/sosyal-mahalle-calismalari\/mahalle-calismalari\/\" \/>\n<meta property=\"og:locale\" content=\"tr_TR\" \/>\n<meta property=\"og:type\" content=\"article\" \/>\n<meta property=\"og:title\" content=\"Mahalle \u00e7al\u0131\u015fmalar\u0131 - Volksbildungswerk Klarenthal e.V.\" \/>\n<meta property=\"og:description\" content=\"Klarenthal B\u00f6lge \u00c7al\u0131\u015fmas\u0131: Volksbildungswerk Klarenthal, b\u00f6lgede toplumsal ve sosyal deste\u011fi te\u015fvik etmektedir.\" \/>\n<meta property=\"og:url\" content=\"https:\/\/www.klarenthal-vbw.de\/tr\/sosyal-mahalle-calismalari\/mahalle-calismalari\/\" \/>\n<meta property=\"og:site_name\" content=\"Volksbildungswerk Klarenthal e.V.\" \/>\n<meta property=\"article:modified_time\" content=\"2025-09-17T07:33:17+00:00\" \/>\n<meta name=\"twitter:card\" content=\"summary_large_image\" \/>\n<meta name=\"twitter:label1\" content=\"Tahmini okuma s\u00fcresi\" \/>\n\t<meta name=\"twitter:data1\" content=\"3 dakika\" \/>\n<script type=\"application\/ld+json\" class=\"yoast-schema-graph\">{\"@context\":\"https:\\\/\\\/schema.org\",\"@graph\":[{\"@type\":\"WebPage\",\"@id\":\"https:\\\/\\\/www.klarenthal-vbw.de\\\/tr\\\/sosyal-mahalle-calismalari\\\/mahalle-calismalari\\\/\",\"url\":\"https:\\\/\\\/www.klarenthal-vbw.de\\\/tr\\\/sosyal-mahalle-calismalari\\\/mahalle-calismalari\\\/\",\"name\":\"Mahalle \u00e7al\u0131\u015fmalar\u0131 - Volksbildungswerk Klarenthal e.V.\",\"isPartOf\":{\"@id\":\"https:\\\/\\\/www.klarenthal-vbw.de\\\/tr\\\/#website\"},\"datePublished\":\"2025-02-27T21:01:15+00:00\",\"dateModified\":\"2025-09-17T07:33:17+00:00\",\"description\":\"Klarenthal B\u00f6lge \u00c7al\u0131\u015fmas\u0131: Volksbildungswerk Klarenthal, b\u00f6lgede toplumsal ve sosyal deste\u011fi te\u015fvik etmektedir.\",\"breadcrumb\":{\"@id\":\"https:\\\/\\\/www.klarenthal-vbw.de\\\/tr\\\/sosyal-mahalle-calismalari\\\/mahalle-calismalari\\\/#breadcrumb\"},\"inLanguage\":\"tr\",\"potentialAction\":[{\"@type\":\"ReadAction\",\"target\":[\"https:\\\/\\\/www.klarenthal-vbw.de\\\/tr\\\/sosyal-mahalle-calismalari\\\/mahalle-calismalari\\\/\"]}]},{\"@type\":\"BreadcrumbList\",\"@id\":\"https:\\\/\\\/www.klarenthal-vbw.de\\\/tr\\\/sosyal-mahalle-calismalari\\\/mahalle-calismalari\\\/#breadcrumb\",\"itemListElement\":[{\"@type\":\"ListItem\",\"position\":1,\"name\":\"Startseite\",\"item\":\"https:\\\/\\\/www.klarenthal-vbw.de\\\/tr\\\/\"},{\"@type\":\"ListItem\",\"position\":2,\"name\":\"Sosyal mahalle \u00e7al\u0131\u015fmalar\u0131\",\"item\":\"https:\\\/\\\/www.klarenthal-vbw.de\\\/tr\\\/sosyal-mahalle-calismalari\\\/\"},{\"@type\":\"ListItem\",\"position\":3,\"name\":\"Mahalle \u00e7al\u0131\u015fmalar\u0131\"}]},{\"@type\":\"WebSite\",\"@id\":\"https:\\\/\\\/www.klarenthal-vbw.de\\\/tr\\\/#website\",\"url\":\"https:\\\/\\\/www.klarenthal-vbw.de\\\/tr\\\/\",\"name\":\"Volksbildungswerk Klarenthal e.V.\",\"description\":\"Chancen. Bildung. Perspektiven\",\"publisher\":{\"@id\":\"https:\\\/\\\/www.klarenthal-vbw.de\\\/tr\\\/#organization\"},\"potentialAction\":[{\"@type\":\"SearchAction\",\"target\":{\"@type\":\"EntryPoint\",\"urlTemplate\":\"https:\\\/\\\/www.klarenthal-vbw.de\\\/tr\\\/?s={search_term_string}\"},\"query-input\":{\"@type\":\"PropertyValueSpecification\",\"valueRequired\":true,\"valueName\":\"search_term_string\"}}],\"inLanguage\":\"tr\"},{\"@type\":\"Organization\",\"@id\":\"https:\\\/\\\/www.klarenthal-vbw.de\\\/tr\\\/#organization\",\"name\":\"Volksbildungswerk Klarenthal e.V.\",\"url\":\"https:\\\/\\\/www.klarenthal-vbw.de\\\/tr\\\/\",\"logo\":{\"@type\":\"ImageObject\",\"inLanguage\":\"tr\",\"@id\":\"https:\\\/\\\/www.klarenthal-vbw.de\\\/tr\\\/#\\\/schema\\\/logo\\\/image\\\/\",\"url\":\"https:\\\/\\\/www.klarenthal-vbw.de\\\/wp-content\\\/uploads\\\/2025\\\/02\\\/logo.svg\",\"contentUrl\":\"https:\\\/\\\/www.klarenthal-vbw.de\\\/wp-content\\\/uploads\\\/2025\\\/02\\\/logo.svg\",\"caption\":\"Volksbildungswerk Klarenthal e.V.\"},\"image\":{\"@id\":\"https:\\\/\\\/www.klarenthal-vbw.de\\\/tr\\\/#\\\/schema\\\/logo\\\/image\\\/\"}}]}<\/script>\n<!-- \/ Yoast SEO plugin. -->","yoast_head_json":{"title":"Mahalle \u00e7al\u0131\u015fmalar\u0131 - Volksbildungswerk Klarenthal e.V.","description":"Klarenthal B\u00f6lge \u00c7al\u0131\u015fmas\u0131: Volksbildungswerk Klarenthal, b\u00f6lgede toplumsal ve sosyal deste\u011fi te\u015fvik etmektedir.","robots":{"index":"index","follow":"follow","max-snippet":"max-snippet:-1","max-image-preview":"max-image-preview:large","max-video-preview":"max-video-preview:-1"},"canonical":"https:\/\/www.klarenthal-vbw.de\/tr\/sosyal-mahalle-calismalari\/mahalle-calismalari\/","og_locale":"tr_TR","og_type":"article","og_title":"Mahalle \u00e7al\u0131\u015fmalar\u0131 - Volksbildungswerk Klarenthal e.V.","og_description":"Klarenthal B\u00f6lge \u00c7al\u0131\u015fmas\u0131: Volksbildungswerk Klarenthal, b\u00f6lgede toplumsal ve sosyal deste\u011fi te\u015fvik etmektedir.","og_url":"https:\/\/www.klarenthal-vbw.de\/tr\/sosyal-mahalle-calismalari\/mahalle-calismalari\/","og_site_name":"Volksbildungswerk Klarenthal e.V.","article_modified_time":"2025-09-17T07:33:17+00:00","twitter_card":"summary_large_image","twitter_misc":{"Tahmini okuma s\u00fcresi":"3 dakika"},"schema":{"@context":"https:\/\/schema.org","@graph":[{"@type":"WebPage","@id":"https:\/\/www.klarenthal-vbw.de\/tr\/sosyal-mahalle-calismalari\/mahalle-calismalari\/","url":"https:\/\/www.klarenthal-vbw.de\/tr\/sosyal-mahalle-calismalari\/mahalle-calismalari\/","name":"Mahalle \u00e7al\u0131\u015fmalar\u0131 - Volksbildungswerk Klarenthal e.V.","isPartOf":{"@id":"https:\/\/www.klarenthal-vbw.de\/tr\/#website"},"datePublished":"2025-02-27T21:01:15+00:00","dateModified":"2025-09-17T07:33:17+00:00","description":"Klarenthal B\u00f6lge \u00c7al\u0131\u015fmas\u0131: Volksbildungswerk Klarenthal, b\u00f6lgede toplumsal ve sosyal deste\u011fi te\u015fvik etmektedir.","breadcrumb":{"@id":"https:\/\/www.klarenthal-vbw.de\/tr\/sosyal-mahalle-calismalari\/mahalle-calismalari\/#breadcrumb"},"inLanguage":"tr","potentialAction":[{"@type":"ReadAction","target":["https:\/\/www.klarenthal-vbw.de\/tr\/sosyal-mahalle-calismalari\/mahalle-calismalari\/"]}]},{"@type":"BreadcrumbList","@id":"https:\/\/www.klarenthal-vbw.de\/tr\/sosyal-mahalle-calismalari\/mahalle-calismalari\/#breadcrumb","itemListElement":[{"@type":"ListItem","position":1,"name":"Startseite","item":"https:\/\/www.klarenthal-vbw.de\/tr\/"},{"@type":"ListItem","position":2,"name":"Sosyal mahalle \u00e7al\u0131\u015fmalar\u0131","item":"https:\/\/www.klarenthal-vbw.de\/tr\/sosyal-mahalle-calismalari\/"},{"@type":"ListItem","position":3,"name":"Mahalle \u00e7al\u0131\u015fmalar\u0131"}]},{"@type":"WebSite","@id":"https:\/\/www.klarenthal-vbw.de\/tr\/#website","url":"https:\/\/www.klarenthal-vbw.de\/tr\/","name":"Volksbildungswerk Klarenthal e.V.","description":"Chancen. Bildung. Perspektiven","publisher":{"@id":"https:\/\/www.klarenthal-vbw.de\/tr\/#organization"},"potentialAction":[{"@type":"SearchAction","target":{"@type":"EntryPoint","urlTemplate":"https:\/\/www.klarenthal-vbw.de\/tr\/?s={search_term_string}"},"query-input":{"@type":"PropertyValueSpecification","valueRequired":true,"valueName":"search_term_string"}}],"inLanguage":"tr"},{"@type":"Organization","@id":"https:\/\/www.klarenthal-vbw.de\/tr\/#organization","name":"Volksbildungswerk Klarenthal e.V.","url":"https:\/\/www.klarenthal-vbw.de\/tr\/","logo":{"@type":"ImageObject","inLanguage":"tr","@id":"https:\/\/www.klarenthal-vbw.de\/tr\/#\/schema\/logo\/image\/","url":"https:\/\/www.klarenthal-vbw.de\/wp-content\/uploads\/2025\/02\/logo.svg","contentUrl":"https:\/\/www.klarenthal-vbw.de\/wp-content\/uploads\/2025\/02\/logo.svg","caption":"Volksbildungswerk Klarenthal e.V."},"image":{"@id":"https:\/\/www.klarenthal-vbw.de\/tr\/#\/schema\/logo\/image\/"}}]}},"_links":{"self":[{"href":"https:\/\/www.klarenthal-vbw.de\/tr\/wp-json\/wp\/v2\/pages\/4711","targetHints":{"allow":["GET"]}}],"collection":[{"href":"https:\/\/www.klarenthal-vbw.de\/tr\/wp-json\/wp\/v2\/pages"}],"about":[{"href":"https:\/\/www.klarenthal-vbw.de\/tr\/wp-json\/wp\/v2\/types\/page"}],"author":[{"embeddable":true,"href":"https:\/\/www.klarenthal-vbw.de\/tr\/wp-json\/wp\/v2\/users\/8"}],"replies":[{"embeddable":true,"href":"https:\/\/www.klarenthal-vbw.de\/tr\/wp-json\/wp\/v2\/comments?post=4711"}],"version-history":[{"count":2,"href":"https:\/\/www.klarenthal-vbw.de\/tr\/wp-json\/wp\/v2\/pages\/4711\/revisions"}],"predecessor-version":[{"id":9653,"href":"https:\/\/www.klarenthal-vbw.de\/tr\/wp-json\/wp\/v2\/pages\/4711\/revisions\/9653"}],"up":[{"embeddable":true,"href":"https:\/\/www.klarenthal-vbw.de\/tr\/wp-json\/wp\/v2\/pages\/4733"}],"wp:attachment":[{"href":"https:\/\/www.klarenthal-vbw.de\/tr\/wp-json\/wp\/v2\/media?parent=4711"}],"wp:term":[{"taxonomy":"category","embeddable":true,"href":"https:\/\/www.klarenthal-vbw.de\/tr\/wp-json\/wp\/v2\/categories?post=4711"},{"taxonomy":"post_tag","embeddable":true,"href":"https:\/\/www.klarenthal-vbw.de\/tr\/wp-json\/wp\/v2\/tags?post=4711"},{"taxonomy":"folder","embeddable":true,"href":"https:\/\/www.klarenthal-vbw.de\/tr\/wp-json\/wp\/v2\/folder?post=4711"}],"curies":[{"name":"wp","href":"https:\/\/api.w.org\/{rel}","templated":true}]}}