{"id":8020,"date":"2018-01-11T15:25:24","date_gmt":"2018-01-11T14:25:24","guid":{"rendered":"https:\/\/vbw.entwicklung-mediengewerk.de\/gizlilik\/"},"modified":"2025-07-30T12:53:27","modified_gmt":"2025-07-30T10:53:27","slug":"gizlilik","status":"publish","type":"page","link":"https:\/\/www.klarenthal-vbw.de\/tr\/gizlilik\/","title":{"rendered":"Gizlilik"},"content":{"rendered":"\t\t<div data-elementor-type=\"wp-page\" data-elementor-id=\"8020\" class=\"elementor elementor-8020 elementor-75\" data-elementor-post-type=\"page\">\n\t\t\t\t<div class=\"elementor-element elementor-element-bd6a7be e-flex e-con-boxed e-con e-parent\" data-id=\"bd6a7be\" data-element_type=\"container\">\n\t\t\t\t\t<div class=\"e-con-inner\">\n\t\t\t\t<div class=\"elementor-element elementor-element-9242782 elementor-widget elementor-widget-erecht24\" data-id=\"9242782\" data-element_type=\"widget\" data-widget_type=\"erecht24.default\">\n\t\t\t\t<div class=\"elementor-widget-container\">\n\t\t\t\t\t<div class=\"erecht24-elementor-widget\"><div style=\"word-wrap: break-word;\">\n<h2>1. Datenschutz auf einen Blick<\/h2>\n<h3>Allgemeine Hinweise<\/h3> <p>Die folgenden Hinweise geben einen einfachen &Uuml;berblick dar&uuml;ber, was mit Ihren personenbezogenen Daten passiert, wenn Sie diese Website besuchen. Personenbezogene Daten sind alle Daten, mit denen Sie pers&ouml;nlich identifiziert werden k&ouml;nnen. Ausf&uuml;hrliche Informationen zum Thema Datenschutz entnehmen Sie unserer unter diesem Text aufgef&uuml;hrten Datenschutzerkl&auml;rung.<\/p>\n<h3>Datenerfassung auf dieser Website<\/h3> <h4>Wer ist verantwortlich f&uuml;r die Datenerfassung auf dieser Website?<\/h4> <p>Die Datenverarbeitung auf dieser Website erfolgt durch den Websitebetreiber. Dessen Kontaktdaten k&ouml;nnen Sie dem Abschnitt &bdquo;Hinweis zur Verantwortlichen Stelle&ldquo; in dieser Datenschutzerkl&auml;rung entnehmen.<\/p> <h4>Wie erfassen wir Ihre Daten?<\/h4> <p>Ihre Daten werden zum einen dadurch erhoben, dass Sie uns diese mitteilen. Hierbei kann es sich z.&nbsp;B. um Daten handeln, die Sie in ein Kontaktformular eingeben.<\/p> <p>Andere Daten werden automatisch oder nach Ihrer Einwilligung beim Besuch der Website durch unsere IT-Systeme erfasst. Das sind vor allem technische Daten (z.&nbsp;B. Internetbrowser, Betriebssystem oder Uhrzeit des Seitenaufrufs). Die Erfassung dieser Daten erfolgt automatisch, sobald Sie diese Website betreten.<\/p> <h4>Wof&uuml;r nutzen wir Ihre Daten?<\/h4> <p>Ein Teil der Daten wird erhoben, um eine fehlerfreie Bereitstellung der Website zu gew&auml;hrleisten. Andere Daten k&ouml;nnen zur Analyse Ihres Nutzerverhaltens verwendet werden. Sofern &uuml;ber die Website Vertr&auml;ge geschlossen oder angebahnt werden k&ouml;nnen, werden die &uuml;bermittelten Daten auch f&uuml;r Vertragsangebote, Bestellungen oder sonstige Auftragsanfragen verarbeitet.<\/p> <h4>Welche Rechte haben Sie bez&uuml;glich Ihrer Daten?<\/h4> <p>Sie haben jederzeit das Recht, unentgeltlich Auskunft &uuml;ber Herkunft, Empf&auml;nger und Zweck Ihrer gespeicherten personenbezogenen Daten zu erhalten. Sie haben au&szlig;erdem ein Recht, die Berichtigung oder L&ouml;schung dieser Daten zu verlangen. Wenn Sie eine Einwilligung zur Datenverarbeitung erteilt haben, k&ouml;nnen Sie diese Einwilligung jederzeit f&uuml;r die Zukunft widerrufen. Au&szlig;erdem haben Sie das Recht, unter bestimmten Umst&auml;nden die Einschr&auml;nkung der Verarbeitung Ihrer personenbezogenen Daten zu verlangen. Des Weiteren steht Ihnen ein Beschwerderecht bei der zust&auml;ndigen Aufsichtsbeh&ouml;rde zu.<\/p> <p>Hierzu sowie zu weiteren Fragen zum Thema Datenschutz k&ouml;nnen Sie sich jederzeit an uns wenden.<\/p>\n<h3>Analyse-Tools und Tools von Dritt&shy;anbietern<\/h3> <p>Beim Besuch dieser Website kann Ihr Surf-Verhalten statistisch ausgewertet werden. Das geschieht vor allem mit sogenannten Analyseprogrammen.<\/p> <p>Detaillierte Informationen zu diesen Analyseprogrammen finden Sie in der folgenden Datenschutzerkl&auml;rung.<\/p>\n<h2>2. Hosting<\/h2>\n<p>Wir hosten die Inhalte unserer Website bei folgendem Anbieter:<\/p>\n<h3>All-Inkl<\/h3> <p>Anbieter ist die ALL-INKL.COM - Neue Medien M&uuml;nnich, Inh. Ren&eacute; M&uuml;nnich, Hauptstra&szlig;e 68, 02742 Friedersdorf (nachfolgend All-Inkl). Details entnehmen Sie der Datenschutzerkl&auml;rung von All-Inkl: <a href=\"https:\/\/all-inkl.com\/datenschutzinformationen\/\" target=\"_blank\" rel=\"noopener noreferrer\">https:\/\/all-inkl.com\/datenschutzinformationen\/<\/a>.<\/p> <p>Die Verwendung von All-Inkl erfolgt auf Grundlage von Art. 6 Abs. 1 lit. f DSGVO. Wir haben ein berechtigtes Interesse an einer m&ouml;glichst zuverl&auml;ssigen Darstellung unserer Website. Sofern eine entsprechende Einwilligung abgefragt wurde, erfolgt die Verarbeitung ausschlie&szlig;lich auf Grundlage von Art. 6 Abs. 1 lit. a DSGVO und &sect; 25 Abs. 1 TDDDG, soweit die Einwilligung die Speicherung von Cookies oder den Zugriff auf Informationen im Endger&auml;t des Nutzers (z.&nbsp;B. Device-Fingerprinting) im Sinne des TDDDG umfasst. Die Einwilligung ist jederzeit widerrufbar.<\/p>\n\n<h4>Auftragsverarbeitung<\/h4> <p>Wir haben einen Vertrag &uuml;ber Auftragsverarbeitung (AVV) zur Nutzung des oben genannten Dienstes geschlossen. Hierbei handelt es sich um einen datenschutzrechtlich vorgeschriebenen Vertrag, der gew&auml;hrleistet, dass dieser die personenbezogenen Daten unserer Websitebesucher nur nach unseren Weisungen und unter Einhaltung der DSGVO verarbeitet.<\/p>\n<h2>3. Allgemeine Hinweise und Pflicht&shy;informationen<\/h2>\n<h3>Datenschutz<\/h3> <p>Die Betreiber dieser Seiten nehmen den Schutz Ihrer pers&ouml;nlichen Daten sehr ernst. Wir behandeln Ihre personenbezogenen Daten vertraulich und entsprechend den gesetzlichen Datenschutzvorschriften sowie dieser Datenschutzerkl&auml;rung.<\/p> <p>Wenn Sie diese Website benutzen, werden verschiedene personenbezogene Daten erhoben. Personenbezogene Daten sind Daten, mit denen Sie pers&ouml;nlich identifiziert werden k&ouml;nnen. Die vorliegende Datenschutzerkl&auml;rung erl&auml;utert, welche Daten wir erheben und wof&uuml;r wir sie nutzen. Sie erl&auml;utert auch, wie und zu welchem Zweck das geschieht.<\/p> <p>Wir weisen darauf hin, dass die Daten&uuml;bertragung im Internet (z.&nbsp;B. bei der Kommunikation per E-Mail) Sicherheitsl&uuml;cken aufweisen kann. Ein l&uuml;ckenloser Schutz der Daten vor dem Zugriff durch Dritte ist nicht m&ouml;glich.<\/p>\n<h3>Hinweis zur verantwortlichen Stelle<\/h3> <p>Die verantwortliche Stelle f&uuml;r die Datenverarbeitung auf dieser Website ist:<\/p> <p>Volksbildungswerk Klarenthal e.V.<br \/>\r\nGeschwister-Scholl-Stra&szlig;e 10<br \/>\r\n65197 Wiesbaden<\/p>\n\n<p>Telefon: 0611 72437920<br \/>\nE-Mail: info@klarenthal.org<\/p>\n <p>Verantwortliche Stelle ist die nat&uuml;rliche oder juristische Person, die allein oder gemeinsam mit anderen &uuml;ber die Zwecke und Mittel der Verarbeitung von personenbezogenen Daten (z.&nbsp;B. Namen, E-Mail-Adressen o. &Auml;.) entscheidet.<\/p>\n\n<h3>Speicherdauer<\/h3> <p>Soweit innerhalb dieser Datenschutzerkl&auml;rung keine speziellere Speicherdauer genannt wurde, verbleiben Ihre personenbezogenen Daten bei uns, bis der Zweck f&uuml;r die Datenverarbeitung entf&auml;llt. Wenn Sie ein berechtigtes L&ouml;schersuchen geltend machen oder eine Einwilligung zur Datenverarbeitung widerrufen, werden Ihre Daten gel&ouml;scht, sofern wir keine anderen rechtlich zul&auml;ssigen Gr&uuml;nde f&uuml;r die Speicherung Ihrer personenbezogenen Daten haben (z.&nbsp;B. steuer- oder handelsrechtliche Aufbewahrungsfristen); im letztgenannten Fall erfolgt die L&ouml;schung nach Fortfall dieser Gr&uuml;nde.<\/p>\n<h3>Allgemeine Hinweise zu den Rechtsgrundlagen der Datenverarbeitung auf dieser Website<\/h3> <p>Sofern Sie in die Datenverarbeitung eingewilligt haben, verarbeiten wir Ihre personenbezogenen Daten auf Grundlage von Art. 6 Abs. 1 lit. a DSGVO bzw. Art. 9 Abs. 2 lit. a DSGVO, sofern besondere Datenkategorien nach Art. 9 Abs. 1 DSGVO verarbeitet werden. Im Falle einer ausdr&uuml;cklichen Einwilligung in die &Uuml;bertragung personenbezogener Daten in Drittstaaten erfolgt die Datenverarbeitung au&szlig;erdem auf Grundlage von Art. 49 Abs. 1 lit. a DSGVO. Sofern Sie in die Speicherung von Cookies oder in den Zugriff auf Informationen in Ihr Endger&auml;t (z.&nbsp;B. via Device-Fingerprinting) eingewilligt haben, erfolgt die Datenverarbeitung zus&auml;tzlich auf Grundlage von &sect; 25 Abs. 1 TDDDG. Die Einwilligung ist jederzeit widerrufbar. Sind Ihre Daten zur Vertragserf&uuml;llung oder zur Durchf&uuml;hrung vorvertraglicher Ma&szlig;nahmen erforderlich, verarbeiten wir Ihre Daten auf Grundlage des Art. 6 Abs. 1 lit. b DSGVO. Des Weiteren verarbeiten wir Ihre Daten, sofern diese zur Erf&uuml;llung einer rechtlichen Verpflichtung erforderlich sind auf Grundlage von Art. 6 Abs. 1 lit. c DSGVO. Die Datenverarbeitung kann ferner auf Grundlage unseres berechtigten Interesses nach Art. 6 Abs. 1 lit. f DSGVO erfolgen. &Uuml;ber die jeweils im Einzelfall einschl&auml;gigen Rechtsgrundlagen wird in den folgenden Abs&auml;tzen dieser Datenschutzerkl&auml;rung informiert.<\/p>\n<h3>Hinweis zur Datenweitergabe in datenschutzrechtlich nicht sichere Drittstaaten sowie die Weitergabe an US-Unternehmen, die nicht DPF-zertifiziert sind<\/h3> <p>Wir verwenden unter anderem Tools von Unternehmen mit Sitz in datenschutzrechtlich nicht sicheren Drittstaaten sowie US-Tools, deren Anbieter nicht nach dem EU-US-Data Privacy Framework (DPF) zertifiziert sind. Wenn diese Tools aktiv sind, k&ouml;nnen Ihre personenbezogene Daten in diese Staaten &uuml;bertragen und dort verarbeitet werden. Wir weisen darauf hin, dass in datenschutzrechtlich unsicheren Drittstaaten kein mit der EU vergleichbares Datenschutzniveau garantiert werden kann.<\/p> <p>Wir weisen darauf hin, dass die USA als sicherer Drittstaat grunds&auml;tzlich ein mit der EU vergleichbares Datenschutzniveau aufweisen. Eine Daten&uuml;bertragung in die USA ist danach zul&auml;ssig, wenn der Empf&auml;nger eine Zertifizierung unter dem &bdquo;EU-US Data Privacy Framework&ldquo; (DPF) besitzt oder &uuml;ber geeignete zus&auml;tzliche Garantien verf&uuml;gt. Informationen zu &Uuml;bermittlungen an Drittstaaten einschlie&szlig;lich der Datenempf&auml;nger finden Sie in dieser Datenschutzerkl&auml;rung.<\/p><h3>Empf\u00e4nger von personenbezogenen Daten<\/h3> <p>Im Rahmen unserer Gesch&auml;ftst&auml;tigkeit arbeiten wir mit verschiedenen externen Stellen zusammen. Dabei ist teilweise auch eine &Uuml;bermittlung von personenbezogenen Daten an diese externen Stellen erforderlich. Wir geben personenbezogene Daten nur dann an externe Stellen weiter, wenn dies im Rahmen einer Vertragserf&uuml;llung erforderlich ist, wenn wir gesetzlich hierzu verpflichtet sind (z.&nbsp;B. Weitergabe von Daten an Steuerbeh&ouml;rden), wenn wir ein berechtigtes Interesse nach Art. 6 Abs. 1 lit. f DSGVO an der Weitergabe haben oder wenn eine sonstige Rechtsgrundlage die Datenweitergabe erlaubt. Beim Einsatz von Auftragsverarbeitern geben wir personenbezogene Daten unserer Kunden nur auf Grundlage eines g&uuml;ltigen Vertrags &uuml;ber Auftragsverarbeitung weiter. Im Falle einer gemeinsamen Verarbeitung wird ein Vertrag &uuml;ber gemeinsame Verarbeitung geschlossen.<\/p>\n<h3>Widerruf Ihrer Einwilligung zur Datenverarbeitung<\/h3> <p>Viele Datenverarbeitungsvorg&auml;nge sind nur mit Ihrer ausdr&uuml;cklichen Einwilligung m&ouml;glich. Sie k&ouml;nnen eine bereits erteilte Einwilligung jederzeit widerrufen. Die Rechtm&auml;&szlig;igkeit der bis zum Widerruf erfolgten Datenverarbeitung bleibt vom Widerruf unber&uuml;hrt.<\/p>\n<h3>Widerspruchsrecht gegen die Datenerhebung in besonderen F&auml;llen sowie gegen Direktwerbung (Art. 21 DSGVO)<\/h3> <p>WENN DIE DATENVERARBEITUNG AUF GRUNDLAGE VON ART. 6 ABS. 1 LIT. E ODER F DSGVO ERFOLGT, HABEN SIE JEDERZEIT DAS RECHT, AUS GR&Uuml;NDEN, DIE SICH AUS IHRER BESONDEREN SITUATION ERGEBEN, GEGEN DIE VERARBEITUNG IHRER PERSONENBEZOGENEN DATEN WIDERSPRUCH EINZULEGEN; DIES GILT AUCH F&Uuml;R EIN AUF DIESE BESTIMMUNGEN GEST&Uuml;TZTES PROFILING. DIE JEWEILIGE RECHTSGRUNDLAGE, AUF DENEN EINE VERARBEITUNG BERUHT, ENTNEHMEN SIE DIESER DATENSCHUTZERKL&Auml;RUNG. WENN SIE WIDERSPRUCH EINLEGEN, WERDEN WIR IHRE BETROFFENEN PERSONENBEZOGENEN DATEN NICHT MEHR VERARBEITEN, ES SEI DENN, WIR K&Ouml;NNEN ZWINGENDE SCHUTZW&Uuml;RDIGE GR&Uuml;NDE F&Uuml;R DIE VERARBEITUNG NACHWEISEN, DIE IHRE INTERESSEN, RECHTE UND FREIHEITEN &Uuml;BERWIEGEN ODER DIE VERARBEITUNG DIENT DER GELTENDMACHUNG, AUS&Uuml;BUNG ODER VERTEIDIGUNG VON RECHTSANSPR&Uuml;CHEN (WIDERSPRUCH NACH ART. 21 ABS. 1 DSGVO).<\/p> <p>WERDEN IHRE PERSONENBEZOGENEN DATEN VERARBEITET, UM DIREKTWERBUNG ZU BETREIBEN, SO HABEN SIE DAS RECHT, JEDERZEIT WIDERSPRUCH GEGEN DIE VERARBEITUNG SIE BETREFFENDER PERSONENBEZOGENER DATEN ZUM ZWECKE DERARTIGER WERBUNG EINZULEGEN; DIES GILT AUCH F&Uuml;R DAS PROFILING, SOWEIT ES MIT SOLCHER DIREKTWERBUNG IN VERBINDUNG STEHT. WENN SIE WIDERSPRECHEN, WERDEN IHRE PERSONENBEZOGENEN DATEN ANSCHLIESSEND NICHT MEHR ZUM ZWECKE DER DIREKTWERBUNG VERWENDET (WIDERSPRUCH NACH ART. 21 ABS. 2 DSGVO).<\/p>\n<h3>Beschwerde&shy;recht bei der zust&auml;ndigen Aufsichts&shy;beh&ouml;rde<\/h3> <p>Im Falle von Verst&ouml;&szlig;en gegen die DSGVO steht den Betroffenen ein Beschwerderecht bei einer Aufsichtsbeh&ouml;rde, insbesondere in dem Mitgliedstaat ihres gew&ouml;hnlichen Aufenthalts, ihres Arbeitsplatzes oder des Orts des mutma&szlig;lichen Versto&szlig;es zu. Das Beschwerderecht besteht unbeschadet anderweitiger verwaltungsrechtlicher oder gerichtlicher Rechtsbehelfe.<\/p>\n<h3>Recht auf Daten&shy;&uuml;bertrag&shy;barkeit<\/h3> <p>Sie haben das Recht, Daten, die wir auf Grundlage Ihrer Einwilligung oder in Erf&uuml;llung eines Vertrags automatisiert verarbeiten, an sich oder an einen Dritten in einem g&auml;ngigen, maschinenlesbaren Format aush&auml;ndigen zu lassen. Sofern Sie die direkte &Uuml;bertragung der Daten an einen anderen Verantwortlichen verlangen, erfolgt dies nur, soweit es technisch machbar ist.<\/p>\n<h3>Auskunft, Berichtigung und L&ouml;schung<\/h3> <p>Sie haben im Rahmen der geltenden gesetzlichen Bestimmungen jederzeit das Recht auf unentgeltliche Auskunft &uuml;ber Ihre gespeicherten personenbezogenen Daten, deren Herkunft und Empf&auml;nger und den Zweck der Datenverarbeitung und ggf. ein Recht auf Berichtigung oder L&ouml;schung dieser Daten. Hierzu sowie zu weiteren Fragen zum Thema personenbezogene Daten k&ouml;nnen Sie sich jederzeit an uns wenden.<\/p>\n<h3>Recht auf Einschr&auml;nkung der Verarbeitung<\/h3> <p>Sie haben das Recht, die Einschr&auml;nkung der Verarbeitung Ihrer personenbezogenen Daten zu verlangen. Hierzu k&ouml;nnen Sie sich jederzeit an uns wenden. Das Recht auf Einschr&auml;nkung der Verarbeitung besteht in folgenden F&auml;llen:<\/p> <ul> <li>Wenn Sie die Richtigkeit Ihrer bei uns gespeicherten personenbezogenen Daten bestreiten, ben&ouml;tigen wir in der Regel Zeit, um dies zu &uuml;berpr&uuml;fen. F&uuml;r die Dauer der Pr&uuml;fung haben Sie das Recht, die Einschr&auml;nkung der Verarbeitung Ihrer personenbezogenen Daten zu verlangen.<\/li> <li>Wenn die Verarbeitung Ihrer personenbezogenen Daten unrechtm&auml;&szlig;ig geschah\/geschieht, k&ouml;nnen Sie statt der L&ouml;schung die Einschr&auml;nkung der Datenverarbeitung verlangen.<\/li> <li>Wenn wir Ihre personenbezogenen Daten nicht mehr ben&ouml;tigen, Sie sie jedoch zur Aus&uuml;bung, Verteidigung oder Geltendmachung von Rechtsanspr&uuml;chen ben&ouml;tigen, haben Sie das Recht, statt der L&ouml;schung die Einschr&auml;nkung der Verarbeitung Ihrer personenbezogenen Daten zu verlangen.<\/li> <li>Wenn Sie einen Widerspruch nach Art. 21 Abs. 1 DSGVO eingelegt haben, muss eine Abw&auml;gung zwischen Ihren und unseren Interessen vorgenommen werden. Solange noch nicht feststeht, wessen Interessen &uuml;berwiegen, haben Sie das Recht, die Einschr&auml;nkung der Verarbeitung Ihrer personenbezogenen Daten zu verlangen.<\/li> <\/ul> <p>Wenn Sie die Verarbeitung Ihrer personenbezogenen Daten eingeschr&auml;nkt haben, d&uuml;rfen diese Daten &ndash; von ihrer Speicherung abgesehen &ndash; nur mit Ihrer Einwilligung oder zur Geltendmachung, Aus&uuml;bung oder Verteidigung von Rechtsanspr&uuml;chen oder zum Schutz der Rechte einer anderen nat&uuml;rlichen oder juristischen Person oder aus Gr&uuml;nden eines wichtigen &ouml;ffentlichen Interesses der Europ&auml;ischen Union oder eines Mitgliedstaats verarbeitet werden.<\/p>\n<h3>SSL- bzw. TLS-Verschl&uuml;sselung<\/h3> <p>Diese Seite nutzt aus Sicherheitsgr&uuml;nden und zum Schutz der &Uuml;bertragung vertraulicher Inhalte, wie zum Beispiel Bestellungen oder Anfragen, die Sie an uns als Seitenbetreiber senden, eine SSL- bzw. TLS-Verschl&uuml;sselung. Eine verschl&uuml;sselte Verbindung erkennen Sie daran, dass die Adresszeile des Browsers von &bdquo;http:\/\/&ldquo; auf &bdquo;https:\/\/&ldquo; wechselt und an dem Schloss-Symbol in Ihrer Browserzeile.<\/p> <p>Wenn die SSL- bzw. TLS-Verschl&uuml;sselung aktiviert ist, k&ouml;nnen die Daten, die Sie an uns &uuml;bermitteln, nicht von Dritten mitgelesen werden.<\/p>\n<h3>Verschl&uuml;sselter Zahlungsverkehr auf dieser Website<\/h3> <p>Besteht nach dem Abschluss eines kostenpflichtigen Vertrags eine Verpflichtung, uns Ihre Zahlungsdaten (z.&nbsp;B. Kontonummer bei Einzugserm&auml;chtigung) zu &uuml;bermitteln, werden diese Daten zur Zahlungsabwicklung ben&ouml;tigt.<\/p> <p>Der Zahlungsverkehr &uuml;ber die g&auml;ngigen Zahlungsmittel (Visa\/MasterCard, Lastschriftverfahren) erfolgt ausschlie&szlig;lich &uuml;ber eine verschl&uuml;sselte SSL- bzw. TLS-Verbindung. Eine verschl&uuml;sselte Verbindung erkennen Sie daran, dass die Adresszeile des Browsers von &bdquo;http:\/\/&ldquo; auf &bdquo;https:\/\/&ldquo; wechselt und an dem Schloss-Symbol in Ihrer Browserzeile.<\/p> <p>Bei verschl&uuml;sselter Kommunikation k&ouml;nnen Ihre Zahlungsdaten, die Sie an uns &uuml;bermitteln, nicht von Dritten mitgelesen werden.<\/p>\n<h3>Widerspruch gegen Werbe-E-Mails<\/h3> <p>Der Nutzung von im Rahmen der Impressumspflicht ver&ouml;ffentlichten Kontaktdaten zur &Uuml;bersendung von nicht ausdr&uuml;cklich angeforderter Werbung und Informationsmaterialien wird hiermit widersprochen. Die Betreiber der Seiten behalten sich ausdr&uuml;cklich rechtliche Schritte im Falle der unverlangten Zusendung von Werbeinformationen, etwa durch Spam-E-Mails, vor.<\/p>\n<h2>4. Datenerfassung auf dieser Website<\/h2>\n<h3>Cookies<\/h3> <p>Unsere Internetseiten verwenden so genannte &bdquo;Cookies&ldquo;. Cookies sind kleine Datenpakete und richten auf Ihrem Endger&auml;t keinen Schaden an. Sie werden entweder vor&uuml;bergehend f&uuml;r die Dauer einer Sitzung (Session-Cookies) oder dauerhaft (permanente Cookies) auf Ihrem Endger&auml;t gespeichert. Session-Cookies werden nach Ende Ihres Besuchs automatisch gel&ouml;scht. Permanente Cookies bleiben auf Ihrem Endger&auml;t gespeichert, bis Sie diese selbst l&ouml;schen oder eine automatische L&ouml;schung durch Ihren Webbrowser erfolgt.<\/p> <p>Cookies k&ouml;nnen von uns (First-Party-Cookies) oder von Drittunternehmen stammen (sog. Third-Party-Cookies). Third-Party-Cookies erm&ouml;glichen die Einbindung bestimmter Dienstleistungen von Drittunternehmen innerhalb von Webseiten (z.&nbsp;B. Cookies zur Abwicklung von Zahlungsdienstleistungen).<\/p> <p>Cookies haben verschiedene Funktionen. Zahlreiche Cookies sind technisch notwendig, da bestimmte Webseitenfunktionen ohne diese nicht funktionieren w&uuml;rden (z.&nbsp;B. die Warenkorbfunktion oder die Anzeige von Videos). Andere Cookies k&ouml;nnen zur Auswertung des Nutzerverhaltens oder zu Werbezwecken verwendet werden.<\/p> <p>Cookies, die zur Durchf&uuml;hrung des elektronischen Kommunikationsvorgangs, zur Bereitstellung bestimmter, von Ihnen erw&uuml;nschter Funktionen (z.&nbsp;B. f&uuml;r die Warenkorbfunktion) oder zur Optimierung der Website (z.&nbsp;B. Cookies zur Messung des Webpublikums) erforderlich sind (notwendige Cookies), werden auf Grundlage von Art. 6 Abs. 1 lit. f DSGVO gespeichert, sofern keine andere Rechtsgrundlage angegeben wird. Der Websitebetreiber hat ein berechtigtes Interesse an der Speicherung von notwendigen Cookies zur technisch fehlerfreien und optimierten Bereitstellung seiner Dienste. Sofern eine Einwilligung zur Speicherung von Cookies und vergleichbaren Wiedererkennungstechnologien abgefragt wurde, erfolgt die Verarbeitung ausschlie&szlig;lich auf Grundlage dieser Einwilligung (Art. 6 Abs. 1 lit. a DSGVO und &sect; 25 Abs. 1 TDDDG); die Einwilligung ist jederzeit widerrufbar.<\/p> <p>Sie k&ouml;nnen Ihren Browser so einstellen, dass Sie &uuml;ber das Setzen von Cookies informiert werden und Cookies nur im Einzelfall erlauben, die Annahme von Cookies f&uuml;r bestimmte F&auml;lle oder generell ausschlie&szlig;en sowie das automatische L&ouml;schen der Cookies beim Schlie&szlig;en des Browsers aktivieren. Bei der Deaktivierung von Cookies kann die Funktionalit&auml;t dieser Website eingeschr&auml;nkt sein.<\/p> <p>Welche Cookies und Dienste auf dieser Website eingesetzt werden, k&ouml;nnen Sie dieser Datenschutzerkl&auml;rung entnehmen.<\/p>\n<h3>Einwilligung mit Borlabs Cookie<\/h3> <p>Unsere Website nutzt die Consent-Technologie von Borlabs Cookie, um Ihre Einwilligung zur Speicherung bestimmter Cookies in Ihrem Browser oder zum Einsatz bestimmter Technologien einzuholen und diese datenschutzkonform zu dokumentieren. Anbieter dieser Technologie ist die Borlabs GmbH, R&uuml;benkamp 32, 22305 Hamburg (im Folgenden Borlabs).<\/p> <p>Wenn Sie unsere Website betreten, wird ein Borlabs-Cookie in Ihrem Browser gespeichert, in dem die von Ihnen erteilten Einwilligungen oder der Widerruf dieser Einwilligungen gespeichert werden. Diese Daten werden nicht an den Anbieter von Borlabs Cookie weitergegeben.<\/p> <p>Die erfassten Daten werden gespeichert, bis Sie uns zur L&ouml;schung auffordern bzw. das Borlabs-Cookie selbst l&ouml;schen oder der Zweck f&uuml;r die Datenspeicherung entf&auml;llt. Zwingende gesetzliche Aufbewahrungsfristen bleiben unber&uuml;hrt. Details zur Datenverarbeitung von Borlabs Cookie finden Sie unter <a href=\"https:\/\/de.borlabs.io\/kb\/welche-daten-speichert-borlabs-cookie\/\" target=\"_blank\" rel=\"noopener noreferrer\">https:\/\/de.borlabs.io\/kb\/welche-daten-speichert-borlabs-cookie\/<\/a>.<\/p> <p>Der Einsatz der Borlabs-Cookie-Consent-Technologie erfolgt, um die gesetzlich vorgeschriebenen Einwilligungen f&uuml;r den Einsatz von Cookies einzuholen. Rechtsgrundlage hierf&uuml;r ist Art. 6 Abs. 1 lit. c DSGVO.<\/p>\n<h3>Server-Log-Dateien<\/h3> <p>Der Provider der Seiten erhebt und speichert automatisch Informationen in so genannten Server-Log-Dateien, die Ihr Browser automatisch an uns &uuml;bermittelt. Dies sind:<\/p> <ul> <li>Browsertyp und Browserversion<\/li> <li>verwendetes Betriebssystem<\/li> <li>Referrer URL<\/li> <li>Hostname des zugreifenden Rechners<\/li> <li>Uhrzeit der Serveranfrage<\/li> <li>IP-Adresse<\/li> <\/ul> <p>Eine Zusammenf&uuml;hrung dieser Daten mit anderen Datenquellen wird nicht vorgenommen.<\/p> <p>Die Erfassung dieser Daten erfolgt auf Grundlage von Art. 6 Abs. 1 lit. f DSGVO. Der Websitebetreiber hat ein berechtigtes Interesse an der technisch fehlerfreien Darstellung und der Optimierung seiner Website &ndash; hierzu m&uuml;ssen die Server-Log-Files erfasst werden.<\/p>\n<h3>Kontaktformular<\/h3> <p>Wenn Sie uns per Kontaktformular Anfragen zukommen lassen, werden Ihre Angaben aus dem Anfrageformular inklusive der von Ihnen dort angegebenen Kontaktdaten zwecks Bearbeitung der Anfrage und f&uuml;r den Fall von Anschlussfragen bei uns gespeichert. Diese Daten geben wir nicht ohne Ihre Einwilligung weiter.<\/p> <p>Die Verarbeitung dieser Daten erfolgt auf Grundlage von Art. 6 Abs. 1 lit. b DSGVO, sofern Ihre Anfrage mit der Erf&uuml;llung eines Vertrags zusammenh&auml;ngt oder zur Durchf&uuml;hrung vorvertraglicher Ma&szlig;nahmen erforderlich ist. In allen &uuml;brigen F&auml;llen beruht die Verarbeitung auf unserem berechtigten Interesse an der effektiven Bearbeitung der an uns gerichteten Anfragen (Art. 6 Abs. 1 lit. f DSGVO) oder auf Ihrer Einwilligung (Art. 6 Abs. 1 lit. a DSGVO) sofern diese abgefragt wurde; die Einwilligung ist jederzeit widerrufbar.<\/p> <p>Die von Ihnen im Kontaktformular eingegebenen Daten verbleiben bei uns, bis Sie uns zur L&ouml;schung auffordern, Ihre Einwilligung zur Speicherung widerrufen oder der Zweck f&uuml;r die Datenspeicherung entf&auml;llt (z.&nbsp;B. nach abgeschlossener Bearbeitung Ihrer Anfrage). Zwingende gesetzliche Bestimmungen &ndash; insbesondere Aufbewahrungsfristen &ndash; bleiben unber&uuml;hrt.<\/p>\n<h3>Anfrage per E-Mail, Telefon oder Telefax<\/h3> <p>Wenn Sie uns per E-Mail, Telefon oder Telefax kontaktieren, wird Ihre Anfrage inklusive aller daraus hervorgehenden personenbezogenen Daten (Name, Anfrage) zum Zwecke der Bearbeitung Ihres Anliegens bei uns gespeichert und verarbeitet. Diese Daten geben wir nicht ohne Ihre Einwilligung weiter.<\/p> <p>Die Verarbeitung dieser Daten erfolgt auf Grundlage von Art. 6 Abs. 1 lit. b DSGVO, sofern Ihre Anfrage mit der Erf&uuml;llung eines Vertrags zusammenh&auml;ngt oder zur Durchf&uuml;hrung vorvertraglicher Ma&szlig;nahmen erforderlich ist. In allen &uuml;brigen F&auml;llen beruht die Verarbeitung auf unserem berechtigten Interesse an der effektiven Bearbeitung der an uns gerichteten Anfragen (Art. 6 Abs. 1 lit. f DSGVO) oder auf Ihrer Einwilligung (Art. 6 Abs. 1 lit. a DSGVO) sofern diese abgefragt wurde; die Einwilligung ist jederzeit widerrufbar.<\/p> <p>Die von Ihnen an uns per Kontaktanfragen &uuml;bersandten Daten verbleiben bei uns, bis Sie uns zur L&ouml;schung auffordern, Ihre Einwilligung zur Speicherung widerrufen oder der Zweck f&uuml;r die Datenspeicherung entf&auml;llt (z.&nbsp;B. nach abgeschlossener Bearbeitung Ihres Anliegens). Zwingende gesetzliche Bestimmungen &ndash; insbesondere gesetzliche Aufbewahrungsfristen &ndash; bleiben unber&uuml;hrt.<\/p>\n<h3>Kommunikation via WhatsApp<\/h3> <p>F&uuml;r die Kommunikation mit unseren Kunden und sonstigen Dritten nutzen wir unter anderem den Instant-Messaging-Dienst WhatsApp. Anbieter ist die WhatsApp Ireland Limited, 4 Grand Canal Square, Grand Canal Harbour, Dublin 2, Irland.<\/p> <p>Die Kommunikation erfolgt &uuml;ber eine Ende-zu-Ende-Verschl&uuml;sselung (Peer-to-Peer), die verhindert, dass WhatsApp oder sonstige Dritte Zugriff auf die Kommunikationsinhalte erlangen k&ouml;nnen. WhatsApp erh&auml;lt jedoch Zugriff auf Metadaten, die im Zuge des Kommunikationsvorgangs entstehen (z.&nbsp;B. Absender, Empf&auml;nger und Zeitpunkt). Wir weisen ferner darauf hin, dass WhatsApp nach eigener Aussage, personenbezogene Daten seiner Nutzer mit seiner in den USA ans&auml;ssigen Konzernmutter Meta teilt. Weitere Details zur Datenverarbeitung finden Sie in der Datenschutzrichtlinie von WhatsApp unter: <a href=\"https:\/\/www.whatsapp.com\/legal\/#privacy-policy\" target=\"_blank\" rel=\"noopener noreferrer\">https:\/\/www.whatsapp.com\/legal\/#privacy-policy<\/a>.<\/p> <p>Der Einsatz von WhatsApp erfolgt auf Grundlage unseres berechtigten Interesses an einer m&ouml;glichst schnellen und effektiven Kommunikation mit Kunden, Interessenten und sonstigen Gesch&auml;fts- und Vertragspartnern (Art. 6 Abs. 1 lit. f DSGVO). Sofern eine entsprechende Einwilligung abgefragt wurde, erfolgt die Datenverarbeitung ausschlie&szlig;lich auf Grundlage der Einwilligung; diese ist jederzeit mit Wirkung f&uuml;r die Zukunft widerrufbar.<\/p> <p>Die zwischen Ihnen und uns auf WhatsApp ausgetauschten Kommunikationsinhalte verbleiben bei uns, bis Sie uns zur L&ouml;schung auffordern, Ihre Einwilligung zur Speicherung widerrufen oder der Zweck f&uuml;r die Datenspeicherung entf&auml;llt (z.&nbsp;B. nach abgeschlossener Bearbeitung Ihrer Anfrage). Zwingende gesetzliche Bestimmungen &ndash; insbesondere Aufbewahrungsfristen &ndash; bleiben unber&uuml;hrt.<\/p>\n<p>Das Unternehmen verf&uuml;gt &uuml;ber eine Zertifizierung nach dem &bdquo;EU-US Data Privacy Framework&ldquo; (DPF). Der DPF ist ein &Uuml;bereinkommen zwischen der Europ&auml;ischen Union und den USA, der die Einhaltung europ&auml;ischer Datenschutzstandards bei Datenverarbeitungen in den USA gew&auml;hrleisten soll. Jedes nach dem DPF zertifizierte Unternehmen verpflichtet sich, diese Datenschutzstandards einzuhalten. Weitere Informationen hierzu erhalten Sie vom Anbieter unter folgendem Link: <a href=\"https:\/\/www.dataprivacyframework.gov\/participant\/7735\" target=\"_blank\" rel=\"noopener noreferrer\">https:\/\/www.dataprivacyframework.gov\/participant\/7735<\/a>.<\/p>\n<p>Wir nutzen WhatsApp in der Variante &bdquo;WhatsApp Business&ldquo;.<\/p> <p>Die Daten&uuml;bertragung in die USA wird auf die Standardvertragsklauseln der EU-Kommission gest&uuml;tzt. Details finden Sie hier: <a href=\"https:\/\/www.whatsapp.com\/legal\/business-data-transfer-addendum\" target=\"_blank\" rel=\"noopener noreferrer\">https:\/\/www.whatsapp.com\/legal\/business-data-transfer-addendum<\/a>.<\/p>\n<p>Wir haben unsere WhatsApp-Accounts so eingestellt, dass es keinen automatischen Datenabgleich mit dem Adressbuch auf den im Einsatz befindlichen Smartphones macht.<\/p>\n<p>Wir haben einen Vertrag &uuml;ber Auftragsverarbeitung (AVV) mit dem oben genannten Anbieter geschlossen.<\/p>\n<h2>5. Analyse-Tools und Werbung<\/h2>\n<h3>Google Analytics<\/h3> <p>Diese Website nutzt Funktionen des Webanalysedienstes Google Analytics. Anbieter ist die Google Ireland Limited (&bdquo;Google&ldquo;), Gordon House, Barrow Street, Dublin 4, Irland.<\/p> <p>Google Analytics erm&ouml;glicht es dem Websitebetreiber, das Verhalten der Websitebesucher zu analysieren. Hierbei erh&auml;lt der Websitebetreiber verschiedene Nutzungsdaten, wie z.&nbsp;B. Seitenaufrufe, Verweildauer, verwendete Betriebssysteme und Herkunft des Nutzers. Diese Daten werden dem jeweiligen Endger\u00e4t des Users zugeordnet. Eine Zuordnung zu einer User-ID erfolgt nicht.<\/p> <p>Des Weiteren k&ouml;nnen wir mit Google Analytics u.&nbsp;a. Ihre Maus- und Scrollbewegungen und Klicks aufzeichnen. Ferner verwendet Google Analytics verschiedene Modellierungsans&auml;tze, um die erfassten Datens&auml;tze zu erg&auml;nzen und setzt Machine-Learning-Technologien bei der Datenanalyse ein.<\/p>\n <p>Google Analytics verwendet Technologien, die die Wiedererkennung des Nutzers zum Zwecke der Analyse des Nutzerverhaltens erm&ouml;glichen (z.&nbsp;B. Cookies oder Device-Fingerprinting). Die von Google erfassten Informationen &uuml;ber die Benutzung dieser Website werden in der Regel an einen Server von Google in den USA &uuml;bertragen und dort gespeichert.<\/p> <p>Die Nutzung dieses Dienstes erfolgt auf Grundlage Ihrer Einwilligung nach Art. 6 Abs. 1 lit. a DSGVO und &sect; 25 Abs. 1 TDDDG. Die Einwilligung ist jederzeit widerrufbar.<\/p> <p>Die Daten&uuml;bertragung in die USA wird auf die Standardvertragsklauseln der EU-Kommission gest&uuml;tzt. Details finden Sie hier: <a href=\"https:\/\/privacy.google.com\/businesses\/controllerterms\/mccs\/\" target=\"_blank\" rel=\"noopener noreferrer\">https:\/\/privacy.google.com\/businesses\/controllerterms\/mccs\/<\/a>.<\/p> <p>Das Unternehmen verf&uuml;gt &uuml;ber eine Zertifizierung nach dem &bdquo;EU-US Data Privacy Framework&ldquo; (DPF). Der DPF ist ein &Uuml;bereinkommen zwischen der Europ&auml;ischen Union und den USA, der die Einhaltung europ&auml;ischer Datenschutzstandards bei Datenverarbeitungen in den USA gew&auml;hrleisten soll. Jedes nach dem DPF zertifizierte Unternehmen verpflichtet sich, diese Datenschutzstandards einzuhalten. Weitere Informationen hierzu erhalten Sie vom Anbieter unter folgendem Link: <a href=\"https:\/\/www.dataprivacyframework.gov\/participant\/5780\" target=\"_blank\" rel=\"noopener noreferrer\">https:\/\/www.dataprivacyframework.gov\/participant\/5780<\/a>.<\/p>\n<h4>IP Anonymisierung<\/h4> <p>Die Google Analytics IP-Anonymisierung ist aktiviert. Dadurch wird Ihre IP-Adresse von Google innerhalb von Mitgliedstaaten der Europ&auml;ischen Union oder in anderen Vertragsstaaten des Abkommens &uuml;ber den Europ&auml;ischen Wirtschaftsraum vor der &Uuml;bermittlung in die USA gek&uuml;rzt. Nur in Ausnahmef&auml;llen wird die volle IP-Adresse an einen Server von Google in den USA &uuml;bertragen und dort gek&uuml;rzt. Im Auftrag des Betreibers dieser Website wird Google diese Informationen benutzen, um Ihre Nutzung der Website auszuwerten, um Reports &uuml;ber die Websiteaktivit&auml;ten zusammenzustellen und um weitere mit der Websitenutzung und der Internetnutzung verbundene Dienstleistungen gegen&uuml;ber dem Websitebetreiber zu erbringen. Die im Rahmen von Google Analytics von Ihrem Browser &uuml;bermittelte IP-Adresse wird nicht mit anderen Daten von Google zusammengef&uuml;hrt.<\/p>\n <h4>Browser Plugin<\/h4> <p>Sie k&ouml;nnen die Erfassung und Verarbeitung Ihrer Daten durch Google verhindern, indem Sie das unter dem folgenden Link verf&uuml;gbare Browser-Plugin herunterladen und installieren: <a href=\"https:\/\/tools.google.com\/dlpage\/gaoptout?hl=de\" target=\"_blank\" rel=\"noopener noreferrer\">https:\/\/tools.google.com\/dlpage\/gaoptout?hl=de<\/a>.<\/p> <p>Mehr Informationen zum Umgang mit Nutzerdaten bei Google Analytics finden Sie in der Datenschutzerkl&auml;rung von Google: <a href=\"https:\/\/support.google.com\/analytics\/answer\/6004245?hl=de\" target=\"_blank\" rel=\"noopener noreferrer\">https:\/\/support.google.com\/analytics\/answer\/6004245?hl=de<\/a>.<\/p><h4>Auftragsverarbeitung<\/h4> <p>Wir haben mit Google einen Vertrag zur Auftragsverarbeitung abgeschlossen und setzen die strengen Vorgaben der deutschen Datenschutzbeh&ouml;rden bei der Nutzung von Google Analytics vollst&auml;ndig um.<\/p>\n<h2>6. Newsletter<\/h2>\n<h3>Newsletter&shy;daten<\/h3> <p>Wenn Sie den auf der Website angebotenen Newsletter beziehen m&ouml;chten, ben&ouml;tigen wir von Ihnen eine E-Mail-Adresse sowie Informationen, welche uns die &Uuml;berpr&uuml;fung gestatten, dass Sie der Inhaber der angegebenen E-Mail-Adresse sind und mit dem Empfang des Newsletters einverstanden sind. Weitere Daten werden nicht bzw. nur auf freiwilliger Basis erhoben. Diese Daten verwenden wir ausschlie&szlig;lich f&uuml;r den Versand der angeforderten Informationen und geben diese nicht an Dritte weiter.<\/p> <p>Die Verarbeitung der in das Newsletteranmeldeformular eingegebenen Daten erfolgt ausschlie&szlig;lich auf Grundlage Ihrer Einwilligung (Art. 6 Abs. 1 lit. a DSGVO). Die erteilte Einwilligung zur Speicherung der Daten, der E-Mail-Adresse sowie deren Nutzung zum Versand des Newsletters k&ouml;nnen Sie jederzeit widerrufen, etwa &uuml;ber den &bdquo;Austragen&ldquo;-Link im Newsletter. Die Rechtm&auml;&szlig;igkeit der bereits erfolgten Datenverarbeitungsvorg&auml;nge bleibt vom Widerruf unber&uuml;hrt.<\/p> <p>Die von Ihnen zum Zwecke des Newsletter-Bezugs bei uns hinterlegten Daten werden von uns bis zu Ihrer Austragung aus dem Newsletter bei uns bzw. dem Newsletterdiensteanbieter gespeichert und nach der Abbestellung des Newsletters oder nach Zweckfortfall aus der Newsletterverteilerliste gel&ouml;scht. Wir behalten uns vor, E-Mail-Adressen aus unserem Newsletterverteiler nach eigenem Ermessen im Rahmen unseres berechtigten Interesses nach Art. 6 Abs. 1 lit. f DSGVO zu l&ouml;schen oder zu sperren.<\/p> <p>Daten, die zu anderen Zwecken bei uns gespeichert wurden, bleiben hiervon unber&uuml;hrt.<\/p> <p>Nach Ihrer Austragung aus der Newsletterverteilerliste wird Ihre E-Mail-Adresse bei uns bzw. dem Newsletterdiensteanbieter ggf. in einer Blacklist gespeichert, sofern dies zur Verhinderung k&uuml;nftiger Mailings erforderlich ist. Die Daten aus der Blacklist werden nur f&uuml;r diesen Zweck verwendet und nicht mit anderen Daten zusammengef&uuml;hrt. Dies dient sowohl Ihrem Interesse als auch unserem Interesse an der Einhaltung der gesetzlichen Vorgaben beim Versand von Newslettern (berechtigtes Interesse im Sinne des Art. 6 Abs. 1 lit. f DSGVO). Die Speicherung in der Blacklist ist zeitlich nicht befristet. <strong>Sie k&ouml;nnen der Speicherung widersprechen, sofern Ihre Interessen unser berechtigtes Interesse &uuml;berwiegen.<\/strong><\/p>\n<h2>7. Plugins und Tools<\/h2>\n<h3>YouTube mit erweitertem Datenschutz<\/h3> <p>Diese Website bindet Videos der Website YouTube ein. Betreiber der Website ist die Google Ireland Limited (&bdquo;Google&rdquo;), Gordon House, Barrow Street, Dublin 4, Irland.<\/p> <p>Wenn Sie eine dieser Website besuchen, auf denen YouTube eingebunden ist, wird eine Verbindung zu den Servern von YouTube hergestellt. Dabei wird dem YouTube-Server mitgeteilt, welche unserer Seiten Sie besucht haben. Wenn Sie in Ihrem YouTube-Account eingeloggt sind, erm&ouml;glichen Sie YouTube, Ihr Surfverhalten direkt Ihrem pers&ouml;nlichen Profil zuzuordnen. Dies k&ouml;nnen Sie verhindern, indem Sie sich aus Ihrem YouTube-Account ausloggen.<\/p> <p>Wir nutzen YouTube im erweiterten Datenschutzmodus. Videos, die im erweiterten Datenschutzmodus abgespielt werden, werden nach Aussage von YouTube nicht zur Personalisierung des Surfens auf YouTube eingesetzt. Anzeigen, die im erweiterten Datenschutzmodus ausgespielt werden, sind ebenfalls nicht personalisiert. Im erweiterten Datenschutzmodus werden keine Cookies gesetzt. Stattdessen werden jedoch sogenannte Local Storage Elemente im Browser des Users gespeichert, die &auml;hnlich wie Cookies personenbezogene Daten beinhalten und zur Wiedererkennung eingesetzt werden k&ouml;nnen. Details zum erweiterten Datenschutzmodus finden Sie hier: <a href=\"https:\/\/support.google.com\/youtube\/answer\/171780\" target=\"_blank\" rel=\"noopener noreferrer\">https:\/\/support.google.com\/youtube\/answer\/171780<\/a>.<\/p> <p>Gegebenenfalls k&ouml;nnen nach der Aktivierung eines YouTube-Videos weitere Datenverarbeitungsvorg&auml;nge ausgel&ouml;st werden, auf die wir keinen Einfluss haben.<\/p> <p>Die Nutzung von YouTube erfolgt im Interesse einer ansprechenden Darstellung unserer Online-Angebote. Dies stellt ein berechtigtes Interesse im Sinne von Art. 6 Abs. 1 lit. f DSGVO dar. Sofern eine entsprechende Einwilligung abgefragt wurde, erfolgt die Verarbeitung ausschlie&szlig;lich auf Grundlage von Art. 6 Abs. 1 lit. a DSGVO und &sect; 25 Abs. 1 TDDDG, soweit die Einwilligung die Speicherung von Cookies oder den Zugriff auf Informationen im Endger&auml;t des Nutzers (z.&nbsp;B. Device-Fingerprinting) im Sinne des TDDDG umfasst. Die Einwilligung ist jederzeit widerrufbar.<\/p> <p>Weitere Informationen &uuml;ber Datenschutz bei YouTube finden Sie in deren Datenschutzerkl&auml;rung unter: <a href=\"https:\/\/policies.google.com\/privacy?hl=de\" target=\"_blank\" rel=\"noopener noreferrer\">https:\/\/policies.google.com\/privacy?hl=de<\/a>.<\/p>\n<p>Das Unternehmen verf&uuml;gt &uuml;ber eine Zertifizierung nach dem &bdquo;EU-US Data Privacy Framework&ldquo; (DPF). Der DPF ist ein &Uuml;bereinkommen zwischen der Europ&auml;ischen Union und den USA, der die Einhaltung europ&auml;ischer Datenschutzstandards bei Datenverarbeitungen in den USA gew&auml;hrleisten soll. Jedes nach dem DPF zertifizierte Unternehmen verpflichtet sich, diese Datenschutzstandards einzuhalten. Weitere Informationen hierzu erhalten Sie vom Anbieter unter folgendem Link: <a href=\"https:\/\/www.dataprivacyframework.gov\/participant\/5780\" target=\"_blank\" rel=\"noopener noreferrer\">https:\/\/www.dataprivacyframework.gov\/participant\/5780<\/a>.<\/p>\n<h3>Google Fonts (lokales Hosting)<\/h3> <p>Diese Seite nutzt zur einheitlichen Darstellung von Schriftarten so genannte Google Fonts, die von Google bereitgestellt werden. Die Google Fonts sind lokal installiert. Eine Verbindung zu Servern von Google findet dabei nicht statt.<\/p> <p>Weitere Informationen zu Google Fonts finden Sie unter <a href=\"https:\/\/developers.google.com\/fonts\/faq\" target=\"_blank\" rel=\"noopener noreferrer\">https:\/\/developers.google.com\/fonts\/faq<\/a> und in der Datenschutzerkl&auml;rung von Google: <a href=\"https:\/\/policies.google.com\/privacy?hl=de\" target=\"_blank\" rel=\"noopener noreferrer\">https:\/\/policies.google.com\/privacy?hl=de<\/a>.<\/p>\n<h3>Google Maps<\/h3> <p>Diese Seite nutzt den Kartendienst Google Maps. Anbieter ist die Google Ireland Limited (&bdquo;Google&ldquo;), Gordon House, Barrow Street, Dublin 4, Irland. Mit Hilfe dieses Dienstes k&ouml;nnen wir Kartenmaterial auf unserer Website einbinden.<\/p> <p>Zur Nutzung der Funktionen von Google Maps ist es notwendig, Ihre IP-Adresse zu speichern. Diese Informationen werden in der Regel an einen Server von Google in den USA &uuml;bertragen und dort gespeichert. Der Anbieter dieser Seite hat keinen Einfluss auf diese Daten&uuml;bertragung. Wenn Google Maps aktiviert ist, kann Google zum Zwecke der einheitlichen Darstellung der Schriftarten Google Fonts verwenden. Beim Aufruf von Google Maps l&auml;dt Ihr Browser die ben&ouml;tigten Web Fonts in ihren Browsercache, um Texte und Schriftarten korrekt anzuzeigen.<\/p> <p>Die Nutzung von Google Maps erfolgt im Interesse einer ansprechenden Darstellung unserer Online-Angebote und an einer leichten Auffindbarkeit der von uns auf der Website angegebenen Orte. Dies stellt ein berechtigtes Interesse im Sinne von Art. 6 Abs. 1 lit. f DSGVO dar. Sofern eine entsprechende Einwilligung abgefragt wurde, erfolgt die Verarbeitung ausschlie&szlig;lich auf Grundlage von Art. 6 Abs. 1 lit. a DSGVO und &sect; 25 Abs. 1 TDDDG, soweit die Einwilligung die Speicherung von Cookies oder den Zugriff auf Informationen im Endger&auml;t des Nutzers (z.&nbsp;B. Device-Fingerprinting) im Sinne des TDDDG umfasst. Die Einwilligung ist jederzeit widerrufbar.<\/p> <p>Die Daten&uuml;bertragung in die USA wird auf die Standardvertragsklauseln der EU-Kommission gest&uuml;tzt. Details finden Sie hier: <a href=\"https:\/\/privacy.google.com\/businesses\/gdprcontrollerterms\/\" target=\"_blank\" rel=\"noopener noreferrer\">https:\/\/privacy.google.com\/businesses\/gdprcontrollerterms\/<\/a> und <a href=\"https:\/\/privacy.google.com\/businesses\/gdprcontrollerterms\/sccs\/\" target=\"_blank\" rel=\"noopener noreferrer\">https:\/\/privacy.google.com\/businesses\/gdprcontrollerterms\/sccs\/<\/a>.<\/p> <p>Mehr Informationen zum Umgang mit Nutzerdaten finden Sie in der Datenschutzerkl&auml;rung von Google: <a href=\"https:\/\/policies.google.com\/privacy?hl=de\" target=\"_blank\" rel=\"noopener noreferrer\">https:\/\/policies.google.com\/privacy?hl=de<\/a>.<\/p>\n<p>Das Unternehmen verf&uuml;gt &uuml;ber eine Zertifizierung nach dem &bdquo;EU-US Data Privacy Framework&ldquo; (DPF). Der DPF ist ein &Uuml;bereinkommen zwischen der Europ&auml;ischen Union und den USA, der die Einhaltung europ&auml;ischer Datenschutzstandards bei Datenverarbeitungen in den USA gew&auml;hrleisten soll. Jedes nach dem DPF zertifizierte Unternehmen verpflichtet sich, diese Datenschutzstandards einzuhalten. Weitere Informationen hierzu erhalten Sie vom Anbieter unter folgendem Link: <a href=\"https:\/\/www.dataprivacyframework.gov\/participant\/5780\" target=\"_blank\" rel=\"noopener noreferrer\">https:\/\/www.dataprivacyframework.gov\/participant\/5780<\/a>.<\/p>\n<h3>Wordfence<\/h3> <p>Wir haben Wordfence auf dieser Website eingebunden. Anbieter ist Defiant Inc., Defiant, Inc., 800 5th Ave Ste 4100, Seattle, WA 98104, USA (nachfolgend &bdquo;Wordfence&ldquo;).<\/p> <p>Wordfence dient dem Schutz unserer Website vor unerw&uuml;nschten Zugriffen oder b&ouml;sartigen Cyberattacken. Zu diesem Zweck stellt unsere Website eine dauerhafte Verbindung zu den Servern von Wordfence her, damit Wordfence seine Datenbanken mit den auf unserer Website get&auml;tigten Zugriffen abgleichen und ggf. blockieren kann.<\/p> <p>Die Verwendung von Wordfence erfolgt auf Grundlage von Art. 6 Abs. 1 lit. f DSGVO. Der Websitebetreiber hat ein berechtigtes Interesse an einem m&ouml;glichst effektiven Schutz seiner Website vor Cyberattacken. Sofern eine entsprechende Einwilligung abgefragt wurde, erfolgt die Verarbeitung ausschlie&szlig;lich auf Grundlage von Art. 6 Abs. 1 lit. a DSGVO und &sect; 25 Abs. 1 TDDDG, soweit die Einwilligung die Speicherung von Cookies oder den Zugriff auf Informationen im Endger&auml;t des Nutzers (z.&nbsp;B. Device-Fingerprinting) im Sinne des TDDDG umfasst. Die Einwilligung ist jederzeit widerrufbar.<\/p> <p>Die Daten&uuml;bertragung in die USA wird auf die Standardvertragsklauseln der EU-Kommission gest&uuml;tzt. Details finden Sie hier: <a href=\"https:\/\/www.wordfence.com\/help\/general-data-protection-regulation\/\" target=\"_blank\" rel=\"noopener noreferrer\">https:\/\/www.wordfence.com\/help\/general-data-protection-regulation\/<\/a>.<\/p>\n\n<h4>Auftragsverarbeitung<\/h4> <p>Wir haben einen Vertrag &uuml;ber Auftragsverarbeitung (AVV) zur Nutzung des oben genannten Dienstes geschlossen. Hierbei handelt es sich um einen datenschutzrechtlich vorgeschriebenen Vertrag, der gew&auml;hrleistet, dass dieser die personenbezogenen Daten unserer Websitebesucher nur nach unseren Weisungen und unter Einhaltung der DSGVO verarbeitet.<\/p>\n<h2>8. eCommerce und Zahlungs&shy;anbieter<\/h2>\n<h3>Verarbeiten von Kunden- und Vertragsdaten<\/h3> <p>Wir erheben, verarbeiten und nutzen personenbezogene Kunden- und Vertragsdaten zur Begr&uuml;ndung, inhaltlichen Ausgestaltung und &Auml;nderung unserer Vertragsbeziehungen. Personenbezogene Daten &uuml;ber die Inanspruchnahme dieser Website (Nutzungsdaten) erheben, verarbeiten und nutzen wir nur, soweit dies erforderlich ist, um dem Nutzer die Inanspruchnahme des Dienstes zu erm&ouml;glichen oder abzurechnen. Rechtsgrundlage hierf&uuml;r ist Art. 6 Abs. 1 lit. b DSGVO.<\/p> <p>Die erhobenen Kundendaten werden nach Abschluss des Auftrags oder Beendigung der Gesch&auml;ftsbeziehung und Ablauf der ggf. bestehenden gesetzlichen Aufbewahrungsfristen gel&ouml;scht. Gesetzliche Aufbewahrungsfristen bleiben unber&uuml;hrt.<\/p>\n<h3>Daten&shy;&uuml;bermittlung bei Vertragsschluss f&uuml;r Online-Shops, H&auml;ndler und Warenversand<\/h3> <p>Wenn Sie Waren bei uns bestellen, geben wir Ihre personenbezogenen Daten an das zur Lieferung betraute Transportunternehmen sowie an den mit der Zahlungsabwicklung beauftragten Zahlungsdienstleister weiter. Es werden nur solche Daten herausgegeben, die der jeweilige Dienstleister zur Erf&uuml;llung seiner Aufgabe ben&ouml;tigt. Rechtsgrundlage hierf&uuml;r ist Art. 6 Abs. 1 lit. b DSGVO, der die Verarbeitung von Daten zur Erf&uuml;llung eines Vertrags oder vorvertraglicher Ma&szlig;nahmen gestattet. Sofern Sie eine entsprechende Einwilligung nach Art. 6 Abs. 1 lit. a DSGVO erteilt haben, werden wir Ihre E-Mail-Adresse an das mit der Lieferung betraute Transportunternehmen &uuml;bergeben, damit dieses Sie per E-Mail &uuml;ber den Versandstatus Ihrer Bestellung informieren kann; Sie k&ouml;nnen die Einwilligung jederzeit widerrufen.<\/p>\n<h3>Daten&shy;&uuml;bermittlung bei Vertragsschluss f&uuml;r Dienstleistungen und digitale Inhalte<\/h3> <p>Wir &uuml;bermitteln personenbezogene Daten an Dritte nur dann, wenn dies im Rahmen der Vertragsabwicklung notwendig ist, etwa an das mit der Zahlungsabwicklung beauftragte Kreditinstitut.<\/p> <p>Eine weitergehende &Uuml;bermittlung der Daten erfolgt nicht bzw. nur dann, wenn Sie der &Uuml;bermittlung ausdr&uuml;cklich zugestimmt haben. Eine Weitergabe Ihrer Daten an Dritte ohne ausdr&uuml;ckliche Einwilligung, etwa zu Zwecken der Werbung, erfolgt nicht.<\/p> <p>Grundlage f&uuml;r die Datenverarbeitung ist Art. 6 Abs. 1 lit. b DSGVO, der die Verarbeitung von Daten zur Erf&uuml;llung eines Vertrags oder vorvertraglicher Ma&szlig;nahmen gestattet.<\/p><\/div><\/div>\t\t\t\t<\/div>\n\t\t\t\t<\/div>\n\t\t\t\t<div class=\"elementor-element elementor-element-0118b39 elementor-widget elementor-widget-erecht24\" data-id=\"0118b39\" data-element_type=\"widget\" data-widget_type=\"erecht24.default\">\n\t\t\t\t<div class=\"elementor-widget-container\">\n\t\t\t\t\t<div class=\"erecht24-elementor-widget\"><div style=\"word-wrap: break-word;\"><h3>Unsere Social-Media-Auftritte<\/h3> <h4>Diese Datenschutzerkl&auml;rung gilt f&uuml;r folgende Social-Media-Auftritte<\/h4> <ul>\n<li><a href=\"https:\/\/www.facebook.com\/profile.php?id=100064669334989#\" target=\"_blank\" rel=\"noopener noreferrer\">https:\/\/www.facebook.com\/profile.php?id=100064669334989#<\/a><\/li>\n<li><a href=\"https:\/\/www.instagram.com\/volksbildungswerk_klarenthal\/\" target=\"_blank\" rel=\"noopener noreferrer\">https:\/\/www.instagram.com\/volksbildungswerk_klarenthal\/<\/a><\/li>\n<\/ul>\n <h4>Datenverarbeitung durch soziale Netzwerke<\/h4> <p>Wir unterhalten &ouml;ffentlich zug&auml;ngliche Profile in sozialen Netzwerken. Die im Einzelnen von uns genutzten sozialen Netzwerke finden Sie weiter unten.<\/p> <p>Soziale Netzwerke wie Facebook, X etc. k&ouml;nnen Ihr Nutzerverhalten in der Regel umfassend analysieren, wenn Sie deren Website oder eine Website mit integrierten Social-Media-Inhalten (z.&nbsp;B. Like-Buttons oder Werbebannern) besuchen. Durch den Besuch unserer Social-Media-Pr&auml;senzen werden zahlreiche datenschutzrelevante Verarbeitungsvorg&auml;nge ausgel&ouml;st. Im Einzelnen:<\/p> <p>Wenn Sie in Ihrem Social-Media-Account eingeloggt sind und unsere Social-Media-Pr&auml;senz besuchen, kann der Betreiber des Social-Media-Portals diesen Besuch Ihrem Benutzerkonto zuordnen. Ihre personenbezogenen Daten k&ouml;nnen unter Umst&auml;nden aber auch dann erfasst werden, wenn Sie nicht eingeloggt sind oder keinen Account beim jeweiligen Social-Media-Portal besitzen. Diese Datenerfassung erfolgt in diesem Fall beispielsweise &uuml;ber Cookies, die auf Ihrem Endger&auml;t gespeichert werden oder durch Erfassung Ihrer IP-Adresse.<\/p> <p>Mit Hilfe der so erfassten Daten k&ouml;nnen die Betreiber der Social-Media-Portale Nutzerprofile erstellen, in denen Ihre Pr&auml;ferenzen und Interessen hinterlegt sind. Auf diese Weise kann Ihnen interessenbezogene Werbung in- und au&szlig;erhalb der jeweiligen Social-Media-Pr&auml;senz angezeigt werden. Sofern Sie &uuml;ber einen Account beim jeweiligen sozialen Netzwerk verf&uuml;gen, kann die interessenbezogene Werbung auf allen Ger&auml;ten angezeigt werden, auf denen Sie eingeloggt sind oder eingeloggt waren.<\/p> <p>Bitte beachten Sie au&szlig;erdem, dass wir nicht alle Verarbeitungsprozesse auf den Social-Media-Portalen nachvollziehen k&ouml;nnen. Je nach Anbieter k&ouml;nnen daher ggf. weitere Verarbeitungsvorg&auml;nge von den Betreibern der Social-Media-Portale durchgef&uuml;hrt werden. Details hierzu entnehmen Sie den Nutzungsbedingungen und Datenschutzbestimmungen der jeweiligen Social-Media-Portale.<\/p> <h4>Rechtsgrundlage<\/h4> <p>Unsere Social-Media-Auftritte sollen eine m&ouml;glichst umfassende Pr&auml;senz im Internet gew&auml;hrleisten. Hierbei handelt es sich um ein berechtigtes Interesse im Sinne von Art. 6 Abs. 1 lit. f DSGVO. Die von den sozialen Netzwerken initiierten Analyseprozesse beruhen ggf. auf abweichenden Rechtsgrundlagen, die von den Betreibern der sozialen Netzwerke anzugeben sind (z.&nbsp;B. Einwilligung im Sinne des Art. 6 Abs. 1 lit. a DSGVO).<\/p> <h4>Verantwortlicher und Geltendmachung von Rechten<\/h4> <p>Wenn Sie einen unserer Social-Media-Auftritte (z.&nbsp;B. Facebook) besuchen, sind wir gemeinsam mit dem Betreiber der Social-Media-Plattform f&uuml;r die bei diesem Besuch ausgel&ouml;sten Datenverarbeitungsvorg&auml;nge verantwortlich. Sie k&ouml;nnen Ihre Rechte (Auskunft, Berichtigung, L&ouml;schung, Einschr&auml;nkung der Verarbeitung, Daten&uuml;bertragbarkeit und Beschwerde) grunds&auml;tzlich sowohl gg&uuml;. uns als auch gg&uuml;. dem Betreiber des jeweiligen Social-Media-Portals (z.&nbsp;B. gg&uuml;. Facebook) geltend machen.<\/p> <p>Bitte beachten Sie, dass wir trotz der gemeinsamen Verantwortlichkeit mit den Social-Media-Portal-Betreibern nicht vollumf&auml;nglich Einfluss auf die Datenverarbeitungsvorg&auml;nge der Social-Media-Portale haben. Unsere M&ouml;glichkeiten richten sich ma&szlig;geblich nach der Unternehmenspolitik des jeweiligen Anbieters.<\/p> <h4>Speicherdauer<\/h4> <p>Die unmittelbar von uns &uuml;ber die Social-Media-Pr&auml;senz erfassten Daten werden von unseren Systemen gel&ouml;scht, sobald Sie uns zur L&ouml;schung auffordern, Ihre Einwilligung zur Speicherung widerrufen oder der Zweck f&uuml;r die Datenspeicherung entf&auml;llt. Gespeicherte Cookies verbleiben auf Ihrem Endger&auml;t, bis Sie sie l&ouml;schen. Zwingende gesetzliche Bestimmungen &ndash; insb. Aufbewahrungsfristen &ndash; bleiben unber&uuml;hrt.<\/p> <p>Auf die Speicherdauer Ihrer Daten, die von den Betreibern der sozialen Netzwerke zu eigenen Zwecken gespeichert werden, haben wir keinen Einfluss. F&uuml;r Einzelheiten dazu informieren Sie sich bitte direkt bei den Betreibern der sozialen Netzwerke (z.&nbsp;B. in deren Datenschutzerkl&auml;rung, siehe unten).<\/p> <h4>Ihre Rechte<\/h4> <p>Sie haben jederzeit das Recht, unentgeltlich Auskunft &uuml;ber Herkunft, Empf&auml;nger und Zweck Ihrer gespeicherten personenbezogenen Daten zu erhalten. Ihnen steht au&szlig;erdem ein Recht auf Widerspruch, auf Daten&uuml;bertragbarkeit und ein Beschwerderecht bei der zust&auml;ndigen Aufsichtsbeh&ouml;rde zu. Ferner k&ouml;nnen Sie die Berichtigung, Sperrung, L&ouml;schung und unter bestimmten Umst&auml;nden die Einschr&auml;nkung der Verarbeitung Ihrer personenbezogenen Daten verlangen.<\/p> <h4>Soziale Netzwerke im Einzelnen<\/h4>\n<h5>Facebook<\/h5> <p>Wir verf&uuml;gen &uuml;ber ein Profil bei Facebook. Anbieter dieses Dienstes ist die Meta Platforms Ireland Limited, Merrion Road, Dublin 4, D04 X2K5, Irland (nachfolgend Meta). Die erfassten Daten werden nach Aussage von Meta auch in die USA und in andere Drittl&auml;nder &uuml;bertragen.<\/p> <p>Wir haben mit Meta eine Vereinbarung &uuml;ber gemeinsame Verarbeitung (Controller Addendum) geschlossen. In dieser Vereinbarung wird festgelegt, f&uuml;r welche Datenverarbeitungsvorg&auml;nge wir bzw. Meta verantwortlich ist, wenn Sie unsere Facebook-Page besuchen. Diese Vereinbarung k&ouml;nnen Sie unter folgendem Link einsehen: <a href=\"https:\/\/www.facebook.com\/legal\/terms\/page_controller_addendum\" target=\"_blank\" rel=\"noopener noreferrer\">https:\/\/www.facebook.com\/legal\/terms\/page_controller_addendum<\/a>.<\/p> <p><strong>Sie k&ouml;nnen Ihre Werbeeinstellungen selbstst&auml;ndig in Ihrem Nutzer-Account anpassen. Klicken Sie hierzu auf folgenden Link und loggen Sie sich ein:<\/strong> <a href=\"https:\/\/www.facebook.com\/settings?tab=ads\" target=\"_blank\" rel=\"noopener noreferrer\">https:\/\/www.facebook.com\/settings?tab=ads<\/a>.<\/p> <p>Die Daten&uuml;bertragung in die USA wird auf die Standardvertragsklauseln der EU-Kommission gest&uuml;tzt. Details finden Sie hier: <a href=\"https:\/\/www.facebook.com\/legal\/EU_data_transfer_addendum\" target=\"_blank\" rel=\"noopener noreferrer\">https:\/\/www.facebook.com\/legal\/EU_data_transfer_addendum<\/a> und <a href=\"https:\/\/de-de.facebook.com\/help\/566994660333381\" target=\"_blank\" rel=\"noopener noreferrer\">https:\/\/de-de.facebook.com\/help\/566994660333381<\/a>.<\/p> <p>Details entnehmen Sie der Datenschutzerkl&auml;rung von Facebook: <a href=\"https:\/\/www.facebook.com\/about\/privacy\/\" target=\"_blank\" rel=\"noopener noreferrer\">https:\/\/www.facebook.com\/about\/privacy\/<\/a>.<\/p>\n<p>Das Unternehmen verf&uuml;gt &uuml;ber eine Zertifizierung nach dem &bdquo;EU-US Data Privacy Framework&ldquo; (DPF). Der DPF ist ein &Uuml;bereinkommen zwischen der Europ&auml;ischen Union und den USA, der die Einhaltung europ&auml;ischer Datenschutzstandards bei Datenverarbeitungen in den USA gew&auml;hrleisten soll. Jedes nach dem DPF zertifizierte Unternehmen verpflichtet sich, diese Datenschutzstandards einzuhalten. Weitere Informationen hierzu erhalten Sie vom Anbieter unter folgendem Link: <a href=\"https:\/\/www.dataprivacyframework.gov\/participant\/4452\" target=\"_blank\" rel=\"noopener noreferrer\">https:\/\/www.dataprivacyframework.gov\/participant\/4452<\/a><\/p>\n<h5>Instagram<\/h5> <p>Wir verf&uuml;gen &uuml;ber ein Profil bei Instagram. Anbieter dieses Dienstes ist die Meta Platforms Ireland Limited, Merrion Road, Dublin 4, D04 X2K5, Irland.<\/p> <p>Die Daten&uuml;bertragung in die USA wird auf die Standardvertragsklauseln der EU-Kommission gest&uuml;tzt. Details finden Sie hier: <a href=\"https:\/\/www.facebook.com\/legal\/EU_data_transfer_addendum\" target=\"_blank\" rel=\"noopener noreferrer\">https:\/\/www.facebook.com\/legal\/EU_data_transfer_addendum<\/a> und <a href=\"https:\/\/de-de.facebook.com\/help\/566994660333381\" target=\"_blank\" rel=\"noopener noreferrer\">https:\/\/de-de.facebook.com\/help\/566994660333381<\/a>.<\/p> <p>Details zu deren Umgang mit Ihren personenbezogenen Daten entnehmen Sie der Datenschutzerkl&auml;rung von Instagram: <a href=\"https:\/\/privacycenter.instagram.com\/policy\/\" target=\"_blank\" rel=\"noopener noreferrer\">https:\/\/privacycenter.instagram.com\/policy\/<\/a>.<\/p>\n<p>Das Unternehmen verf&uuml;gt &uuml;ber eine Zertifizierung nach dem &bdquo;EU-US Data Privacy Framework&ldquo; (DPF). Der DPF ist ein &Uuml;bereinkommen zwischen der Europ&auml;ischen Union und den USA, der die Einhaltung europ&auml;ischer Datenschutzstandards bei Datenverarbeitungen in den USA gew&auml;hrleisten soll. Jedes nach dem DPF zertifizierte Unternehmen verpflichtet sich, diese Datenschutzstandards einzuhalten. Weitere Informationen hierzu erhalten Sie vom Anbieter unter folgendem Link: <a href=\"https:\/\/www.dataprivacyframework.gov\/participant\/4452\" target=\"_blank\" rel=\"noopener noreferrer\">https:\/\/www.dataprivacyframework.gov\/participant\/4452<\/a><\/p><\/div><\/div>\t\t\t\t<\/div>\n\t\t\t\t<\/div>\n\t\t\t\t<div class=\"elementor-element elementor-element-5e311058 elementor-widget elementor-widget-text-editor\" data-id=\"5e311058\" data-element_type=\"widget\" data-widget_type=\"text-editor.default\">\n\t\t\t\t<div class=\"elementor-widget-container\">\n\t\t\t\t\t\t\t\t\t\n<h2 class=\"wp-block-heading\">VOLKSBILDUNGSWERK KLARENTHAL E.V. G\u0130ZL\u0130L\u0130K POL\u0130T\u0130KASI<\/h2>\n\n\n\n<p>Durum: Haziran 2018<\/p>\n\n\n\n<p><strong>www.klarenthal.org (bundan sonra &#8220;Web sitesi&#8221; olarak an\u0131lacakt\u0131r) adresindeki web sitemize g\u00f6sterdi\u011finiz ilgi i\u00e7in te\u015fekk\u00fcr ederiz. A\u015fa\u011f\u0131da, hizmetlerimizi kulland\u0131\u011f\u0131n\u0131z \u00f6l\u00e7\u00fcde verilerinizin nas\u0131l i\u015flendi\u011fi hakk\u0131nda sizi ayr\u0131nt\u0131l\u0131 olarak bilgilendiriyoruz. <\/strong><\/p>\n\n\n\n<h3 class=\"wp-block-heading\">1. Veri koruma sorumlulu\u011fu<\/h3>\n\n\n\n<p>Veri koruma yasas\u0131 anlam\u0131nda sorumlu, Volksbildungswerk Klarenthal e. V.&#8217;dir, yasal olarak Volksbildungswerk Klarenthal e. V. y\u00f6netim kurulu taraf\u0131ndan temsil edilmektedir.<br>Y\u00f6netim Kurulu: Monika Merkert, Burkard Mohr, Gert Pollok, Romanus Rumanus ve Frauke Wetterich<\/p>\n\n\n\n<p>\u0130leti\u015fim: Geschwister-Scholl-Stra\u00dfe 10, 65197 Wiesbaden<br>info@klarenthal.org Tel.: 0611 72437920<br>(bundan sonra &#8220;biz&#8221; olarak an\u0131lacakt\u0131r).<\/p>\n\n\n\n<h3 class=\"wp-block-heading\">2. Eri\u015fim verilerinin depolanmas\u0131<\/h3>\n\n\n\n<p>Web sitemize her eri\u015fimde, sa\u011flay\u0131c\u0131m\u0131z\u0131n web sunucusundaki bir g\u00fcnl\u00fck dosyas\u0131nda eri\u015fim verileri saklan\u0131r. Bu veri seti \u015funlardan olu\u015fur:<br>&#8211; \u0130stek yapan cihaz\u0131n IP adresi<br>&#8211; Eri\u015fim tarihi ve saati<br>&#8211; \u0130stenen dosyan\u0131n ad\u0131 ve URL&#8217;si<br>&#8211; Aktar\u0131lan veri miktar\u0131<br>&#8211; Eri\u015fimin ba\u015far\u0131l\u0131 olup olmad\u0131\u011f\u0131na dair bildirim<br>&#8211; Kullan\u0131lan taray\u0131c\u0131 ve i\u015fletim sisteminin tan\u0131mlama verileri<br>&#8211; Eri\u015fimin yap\u0131ld\u0131\u011f\u0131 web sitesi ve<br>&#8211; \u0130nternet eri\u015fim sa\u011flay\u0131c\u0131n\u0131z\u0131n ad\u0131<br>Bu verilerin toplanmas\u0131 teknik nedenlerden dolay\u0131 gereklidir. Bu veriler bize ki\u015fisel olarak sizinle ilgili bir \u00e7\u0131kar\u0131m yapma imkan\u0131 vermez. Web sitemizin IP adresiniz olmadan kullan\u0131lmas\u0131 teknik olarak maalesef m\u00fcmk\u00fcn de\u011fildir.   <\/p>\n\n\n\n<h3 class=\"wp-block-heading\">3. \u00c7erezler<\/h3>\n\n\n\n<p><strong>3.1 Kullan\u0131c\u0131 dostu olmas\u0131n\u0131 sa\u011flamak i\u00e7in kullan\u0131m<\/strong><\/p>\n\n\n\n<p>Web sitemizi \u00e7ekici hale getirmek ve belirli i\u015flevlerin kullan\u0131m\u0131n\u0131 m\u00fcmk\u00fcn k\u0131lmak i\u00e7in cihaz\u0131n\u0131z\u0131n depolama ortam\u0131nda \u00e7erezler sakl\u0131yoruz. Bu, me\u015fru \u00e7\u0131kar olarak sat\u0131\u015f \u00e7\u0131kar\u0131m\u0131za hizmet eder.<br>\u00c7erezler, sa\u011flay\u0131c\u0131m\u0131z\u0131n web sunucusundan cihaz\u0131n\u0131z\u0131n taray\u0131c\u0131s\u0131na g\u00f6nderilen ve orada saklanan k\u00fc\u00e7\u00fck metin dosyalar\u0131d\u0131r. \u00c7erezler, \u00f6rne\u011fin kullan\u0131c\u0131 hesab\u0131n\u0131za ba\u015far\u0131l\u0131 bir \u015fekilde giri\u015f yapt\u0131ktan sonra ziyaretinizin t\u00fcm s\u00fcresi boyunca sizi tan\u0131mlamak ve yetkilendirmek i\u00e7in gereklidir. Ayr\u0131ca, \u00f6rne\u011fin bir kursa kay\u0131t olurken kay\u0131t olmadan bilgi verdi\u011finizde, verilerinizi birden fazla kez girmenizi \u00f6nlemek i\u00e7in de gereklidirler. Bu \u00e7erezler, taray\u0131c\u0131 oturumunuzun sonunda cihaz\u0131n\u0131z\u0131n depolama ortam\u0131ndan silinir (oturum \u00e7erezleri olarak adland\u0131r\u0131l\u0131r).    <br>Cihaz\u0131n\u0131z\u0131n taray\u0131c\u0131s\u0131 genellikle \u00e7erezlerin olu\u015fturulmas\u0131n\u0131 ve saklanmas\u0131n\u0131 kabul edecek \u015fekilde ayarlanm\u0131\u015ft\u0131r. Taray\u0131c\u0131n\u0131z\u0131, \u00e7erezlerin saklanmas\u0131n\u0131 ve kullan\u0131lmas\u0131n\u0131 genel olarak veya belirli durumlar i\u00e7in reddetmek \u00fczere ayarlama imkan\u0131n\u0131z vard\u0131r. Ancak bu durumda web sitemizin i\u015flevselli\u011fi s\u0131n\u0131rl\u0131 olabilir.  <\/p>\n\n\n\n<p><strong>3.2 Youtube<\/strong><\/p>\n\n\n\n<p>Baz\u0131 sayfalar\u0131m\u0131zda Youtube videolar\u0131 g\u00f6m\u00fcl\u00fcd\u00fcr. Bunun i\u00e7in \u00e7erez ayarlamayan ve iyi veri koruma uygulamalar\u0131na daha iyi uyan www.youtube-nocookie.com alan ad\u0131n\u0131 kullan\u0131yoruz (Y\u00f6ntem: Youtube videosunu \u00e7a\u011f\u0131rma, Payla\u015fma, G\u00f6mme ve orada en alttaki &#8220;Geli\u015fmi\u015f gizlilik modunu etkinle\u015ftir&#8221; kutucu\u011funu i\u015faretleme). <\/p>\n\n\n\n<h3 class=\"wp-block-heading\">4. Sosyal Eklentiler<\/h3>\n\n\n\n<p>Web sitemizde hi\u00e7bir eklenti entegre edilmemi\u015ftir. Sadece Facebook&#8217;taki sayfam\u0131za bir ba\u011flant\u0131 bulunmaktad\u0131r. <\/p>\n\n\n\n<h3 class=\"wp-block-heading\">5. Kurs kayd\u0131<\/h3>\n\n\n\n<p>Bir kursa veya seyahate kay\u0131t olurken istenen veriler, s\u00f6zle\u015fme \u00f6ncesi \u00f6nlemlerin uygulanmas\u0131 ve s\u00f6zle\u015fmenin yerine getirilmesi i\u00e7in kullan\u0131l\u0131r. Burada, zorunlu olarak verilmesi gereken veriler (y\u0131ld\u0131z i\u015fareti ile belirtilmi\u015f) ve iste\u011fe ba\u011fl\u0131 olarak verilebilecek veriler aras\u0131nda ayr\u0131m yap\u0131l\u0131r. Zorunlu veriler (ad, soyad\u0131, kay\u0131t kart\u0131n\u0131n g\u00f6nderilmesi i\u00e7in adres, telefon numaras\u0131, rezervasyon onay\u0131 i\u00e7in e-posta, do\u011fum tarihi, IBAN) olmadan s\u00f6zle\u015fme yap\u0131lamaz. Do\u011fum tarihinizi, re\u015fit oldu\u011funuzdan emin olmak veya re\u015fit olmama durumunda gerekli \u00f6nlemleri almak i\u00e7in topluyoruz. \u00d6zel kurslar i\u00e7in, \u00f6rne\u011fin \u00e7ocuk kurslar\u0131, do\u011fum tarihinin belirtilmesi zorunlu olabilir.<br>Sabit hat veya cep telefonu numaran\u0131z\u0131n sorulmas\u0131, kurs de\u011fi\u015fikliklerinde sizinle do\u011frudan ileti\u015fime ge\u00e7ebilmek i\u00e7in me\u015fru menfaatimiz do\u011frultusundad\u0131r. Bu verileri bize sa\u011flamazsan\u0131z, size zaman\u0131nda ula\u015famayabiliriz. \u0130ste\u011fe ba\u011fl\u0131 bilgiler de s\u00f6zle\u015fmenin yerine getirilmesi i\u00e7in kullan\u0131l\u0131r. E-posta adresi, kay\u0131t onay\u0131n\u0131n g\u00f6nderilmesi i\u00e7in gereklidir.<br>IBAN, hesap sahibinin ad\u0131 ve soyad\u0131n\u0131 belirterek bize otomatik \u00f6deme talimat\u0131 verebilirsiniz. \u0130ste\u011fe ba\u011fl\u0131 ek bilgiler de otomatik \u00f6deme talimat\u0131n\u0131n yerine getirilmesi i\u00e7indir. Zorunlu banka bilgilerini bize sa\u011flamazsan\u0131z, otomatik \u00f6deme ger\u00e7ekle\u015fmez ve kurs \u00fccretinin \u00f6denmesini ba\u015fka bir \u015fekilde d\u00fczenlemeniz gerekir.<br>Taraf\u0131n\u0131zdan sa\u011flanan t\u00fcm veriler elektronik olarak saklan\u0131r. Bunun sonucunda ortaya \u00e7\u0131kan veritabanlar\u0131 ve uygulamalar, taraf\u0131m\u0131zca g\u00f6revlendirilen BT hizmet sa\u011flay\u0131c\u0131lar\u0131 taraf\u0131ndan y\u00f6netilebilir. \u0130ste\u011fe ba\u011fl\u0131 verilerin sa\u011flanmamas\u0131 herhangi bir etkiye sahip de\u011fildir.           <\/p>\n\n\n\n<h3 class=\"wp-block-heading\">6. Kullan\u0131c\u0131 hesab\u0131<\/h3>\n\n\n\n<p>Web sitemiz i\u00e7in bir kullan\u0131c\u0131 hesab\u0131 olu\u015fturma imkan\u0131n\u0131z vard\u0131r. Bir kullan\u0131c\u0131 hesab\u0131 olu\u015ftururken, ad, soyad\u0131 ve e-posta adresi vermeniz istenir. Y\u0131ld\u0131z i\u015fareti ile belirtilen veri alanlar\u0131 zorunlu bilgilerdir ve kullan\u0131m s\u00f6zle\u015fmesinin kurulmas\u0131 ve y\u00fcr\u00fct\u00fclmesi i\u00e7indir. Di\u011fer bilgiler iste\u011fe ba\u011fl\u0131d\u0131r.<br>E-posta adresinizi ve bir \u015fifre belirlemeden, eri\u015fim verilerinizi do\u011frulayamaz ve korumal\u0131 bir kullan\u0131c\u0131 hesab\u0131 sunamay\u0131z. Do\u011fum tarihinizi belirtmeden, kullan\u0131c\u0131 hesab\u0131n\u0131n olu\u015fturulmas\u0131 i\u00e7in ebeveynlerinizin onay\u0131na ihtiya\u00e7 duyup duymad\u0131\u011f\u0131m\u0131z\u0131 kontrol edemeyiz. \u0130ste\u011fe ba\u011fl\u0131 bilgilerin sa\u011flanmamas\u0131 sonu\u00e7suz kal\u0131r. Bir kullan\u0131c\u0131 hesab\u0131 olu\u015fturmak iste\u011fe ba\u011fl\u0131d\u0131r. Kurs kay\u0131tlar\u0131n\u0131 her zaman kullan\u0131c\u0131 hesab\u0131 olmadan da yapabilirsiniz.<br>Bir kullan\u0131c\u0131 hesab\u0131 olu\u015fturduktan sonra, bu hesapta ki\u015fisel verilerinizi, kurslar\u0131n\u0131z\u0131, favori listenizi ve banka bilgilerinizi g\u00f6r\u00fcnt\u00fcleyebilir ve d\u00fczenleyebilirsiniz. Ayr\u0131ca kay\u0131tl\u0131 oldu\u011funuz kurslar\u0131n bir \u00f6zetini al\u0131rs\u0131n\u0131z. L\u00fctfen web sitemizden ayr\u0131lmadan \u00f6nce kullan\u0131c\u0131 hesab\u0131n\u0131zdan \u00e7\u0131k\u0131\u015f yapmay\u0131 unutmay\u0131n. Bunu web sitemizin kullan\u0131c\u0131 profilindeki &#8220;\u00c7\u0131k\u0131\u015f&#8221; d\u00fc\u011fmesine t\u0131klayarak yapabilirsiniz. Bu, verilerinizi yetkisiz \u00fc\u00e7\u00fcnc\u00fc \u015fah\u0131slar\u0131n eri\u015fimine kar\u015f\u0131 korumaya yarar.<br>Kullan\u0131c\u0131 hesab\u0131n\u0131z\u0131 istedi\u011finiz zaman bize kar\u015f\u0131 feshedebilirsiniz. Hesab\u0131 3 y\u0131ldan fazla kullanmad\u0131\u011f\u0131n\u0131z takdirde, kullan\u0131c\u0131 hesab\u0131n\u0131z\u0131 4 haftal\u0131k bir s\u00fcre ile feshetme hakk\u0131n\u0131 sakl\u0131 tutar\u0131z.            <\/p>\n\n\n\n<h3 class=\"wp-block-heading\">7. B\u00fclten<\/h3>\n\n\n\n<p>Bize, e-posta adresinizi teklifimiz hakk\u0131nda reklam bilgileri g\u00f6ndermek i\u00e7in kullanma izni verebilirsiniz. \u0130zniniz olmadan e-posta adresinizi bu ama\u00e7 i\u00e7in kullanmayaca\u011f\u0131z. \u0130zninizi istedi\u011finiz zaman gelecekteki etkisiyle iptal edebilirsiniz. \u0130ptal i\u015flemini herhangi bir ileti\u015fim kanal\u0131 (\u00f6rne\u011fin mektup, e-posta, b\u00fcltendeki ba\u011flant\u0131) \u00fczerinden bize bildirebilirsiniz. B\u00fcltenimize kaydolarak \u015fu beyan\u0131 vermi\u015f olursunuz: &#8220;Volksbildungswerk Klarenthal e. V.&#8217;nin beni d\u00fczenli olarak e-posta yoluyla kurslar\u0131 hakk\u0131nda bilgilendirmesini kabul ediyorum. Bu izni istedi\u011fim zaman gelecekteki etkisiyle iptal edebilirim.&#8221; B\u00fclteni a\u00e7t\u0131\u011f\u0131n\u0131zda veya i\u00e7indeki bir ba\u011flant\u0131ya t\u0131klad\u0131\u011f\u0131n\u0131zda, bu web sunucumuz \u00fczerinden kaydedilir (tarih, saat, e-posta adresi). Bu, dahili istatistiksel ama\u00e7lara hizmet eder. Bu veriler ki\u015fisel kullan\u0131m profilleriyle birle\u015ftirilmez.<\/p>\n\n\n\n<h3 class=\"wp-block-heading\">8. Verilerin sa\u011flanmas\u0131na ili\u015fkin yasal ve s\u00f6zle\u015fmesel y\u00fck\u00fcml\u00fcl\u00fckler<\/h3>\n\n\n\n<p>Verilerinizi bize sa\u011flaman\u0131z ne s\u00f6zle\u015fmesel ne de yasal olarak zorunludur.<\/p>\n\n\n\n<h3 class=\"wp-block-heading\">9. Verilerin saklanma s\u00fcresi ve silinmesi<\/h3>\n\n\n\n<p>Ki\u015fisel verilerinizi yaln\u0131zca saklama amac\u0131na ula\u015fmak i\u00e7in gerekli olan s\u00fcre boyunca i\u015fler ve saklar\u0131z veya Avrupa y\u00f6nerge ve y\u00f6netmelik yap\u0131c\u0131s\u0131 veya ba\u015fka bir yasa koyucu taraf\u0131ndan, i\u015fleme sorumlusunun tabi oldu\u011fu kanun veya y\u00f6netmeliklerde \u00f6ng\u00f6r\u00fclm\u00fc\u015fse.<br>Saklama amac\u0131 ortadan kalkarsa veya Avrupa y\u00f6nerge ve y\u00f6netmelik yap\u0131c\u0131s\u0131 veya ba\u015fka bir yetkili yasa koyucu taraf\u0131ndan \u00f6ng\u00f6r\u00fclen bir saklama s\u00fcresi sona ererse, ki\u015fisel veriler rutin olarak ve yasal h\u00fck\u00fcmlere uygun olarak bloke edilir veya silinir. S\u00fcre sona erdikten sonra, ilgili veriler s\u00f6zle\u015fmenin yerine getirilmesi veya s\u00f6zle\u015fme haz\u0131rl\u0131\u011f\u0131 i\u00e7in art\u0131k gerekli de\u011filse rutin olarak silinir.<br>Bildirilen banka bilgileri, otomatik \u00f6deme yetkisinin iptali, kurs \u00fccretinin ba\u015far\u0131l\u0131 bir \u015fekilde \u00f6denmesi veya s\u00fcrekli otomatik \u00f6deme talimatlar\u0131 durumunda son kullan\u0131mdan 48 ay sonra silinir. Yasal taleplere ili\u015fkin ileti\u015fim, zamana\u015f\u0131m\u0131 sonuna kadar saklan\u0131r.  <\/p>\n\n\n\n<h3 class=\"wp-block-heading\">10. Verilerinizin payla\u015f\u0131lmas\u0131<\/h3>\n\n\n\n<p>Verilerinizi yaln\u0131zca ge\u00e7erli hukuk gere\u011fi yetkili veya y\u00fck\u00fcml\u00fc oldu\u011fumuz durumlarda \u00fc\u00e7\u00fcnc\u00fc taraflara aktar\u0131r\u0131z. Verilerinizi \u00fc\u00e7\u00fcnc\u00fc taraflardan ald\u0131\u011f\u0131m\u0131z durumlar i\u00e7in de ayn\u0131 kural ge\u00e7erlidir.<br>\u00dc\u00e7\u00fcnc\u00fc taraflar\u0131n verileri bizim ad\u0131m\u0131za i\u015flemesi durumunda da yetki mevcuttur. \u0130\u015f faaliyetlerimizi (\u00f6rne\u011fin web sitesi i\u015fletimi, teklif uyarlama, kat\u0131l\u0131mc\u0131 deste\u011fi, reklam materyali olu\u015fturma ve g\u00f6nderme, veri analizi ve gerekti\u011finde veri temizleme, \u00f6deme i\u015fleme) kendimiz yapmay\u0131p ba\u015fka \u015firketlere yapt\u0131rd\u0131\u011f\u0131m\u0131zda ve bu faaliyetler verilerinizin i\u015flenmesiyle ba\u011flant\u0131l\u0131 oldu\u011funda, bu \u015firketleri \u00f6nceden s\u00f6zle\u015fmeyle verileri yaln\u0131zca hukuken izin verilen ama\u00e7lar i\u00e7in kullanmakla y\u00fck\u00fcml\u00fc k\u0131ld\u0131k. Bu \u015firketleri bu kapsamda denetleme yetkimiz bulunmaktad\u0131r.<br>Ad\u0131n\u0131z\u0131, e-posta adresinizi ve (belirtilmi\u015fse) telefon numaran\u0131z\u0131, kursun haz\u0131rlanmas\u0131 ve y\u00fcr\u00fct\u00fclmesi i\u00e7in ilgili kurs e\u011fitmenine aktar\u0131r\u0131z. Bu, de\u011fi\u015fiklik durumlar\u0131nda ileti\u015fim kurulmas\u0131n\u0131 da kapsar. Ayr\u0131ca eyalet fonlu kurslar ve \u0130\u015f Kurumu taraf\u0131ndan desteklenen kurslarda yetkililere bilgi aktar\u0131m\u0131 gerekli olabilir. Bu aktar\u0131mlar yasal y\u00fck\u00fcml\u00fcl\u00fc\u011fe dayan\u0131r.<br>Bir \u00f6deme konusunda temerr\u00fcde d\u00fc\u015ft\u00fc\u011f\u00fcn\u00fczde, verilerinizi (ad, adres, do\u011fum y\u0131l\u0131) alaca\u011f\u0131n tahsili i\u00e7in me\u015fru menfaat olarak bir tahsilat hizmet sa\u011flay\u0131c\u0131s\u0131na aktarma hakk\u0131n\u0131 sakl\u0131 tutar\u0131z.      <\/p>\n\n\n\n<h3 class=\"wp-block-heading\">11. Veri G\u00fcvenli\u011fi ve Veri Koruma<\/h3>\n\n\n\n<p>Ki\u015fisel verilerinizi kay\u0131p ve k\u00f6t\u00fcye kullan\u0131mdan korumak i\u00e7in gerekli t\u00fcm teknik ve organizasyonel g\u00fcvenlik \u00f6nlemlerini al\u0131r\u0131z. Verileriniz halka a\u00e7\u0131k olmayan g\u00fcvenli bir i\u015fletim ortam\u0131nda saklan\u0131r.<br>Bir kurs veya seyahat i\u00e7in kayd\u0131n\u0131z s\u0131ras\u0131nda ki\u015fisel verileriniz \u015fifreli olarak aktar\u0131l\u0131r.<br>Bunun i\u00e7in \u00f6zellikle SSL (Secure Socket Layer) \u015fifreleme teknolojisini kullan\u0131r\u0131z.<br>E-posta ile ileti\u015fimde tam gizlilik ve veri g\u00fcvenli\u011finin garanti edilemedi\u011fini l\u00fctfen dikkate al\u0131n. Bu nedenle gizli bilgiler i\u00e7in posta yolunu \u00f6neriyiz. Kullan\u0131c\u0131lar i\u00e7in g\u00fcvenli ve g\u00fcvenilir bir web sitesi olu\u015fturmaya \u00e7al\u0131\u015fsak da, \u00fc\u00e7\u00fcnc\u00fc taraflar\u0131n eri\u015fiminin tamamen engellenemeyece\u011fini l\u00fctfen g\u00f6z \u00f6n\u00fcnde bulundurun.   <\/p>\n\n\n\n<h3 class=\"wp-block-heading\">12. Haklar\u0131n\u0131z (Bilgi, D\u00fczeltme, Engelleme, Silme, \u0130tiraz, Geri Alma, Aktar\u0131m, \u015eikayet)<\/h3>\n\n\n\n<p>Hangi verilerinizin bizde sakland\u0131\u011f\u0131 ve saklama amac\u0131n\u0131n ne oldu\u011fu hakk\u0131nda her zaman \u00fccretsiz bilgi alma hakk\u0131n\u0131z vard\u0131r. Ayr\u0131ca veri i\u015flemlerine itiraz edebilirsiniz. Verilerinizi bizim arac\u0131l\u0131\u011f\u0131m\u0131zla ba\u015fka birine aktartabilirsiniz. Bunun yan\u0131 s\u0131ra, yanl\u0131\u015f verileri d\u00fczeltme ve saklama hukuka ayk\u0131r\u0131 veya art\u0131k gerekli de\u011filse verileri engelleme veya silme hakk\u0131n\u0131z bulunmaktad\u0131r. Ayr\u0131ca verdi\u011finiz onaylar\u0131 gelecek i\u00e7in ge\u00e7erli olmak \u00fczere geri alma hakk\u0131n\u0131z vard\u0131r. \u0130lgili talebinizi Madde 1&#8217;de belirtilen ileti\u015fim bilgilerini kullanarak bize iletebilirsiniz.<br>Yukar\u0131da belirtilen haklara ek olarak, ayr\u0131ca temel olarak bir veri koruma denetim makam\u0131na \u015fikayette bulunma hakk\u0131n\u0131z vard\u0131r.      <\/p>\n\n\n\n<h3 class=\"wp-block-heading\">13. Veri Koruma \u0130leti\u015fim Bilgileri<\/h3>\n\n\n\n<p>\u0130leti\u015fim bilgileri: Geschwister-Scholl-Str. 10, 65197 Wiesbaden, verwaltung@klarenthal.org <\/p>\n\t\t\t\t\t\t\t\t<\/div>\n\t\t\t\t<\/div>\n\t\t\t\t\t<\/div>\n\t\t\t\t<\/div>\n\t\t\t\t<\/div>\n\t\t","protected":false},"excerpt":{"rendered":"<p>1. Datenschutz auf einen Blick Allgemeine Hinweise Die folgenden Hinweise geben einen einfachen &Uuml;berblick dar&uuml;ber, was mit Ihren personenbezogenen Daten passiert, wenn Sie diese Website besuchen. Personenbezogene Daten sind alle Daten, mit denen Sie pers&ouml;nlich identifiziert werden k&ouml;nnen. Ausf&uuml;hrliche Informationen zum Thema Datenschutz entnehmen Sie unserer unter diesem Text aufgef&uuml;hrten Datenschutzerkl&auml;rung. Datenerfassung auf dieser Website [&hellip;]<\/p>\n","protected":false},"author":2,"featured_media":0,"parent":0,"menu_order":0,"comment_status":"closed","ping_status":"closed","template":"","meta":{"_acf_changed":false,"footnotes":""},"categories":[],"tags":[],"folder":[12],"class_list":["post-8020","page","type-page","status-publish","hentry"],"acf":[],"yoast_head":"<!-- This site is optimized with the Yoast SEO plugin v27.5 - https:\/\/yoast.com\/product\/yoast-seo-wordpress\/ -->\n<title>Gizlilik - Volksbildungswerk Klarenthal e.V.<\/title>\n<meta name=\"description\" content=\"Gizlili\u011finizin korunmas\u0131 bizim i\u00e7in \u00f6nemlidir. Veri koruma ve ki\u015fisel verilerinizi nas\u0131l i\u015fledi\u011fimiz hakk\u0131nda daha fazla bilgi edinin.\" \/>\n<meta name=\"robots\" content=\"index, follow, max-snippet:-1, max-image-preview:large, max-video-preview:-1\" \/>\n<link rel=\"canonical\" href=\"https:\/\/www.klarenthal-vbw.de\/tr\/gizlilik\/\" \/>\n<meta property=\"og:locale\" content=\"tr_TR\" \/>\n<meta property=\"og:type\" content=\"article\" \/>\n<meta property=\"og:title\" content=\"Gizlilik - Volksbildungswerk Klarenthal e.V.\" \/>\n<meta property=\"og:description\" content=\"Gizlili\u011finizin korunmas\u0131 bizim i\u00e7in \u00f6nemlidir. Veri koruma ve ki\u015fisel verilerinizi nas\u0131l i\u015fledi\u011fimiz hakk\u0131nda daha fazla bilgi edinin.\" \/>\n<meta property=\"og:url\" content=\"https:\/\/www.klarenthal-vbw.de\/tr\/gizlilik\/\" \/>\n<meta property=\"og:site_name\" content=\"Volksbildungswerk Klarenthal e.V.\" \/>\n<meta property=\"article:modified_time\" content=\"2025-07-30T10:53:27+00:00\" \/>\n<meta name=\"twitter:card\" content=\"summary_large_image\" \/>\n<meta name=\"twitter:label1\" content=\"Tahmini okuma s\u00fcresi\" \/>\n\t<meta name=\"twitter:data1\" content=\"45 dakika\" \/>\n<script type=\"application\/ld+json\" class=\"yoast-schema-graph\">{\"@context\":\"https:\\\/\\\/schema.org\",\"@graph\":[{\"@type\":\"WebPage\",\"@id\":\"https:\\\/\\\/www.klarenthal-vbw.de\\\/tr\\\/gizlilik\\\/\",\"url\":\"https:\\\/\\\/www.klarenthal-vbw.de\\\/tr\\\/gizlilik\\\/\",\"name\":\"Gizlilik - Volksbildungswerk Klarenthal e.V.\",\"isPartOf\":{\"@id\":\"https:\\\/\\\/www.klarenthal-vbw.de\\\/tr\\\/#website\"},\"datePublished\":\"2018-01-11T14:25:24+00:00\",\"dateModified\":\"2025-07-30T10:53:27+00:00\",\"description\":\"Gizlili\u011finizin korunmas\u0131 bizim i\u00e7in \u00f6nemlidir. Veri koruma ve ki\u015fisel verilerinizi nas\u0131l i\u015fledi\u011fimiz hakk\u0131nda daha fazla bilgi edinin.\",\"breadcrumb\":{\"@id\":\"https:\\\/\\\/www.klarenthal-vbw.de\\\/tr\\\/gizlilik\\\/#breadcrumb\"},\"inLanguage\":\"tr\",\"potentialAction\":[{\"@type\":\"ReadAction\",\"target\":[\"https:\\\/\\\/www.klarenthal-vbw.de\\\/tr\\\/gizlilik\\\/\"]}]},{\"@type\":\"BreadcrumbList\",\"@id\":\"https:\\\/\\\/www.klarenthal-vbw.de\\\/tr\\\/gizlilik\\\/#breadcrumb\",\"itemListElement\":[{\"@type\":\"ListItem\",\"position\":1,\"name\":\"Startseite\",\"item\":\"https:\\\/\\\/www.klarenthal-vbw.de\\\/tr\\\/\"},{\"@type\":\"ListItem\",\"position\":2,\"name\":\"Gizlilik\"}]},{\"@type\":\"WebSite\",\"@id\":\"https:\\\/\\\/www.klarenthal-vbw.de\\\/tr\\\/#website\",\"url\":\"https:\\\/\\\/www.klarenthal-vbw.de\\\/tr\\\/\",\"name\":\"Volksbildungswerk Klarenthal e.V.\",\"description\":\"Chancen. Bildung. Perspektiven\",\"publisher\":{\"@id\":\"https:\\\/\\\/www.klarenthal-vbw.de\\\/tr\\\/#organization\"},\"potentialAction\":[{\"@type\":\"SearchAction\",\"target\":{\"@type\":\"EntryPoint\",\"urlTemplate\":\"https:\\\/\\\/www.klarenthal-vbw.de\\\/tr\\\/?s={search_term_string}\"},\"query-input\":{\"@type\":\"PropertyValueSpecification\",\"valueRequired\":true,\"valueName\":\"search_term_string\"}}],\"inLanguage\":\"tr\"},{\"@type\":\"Organization\",\"@id\":\"https:\\\/\\\/www.klarenthal-vbw.de\\\/tr\\\/#organization\",\"name\":\"Volksbildungswerk Klarenthal e.V.\",\"url\":\"https:\\\/\\\/www.klarenthal-vbw.de\\\/tr\\\/\",\"logo\":{\"@type\":\"ImageObject\",\"inLanguage\":\"tr\",\"@id\":\"https:\\\/\\\/www.klarenthal-vbw.de\\\/tr\\\/#\\\/schema\\\/logo\\\/image\\\/\",\"url\":\"https:\\\/\\\/www.klarenthal-vbw.de\\\/wp-content\\\/uploads\\\/2025\\\/02\\\/logo.svg\",\"contentUrl\":\"https:\\\/\\\/www.klarenthal-vbw.de\\\/wp-content\\\/uploads\\\/2025\\\/02\\\/logo.svg\",\"caption\":\"Volksbildungswerk Klarenthal e.V.\"},\"image\":{\"@id\":\"https:\\\/\\\/www.klarenthal-vbw.de\\\/tr\\\/#\\\/schema\\\/logo\\\/image\\\/\"}}]}<\/script>\n<!-- \/ Yoast SEO plugin. -->","yoast_head_json":{"title":"Gizlilik - Volksbildungswerk Klarenthal e.V.","description":"Gizlili\u011finizin korunmas\u0131 bizim i\u00e7in \u00f6nemlidir. Veri koruma ve ki\u015fisel verilerinizi nas\u0131l i\u015fledi\u011fimiz hakk\u0131nda daha fazla bilgi edinin.","robots":{"index":"index","follow":"follow","max-snippet":"max-snippet:-1","max-image-preview":"max-image-preview:large","max-video-preview":"max-video-preview:-1"},"canonical":"https:\/\/www.klarenthal-vbw.de\/tr\/gizlilik\/","og_locale":"tr_TR","og_type":"article","og_title":"Gizlilik - Volksbildungswerk Klarenthal e.V.","og_description":"Gizlili\u011finizin korunmas\u0131 bizim i\u00e7in \u00f6nemlidir. Veri koruma ve ki\u015fisel verilerinizi nas\u0131l i\u015fledi\u011fimiz hakk\u0131nda daha fazla bilgi edinin.","og_url":"https:\/\/www.klarenthal-vbw.de\/tr\/gizlilik\/","og_site_name":"Volksbildungswerk Klarenthal e.V.","article_modified_time":"2025-07-30T10:53:27+00:00","twitter_card":"summary_large_image","twitter_misc":{"Tahmini okuma s\u00fcresi":"45 dakika"},"schema":{"@context":"https:\/\/schema.org","@graph":[{"@type":"WebPage","@id":"https:\/\/www.klarenthal-vbw.de\/tr\/gizlilik\/","url":"https:\/\/www.klarenthal-vbw.de\/tr\/gizlilik\/","name":"Gizlilik - Volksbildungswerk Klarenthal e.V.","isPartOf":{"@id":"https:\/\/www.klarenthal-vbw.de\/tr\/#website"},"datePublished":"2018-01-11T14:25:24+00:00","dateModified":"2025-07-30T10:53:27+00:00","description":"Gizlili\u011finizin korunmas\u0131 bizim i\u00e7in \u00f6nemlidir. Veri koruma ve ki\u015fisel verilerinizi nas\u0131l i\u015fledi\u011fimiz hakk\u0131nda daha fazla bilgi edinin.","breadcrumb":{"@id":"https:\/\/www.klarenthal-vbw.de\/tr\/gizlilik\/#breadcrumb"},"inLanguage":"tr","potentialAction":[{"@type":"ReadAction","target":["https:\/\/www.klarenthal-vbw.de\/tr\/gizlilik\/"]}]},{"@type":"BreadcrumbList","@id":"https:\/\/www.klarenthal-vbw.de\/tr\/gizlilik\/#breadcrumb","itemListElement":[{"@type":"ListItem","position":1,"name":"Startseite","item":"https:\/\/www.klarenthal-vbw.de\/tr\/"},{"@type":"ListItem","position":2,"name":"Gizlilik"}]},{"@type":"WebSite","@id":"https:\/\/www.klarenthal-vbw.de\/tr\/#website","url":"https:\/\/www.klarenthal-vbw.de\/tr\/","name":"Volksbildungswerk Klarenthal e.V.","description":"Chancen. Bildung. Perspektiven","publisher":{"@id":"https:\/\/www.klarenthal-vbw.de\/tr\/#organization"},"potentialAction":[{"@type":"SearchAction","target":{"@type":"EntryPoint","urlTemplate":"https:\/\/www.klarenthal-vbw.de\/tr\/?s={search_term_string}"},"query-input":{"@type":"PropertyValueSpecification","valueRequired":true,"valueName":"search_term_string"}}],"inLanguage":"tr"},{"@type":"Organization","@id":"https:\/\/www.klarenthal-vbw.de\/tr\/#organization","name":"Volksbildungswerk Klarenthal e.V.","url":"https:\/\/www.klarenthal-vbw.de\/tr\/","logo":{"@type":"ImageObject","inLanguage":"tr","@id":"https:\/\/www.klarenthal-vbw.de\/tr\/#\/schema\/logo\/image\/","url":"https:\/\/www.klarenthal-vbw.de\/wp-content\/uploads\/2025\/02\/logo.svg","contentUrl":"https:\/\/www.klarenthal-vbw.de\/wp-content\/uploads\/2025\/02\/logo.svg","caption":"Volksbildungswerk Klarenthal e.V."},"image":{"@id":"https:\/\/www.klarenthal-vbw.de\/tr\/#\/schema\/logo\/image\/"}}]}},"_links":{"self":[{"href":"https:\/\/www.klarenthal-vbw.de\/tr\/wp-json\/wp\/v2\/pages\/8020","targetHints":{"allow":["GET"]}}],"collection":[{"href":"https:\/\/www.klarenthal-vbw.de\/tr\/wp-json\/wp\/v2\/pages"}],"about":[{"href":"https:\/\/www.klarenthal-vbw.de\/tr\/wp-json\/wp\/v2\/types\/page"}],"author":[{"embeddable":true,"href":"https:\/\/www.klarenthal-vbw.de\/tr\/wp-json\/wp\/v2\/users\/2"}],"replies":[{"embeddable":true,"href":"https:\/\/www.klarenthal-vbw.de\/tr\/wp-json\/wp\/v2\/comments?post=8020"}],"version-history":[{"count":0,"href":"https:\/\/www.klarenthal-vbw.de\/tr\/wp-json\/wp\/v2\/pages\/8020\/revisions"}],"wp:attachment":[{"href":"https:\/\/www.klarenthal-vbw.de\/tr\/wp-json\/wp\/v2\/media?parent=8020"}],"wp:term":[{"taxonomy":"category","embeddable":true,"href":"https:\/\/www.klarenthal-vbw.de\/tr\/wp-json\/wp\/v2\/categories?post=8020"},{"taxonomy":"post_tag","embeddable":true,"href":"https:\/\/www.klarenthal-vbw.de\/tr\/wp-json\/wp\/v2\/tags?post=8020"},{"taxonomy":"folder","embeddable":true,"href":"https:\/\/www.klarenthal-vbw.de\/tr\/wp-json\/wp\/v2\/folder?post=8020"}],"curies":[{"name":"wp","href":"https:\/\/api.w.org\/{rel}","templated":true}]}}