{"id":8146,"date":"2025-04-15T20:33:49","date_gmt":"2025-04-15T18:33:49","guid":{"rendered":"https:\/\/vbw.entwicklung-mediengewerk.de\/erisilebilirlik-beyani\/"},"modified":"2025-07-31T15:48:15","modified_gmt":"2025-07-31T13:48:15","slug":"erisilebilirlik-beyani","status":"publish","type":"page","link":"https:\/\/www.klarenthal-vbw.de\/tr\/erisilebilirlik-beyani\/","title":{"rendered":"Eri\u015filebilirlik Beyan\u0131"},"content":{"rendered":"\n<h2 class=\"wp-block-heading\">Hizmetler \u0130\u00e7in Beyan<\/h2>\n\n<p>Eri\u015filebilirlik beyan\u0131m\u0131z kapsam\u0131nda, a\u015fa\u011f\u0131da a\u00e7\u0131klanan hizmet(ler)in yasal d\u00fczenlemelere g\u00f6re eri\u015filebilirlik gereklilikleri (\u00f6zellikle Eri\u015filebilirlik G\u00fc\u00e7lendirme Yasas\u0131 \u2013 BFSG) ile uyumlulu\u011funun durumu hakk\u0131nda size genel bir bak\u0131\u015f sunmak istiyoruz.<\/p>\n\n<h3 class=\"wp-block-heading\">Hizmet Sa\u011flay\u0131c\u0131 Bilgileri<\/h3>\n\n<p>Volksbildungswerk Klarenthal e.V.<br\/>Geschwister-Scholl-Stra\u00dfe 10<br\/>65197 Wiesbaden<br\/>Hessen<\/p>\n\n<h3 class=\"wp-block-heading\">Hizmetin Genel A\u00e7\u0131klamas\u0131<\/h3>\n\n<p>Volksbildungswerk, 1970&#8217;den beri Klarenthal semtinde (ve k\u0131smen Dotzheim&#8217;da) geni\u015f bir e\u011fitim ve k\u00fclt\u00fcr program\u0131 sunmaktad\u0131r. Teklifimiz, yerel n\u00fcfusun ihtiya\u00e7lar\u0131na g\u00f6re haz\u0131rlanm\u0131\u015f genel s\u00fcrekli e\u011fitim, ya\u015fam boyu ve gayri resmi \u00f6\u011frenme ile semt odakl\u0131 sosyal k\u00fclt\u00fcr \u00e7al\u0131\u015fmalar\u0131n\u0131 kapsamaktad\u0131r. Klasik kurslar ve e\u011fitim gezilerinin yan\u0131 s\u0131ra ya\u015fl\u0131 evleri, semt merkezleri, okullar ve OkumaCafeler gibi kurumlardaki giri\u015fimleri de destekliyoruz. Bu kapsamda entegrasyon, kat\u0131l\u0131m, g\u00f6n\u00fcll\u00fcl\u00fck ve yoksulluk ile demografik de\u011fi\u015fim gibi toplumsal zorluklar gibi konulara odaklan\u0131yoruz. Tekliflerimiz t\u00fcm insanlara y\u00f6neliktir ve Wiesbaden&#8217;da olumlu semt geli\u015fimine aktif olarak katk\u0131da bulunmaktad\u0131r.    <\/p>\n\n<h3 class=\"wp-block-heading\">Hizmetin Y\u00fcr\u00fct\u00fclmesine \u0130li\u015fkin A\u00e7\u0131klamalar<\/h3>\n\n<p>Klarenthal&#8217;daki tesisimiz arac\u0131l\u0131\u011f\u0131yla ve yerel ortaklarla i\u015fbirli\u011fi halinde y\u0131lda yakla\u015f\u0131k 320 etkinlik d\u00fczenliyoruz &#8211; bunlar aras\u0131nda kurslar, e\u011fitim gezileri, konserler, sergiler ve di\u011fer e\u011fitim etkinlikleri bulunmaktad\u0131r. Uygulama, semt i\u00e7indeki \u00e7e\u015fitli lokasyonlarda yerinde ve okullar, huzurevleri ile di\u011fer sosyal kurumlarla i\u015fbirli\u011fi halinde ger\u00e7ekle\u015fmektedir. \u0130lgililer web sitemiz \u00fczerinden ve do\u011frudan yerinde tekliflere kay\u0131t olabilir ve kapsaml\u0131 dan\u0131\u015fmanl\u0131k alabilirler. Ayr\u0131ca Semt Konferans\u0131 gibi a\u011f etkinliklerini y\u00f6netiyor ve semtteki ileti\u015fim ve a\u011f olu\u015fturmay\u0131 desteklemek i\u00e7in i\u015fbirliklerde (\u00f6rne\u011fin konut sekt\u00f6r\u00fc ve Klarenthal K\u00fclt\u00fcr G\u00fcnleri \u00e7at\u0131 kurulu\u015fu ile) aktif rol al\u0131yoruz. Hizmetlerimizin finansman\u0131 kamu ve \u00f6zel destekler, ba\u011f\u0131\u015flar, \u00fccretler ve \u00fcyelik aidatlar\u0131 yoluyla sa\u011flanmaktad\u0131r.    <\/p>\n\n<h3 class=\"wp-block-heading\">Gerekliliklerle Uyumluluk Durumu<\/h3>\n\n<p>Yukar\u0131da belirtilen hizmet, Eri\u015filebilirlik G\u00fc\u00e7lendirme Yasas\u0131 (BFSG) ile k\u0131smen uyumludur.<\/p>\n\n<p>Hizmetin a\u015fa\u011f\u0131daki b\u00f6l\u00fcmleri\/i\u00e7erikleri\/i\u015flevleri eri\u015filebilir de\u011fildir:<\/p>\n\n<p>Seyahat ve bak\u0131m tekliflerimiz konusunda tam eri\u015filebilirlik garanti edemiyoruz. Yine de her zaman kapsay\u0131c\u0131 teklifler sunmaya \u00e7al\u0131\u015faca\u011f\u0131z. <\/p>\n\n<h3 class=\"wp-block-heading\">Eri\u015filebilirlik Beyan\u0131n\u0131n Haz\u0131rlanmas\u0131<\/h3>\n\n<p>Eri\u015filebilirlik beyan\u0131n\u0131n haz\u0131rlanma tarihi: 15.04.2025<br\/>Yukar\u0131da belirtilen hizmetlerin eri\u015filebilirlik gereklilikleri a\u00e7\u0131s\u0131ndan son kontrol tarihi: 15.04.25<\/p>\n\n<h3 class=\"wp-block-heading\">Eri\u015filebilirlik Durumunun De\u011ferlendirilmesi<\/h3>\n\n<p>Eri\u015filebilirlik durumunun de\u011ferlendirilmesi kendi \u00f6z de\u011ferlendirmemize dayanmaktad\u0131r.<\/p>\n\n<h3 class=\"wp-block-heading\">Geri Bildirim \u0130mkan\u0131 ve \u0130leti\u015fim Bilgileri<\/h3>\n\n<p>Adres:<br\/>Volksbildungswerk Klarenthal e.V.<br\/>Geschwister-Scholl-Stra\u00dfe 10<br\/>65197 Wiesbaden<\/p>\n\n<p>E-posta: <a href=\"mailto:info@klarenthal.org\">info@klarenthal.org<\/a><\/p>\n\n<p>Telefon: <a href=\"tel:+4961172437920\">0611-72437920<\/a><\/p>\n","protected":false},"excerpt":{"rendered":"<p>Hizmetler \u0130\u00e7in Beyan Eri\u015filebilirlik beyan\u0131m\u0131z kapsam\u0131nda, a\u015fa\u011f\u0131da a\u00e7\u0131klanan hizmet(ler)in yasal d\u00fczenlemelere g\u00f6re eri\u015filebilirlik gereklilikleri (\u00f6zellikle Eri\u015filebilirlik G\u00fc\u00e7lendirme Yasas\u0131 \u2013 BFSG) ile uyumlulu\u011funun durumu hakk\u0131nda size genel bir bak\u0131\u015f sunmak istiyoruz. Hizmet Sa\u011flay\u0131c\u0131 Bilgileri Volksbildungswerk Klarenthal e.V.Geschwister-Scholl-Stra\u00dfe 1065197 WiesbadenHessen Hizmetin Genel A\u00e7\u0131klamas\u0131 Volksbildungswerk, 1970&#8217;den beri Klarenthal semtinde (ve k\u0131smen Dotzheim&#8217;da) geni\u015f bir e\u011fitim ve k\u00fclt\u00fcr program\u0131 [&hellip;]<\/p>\n","protected":false},"author":8,"featured_media":0,"parent":0,"menu_order":0,"comment_status":"closed","ping_status":"closed","template":"","meta":{"_acf_changed":false,"footnotes":""},"categories":[],"tags":[],"folder":[12],"class_list":["post-8146","page","type-page","status-publish","hentry"],"acf":[],"yoast_head":"<!-- This site is optimized with the Yoast SEO plugin v27.5 - https:\/\/yoast.com\/product\/yoast-seo-wordpress\/ -->\n<title>Eri\u015filebilirlik Beyan\u0131 - Volksbildungswerk Klarenthal e.V.<\/title>\n<meta name=\"robots\" content=\"index, follow, max-snippet:-1, max-image-preview:large, max-video-preview:-1\" \/>\n<link rel=\"canonical\" href=\"https:\/\/www.klarenthal-vbw.de\/tr\/erisilebilirlik-beyani\/\" \/>\n<meta property=\"og:locale\" content=\"tr_TR\" \/>\n<meta property=\"og:type\" content=\"article\" \/>\n<meta property=\"og:title\" content=\"Eri\u015filebilirlik Beyan\u0131 - Volksbildungswerk Klarenthal e.V.\" \/>\n<meta property=\"og:description\" content=\"Hizmetler \u0130\u00e7in Beyan Eri\u015filebilirlik beyan\u0131m\u0131z kapsam\u0131nda, a\u015fa\u011f\u0131da a\u00e7\u0131klanan hizmet(ler)in yasal d\u00fczenlemelere g\u00f6re eri\u015filebilirlik gereklilikleri (\u00f6zellikle Eri\u015filebilirlik G\u00fc\u00e7lendirme Yasas\u0131 \u2013 BFSG) ile uyumlulu\u011funun durumu hakk\u0131nda size genel bir bak\u0131\u015f sunmak istiyoruz. Hizmet Sa\u011flay\u0131c\u0131 Bilgileri Volksbildungswerk Klarenthal e.V.Geschwister-Scholl-Stra\u00dfe 1065197 WiesbadenHessen Hizmetin Genel A\u00e7\u0131klamas\u0131 Volksbildungswerk, 1970&#8217;den beri Klarenthal semtinde (ve k\u0131smen Dotzheim&#8217;da) geni\u015f bir e\u011fitim ve k\u00fclt\u00fcr program\u0131 [&hellip;]\" \/>\n<meta property=\"og:url\" content=\"https:\/\/www.klarenthal-vbw.de\/tr\/erisilebilirlik-beyani\/\" \/>\n<meta property=\"og:site_name\" content=\"Volksbildungswerk Klarenthal e.V.\" \/>\n<meta property=\"article:modified_time\" content=\"2025-07-31T13:48:15+00:00\" \/>\n<meta name=\"twitter:card\" content=\"summary_large_image\" \/>\n<meta name=\"twitter:label1\" content=\"Tahmini okuma s\u00fcresi\" \/>\n\t<meta name=\"twitter:data1\" content=\"2 dakika\" \/>\n<script type=\"application\/ld+json\" class=\"yoast-schema-graph\">{\"@context\":\"https:\\\/\\\/schema.org\",\"@graph\":[{\"@type\":\"WebPage\",\"@id\":\"https:\\\/\\\/www.klarenthal-vbw.de\\\/tr\\\/erisilebilirlik-beyani\\\/\",\"url\":\"https:\\\/\\\/www.klarenthal-vbw.de\\\/tr\\\/erisilebilirlik-beyani\\\/\",\"name\":\"Eri\u015filebilirlik Beyan\u0131 - Volksbildungswerk Klarenthal e.V.\",\"isPartOf\":{\"@id\":\"https:\\\/\\\/www.klarenthal-vbw.de\\\/tr\\\/#website\"},\"datePublished\":\"2025-04-15T18:33:49+00:00\",\"dateModified\":\"2025-07-31T13:48:15+00:00\",\"breadcrumb\":{\"@id\":\"https:\\\/\\\/www.klarenthal-vbw.de\\\/tr\\\/erisilebilirlik-beyani\\\/#breadcrumb\"},\"inLanguage\":\"tr\",\"potentialAction\":[{\"@type\":\"ReadAction\",\"target\":[\"https:\\\/\\\/www.klarenthal-vbw.de\\\/tr\\\/erisilebilirlik-beyani\\\/\"]}]},{\"@type\":\"BreadcrumbList\",\"@id\":\"https:\\\/\\\/www.klarenthal-vbw.de\\\/tr\\\/erisilebilirlik-beyani\\\/#breadcrumb\",\"itemListElement\":[{\"@type\":\"ListItem\",\"position\":1,\"name\":\"Startseite\",\"item\":\"https:\\\/\\\/www.klarenthal-vbw.de\\\/tr\\\/\"},{\"@type\":\"ListItem\",\"position\":2,\"name\":\"Eri\u015filebilirlik Beyan\u0131\"}]},{\"@type\":\"WebSite\",\"@id\":\"https:\\\/\\\/www.klarenthal-vbw.de\\\/tr\\\/#website\",\"url\":\"https:\\\/\\\/www.klarenthal-vbw.de\\\/tr\\\/\",\"name\":\"Volksbildungswerk Klarenthal e.V.\",\"description\":\"Chancen. Bildung. Perspektiven\",\"publisher\":{\"@id\":\"https:\\\/\\\/www.klarenthal-vbw.de\\\/tr\\\/#organization\"},\"potentialAction\":[{\"@type\":\"SearchAction\",\"target\":{\"@type\":\"EntryPoint\",\"urlTemplate\":\"https:\\\/\\\/www.klarenthal-vbw.de\\\/tr\\\/?s={search_term_string}\"},\"query-input\":{\"@type\":\"PropertyValueSpecification\",\"valueRequired\":true,\"valueName\":\"search_term_string\"}}],\"inLanguage\":\"tr\"},{\"@type\":\"Organization\",\"@id\":\"https:\\\/\\\/www.klarenthal-vbw.de\\\/tr\\\/#organization\",\"name\":\"Volksbildungswerk Klarenthal e.V.\",\"url\":\"https:\\\/\\\/www.klarenthal-vbw.de\\\/tr\\\/\",\"logo\":{\"@type\":\"ImageObject\",\"inLanguage\":\"tr\",\"@id\":\"https:\\\/\\\/www.klarenthal-vbw.de\\\/tr\\\/#\\\/schema\\\/logo\\\/image\\\/\",\"url\":\"https:\\\/\\\/www.klarenthal-vbw.de\\\/wp-content\\\/uploads\\\/2025\\\/02\\\/logo.svg\",\"contentUrl\":\"https:\\\/\\\/www.klarenthal-vbw.de\\\/wp-content\\\/uploads\\\/2025\\\/02\\\/logo.svg\",\"caption\":\"Volksbildungswerk Klarenthal e.V.\"},\"image\":{\"@id\":\"https:\\\/\\\/www.klarenthal-vbw.de\\\/tr\\\/#\\\/schema\\\/logo\\\/image\\\/\"}}]}<\/script>\n<!-- \/ Yoast SEO plugin. -->","yoast_head_json":{"title":"Eri\u015filebilirlik Beyan\u0131 - Volksbildungswerk Klarenthal e.V.","robots":{"index":"index","follow":"follow","max-snippet":"max-snippet:-1","max-image-preview":"max-image-preview:large","max-video-preview":"max-video-preview:-1"},"canonical":"https:\/\/www.klarenthal-vbw.de\/tr\/erisilebilirlik-beyani\/","og_locale":"tr_TR","og_type":"article","og_title":"Eri\u015filebilirlik Beyan\u0131 - Volksbildungswerk Klarenthal e.V.","og_description":"Hizmetler \u0130\u00e7in Beyan Eri\u015filebilirlik beyan\u0131m\u0131z kapsam\u0131nda, a\u015fa\u011f\u0131da a\u00e7\u0131klanan hizmet(ler)in yasal d\u00fczenlemelere g\u00f6re eri\u015filebilirlik gereklilikleri (\u00f6zellikle Eri\u015filebilirlik G\u00fc\u00e7lendirme Yasas\u0131 \u2013 BFSG) ile uyumlulu\u011funun durumu hakk\u0131nda size genel bir bak\u0131\u015f sunmak istiyoruz. Hizmet Sa\u011flay\u0131c\u0131 Bilgileri Volksbildungswerk Klarenthal e.V.Geschwister-Scholl-Stra\u00dfe 1065197 WiesbadenHessen Hizmetin Genel A\u00e7\u0131klamas\u0131 Volksbildungswerk, 1970&#8217;den beri Klarenthal semtinde (ve k\u0131smen Dotzheim&#8217;da) geni\u015f bir e\u011fitim ve k\u00fclt\u00fcr program\u0131 [&hellip;]","og_url":"https:\/\/www.klarenthal-vbw.de\/tr\/erisilebilirlik-beyani\/","og_site_name":"Volksbildungswerk Klarenthal e.V.","article_modified_time":"2025-07-31T13:48:15+00:00","twitter_card":"summary_large_image","twitter_misc":{"Tahmini okuma s\u00fcresi":"2 dakika"},"schema":{"@context":"https:\/\/schema.org","@graph":[{"@type":"WebPage","@id":"https:\/\/www.klarenthal-vbw.de\/tr\/erisilebilirlik-beyani\/","url":"https:\/\/www.klarenthal-vbw.de\/tr\/erisilebilirlik-beyani\/","name":"Eri\u015filebilirlik Beyan\u0131 - Volksbildungswerk Klarenthal e.V.","isPartOf":{"@id":"https:\/\/www.klarenthal-vbw.de\/tr\/#website"},"datePublished":"2025-04-15T18:33:49+00:00","dateModified":"2025-07-31T13:48:15+00:00","breadcrumb":{"@id":"https:\/\/www.klarenthal-vbw.de\/tr\/erisilebilirlik-beyani\/#breadcrumb"},"inLanguage":"tr","potentialAction":[{"@type":"ReadAction","target":["https:\/\/www.klarenthal-vbw.de\/tr\/erisilebilirlik-beyani\/"]}]},{"@type":"BreadcrumbList","@id":"https:\/\/www.klarenthal-vbw.de\/tr\/erisilebilirlik-beyani\/#breadcrumb","itemListElement":[{"@type":"ListItem","position":1,"name":"Startseite","item":"https:\/\/www.klarenthal-vbw.de\/tr\/"},{"@type":"ListItem","position":2,"name":"Eri\u015filebilirlik Beyan\u0131"}]},{"@type":"WebSite","@id":"https:\/\/www.klarenthal-vbw.de\/tr\/#website","url":"https:\/\/www.klarenthal-vbw.de\/tr\/","name":"Volksbildungswerk Klarenthal e.V.","description":"Chancen. Bildung. Perspektiven","publisher":{"@id":"https:\/\/www.klarenthal-vbw.de\/tr\/#organization"},"potentialAction":[{"@type":"SearchAction","target":{"@type":"EntryPoint","urlTemplate":"https:\/\/www.klarenthal-vbw.de\/tr\/?s={search_term_string}"},"query-input":{"@type":"PropertyValueSpecification","valueRequired":true,"valueName":"search_term_string"}}],"inLanguage":"tr"},{"@type":"Organization","@id":"https:\/\/www.klarenthal-vbw.de\/tr\/#organization","name":"Volksbildungswerk Klarenthal e.V.","url":"https:\/\/www.klarenthal-vbw.de\/tr\/","logo":{"@type":"ImageObject","inLanguage":"tr","@id":"https:\/\/www.klarenthal-vbw.de\/tr\/#\/schema\/logo\/image\/","url":"https:\/\/www.klarenthal-vbw.de\/wp-content\/uploads\/2025\/02\/logo.svg","contentUrl":"https:\/\/www.klarenthal-vbw.de\/wp-content\/uploads\/2025\/02\/logo.svg","caption":"Volksbildungswerk Klarenthal e.V."},"image":{"@id":"https:\/\/www.klarenthal-vbw.de\/tr\/#\/schema\/logo\/image\/"}}]}},"_links":{"self":[{"href":"https:\/\/www.klarenthal-vbw.de\/tr\/wp-json\/wp\/v2\/pages\/8146","targetHints":{"allow":["GET"]}}],"collection":[{"href":"https:\/\/www.klarenthal-vbw.de\/tr\/wp-json\/wp\/v2\/pages"}],"about":[{"href":"https:\/\/www.klarenthal-vbw.de\/tr\/wp-json\/wp\/v2\/types\/page"}],"author":[{"embeddable":true,"href":"https:\/\/www.klarenthal-vbw.de\/tr\/wp-json\/wp\/v2\/users\/8"}],"replies":[{"embeddable":true,"href":"https:\/\/www.klarenthal-vbw.de\/tr\/wp-json\/wp\/v2\/comments?post=8146"}],"version-history":[{"count":2,"href":"https:\/\/www.klarenthal-vbw.de\/tr\/wp-json\/wp\/v2\/pages\/8146\/revisions"}],"predecessor-version":[{"id":8329,"href":"https:\/\/www.klarenthal-vbw.de\/tr\/wp-json\/wp\/v2\/pages\/8146\/revisions\/8329"}],"wp:attachment":[{"href":"https:\/\/www.klarenthal-vbw.de\/tr\/wp-json\/wp\/v2\/media?parent=8146"}],"wp:term":[{"taxonomy":"category","embeddable":true,"href":"https:\/\/www.klarenthal-vbw.de\/tr\/wp-json\/wp\/v2\/categories?post=8146"},{"taxonomy":"post_tag","embeddable":true,"href":"https:\/\/www.klarenthal-vbw.de\/tr\/wp-json\/wp\/v2\/tags?post=8146"},{"taxonomy":"folder","embeddable":true,"href":"https:\/\/www.klarenthal-vbw.de\/tr\/wp-json\/wp\/v2\/folder?post=8146"}],"curies":[{"name":"wp","href":"https:\/\/api.w.org\/{rel}","templated":true}]}}